{"id":75,"date":"2016-04-04T17:38:47","date_gmt":"2016-04-04T16:38:47","guid":{"rendered":"http:\/\/asvpnf.com\/?page_id=75"},"modified":"2018-11-09T12:12:10","modified_gmt":"2018-11-09T11:12:10","slug":"preserver-puis-sauvegarder","status":"publish","type":"page","link":"https:\/\/asvpnf.com\/index.php\/preserver-puis-sauvegarder\/","title":{"rendered":"SAUVEGARDER &#038; VALORISER"},"content":{"rendered":"<div id=\"pl-75\"  class=\"panel-layout\" ><div id=\"pg-75-0\"  class=\"panel-grid panel-has-style\" ><div class=\"siteorigin-panels-stretch panel-row-style panel-row-style-for-75-0\" data-stretch-type=\"full-stretched\" ><div id=\"pgc-75-0-0\"  class=\"panel-grid-cell panel-grid-cell-empty\" ><\/div><div id=\"pgc-75-0-1\"  class=\"panel-grid-cell\" ><div id=\"panel-75-0-1-0\" class=\"so-panel widget widget_ink-blog panel-first-child panel-last-child\" data-index=\"0\" ><div class=\"so-widget-ink-blog so-widget-ink-blog-thumb-none-c970013faefc\">\n\n\n\t<div class=\"iw-so-blog\">\n\n\t\t<div id=\"my-ajax-blog-widget\">\n\n\t\t\t<div class=\"iw-so-blog-container\">\n\n\t\t\t\t\n\t\t\t\t\t<div class=\"iw-so-article iw-so-no-thumb iw-so-blog-one-column iw-so-last-col\">\n\n\t\t\t\t\t\t<div class=\"iw-so-article-content\">\n\n\t\t\t\t\t\t\t\n\t\t\t\t\t\t\t\n\t\t\t\t\t\t\t<h3 class=\"iw-so-article-title iw-text-left\">\n\t\t\t\t\t\t\t\t\t\t\t\t\t\t\t\t\tPour une Ecole gratuite, obligatoire,la\u00efque et souveraine  \u00e0 l\u2019\u00e2ge de l\u2019intelligence artificielle\t\t\t\t\t\t\t\t\t\t\t\t\t\t\t<\/h3>\n\n\t\t\t\t\t\t\t\n\t\t\t\t\t\t\t\n\t\t\t\t\t\t\t\t<div class=\"iw-so-article-full\">\n\t\t\t\t\t\t\t\t\t<p class=\"x_ydp652ebd7ayiv7047425108ydpa1604b7fMsoNormal\"><span style=\"font-family: arial, helvetica, sans-serif;font-size: 14pt\" data-olk-copy-source=\"MessageBody\">C\u2019est \u00e0\u00a0 la suite de l\u2019article document\u00e9 sur l\u2019irruption de l\u2019 intelligence artificielle (IA) dans notre syst\u00e8me \u00e9ducatif de Marc Crouzel- r\u00e9cemment mis en ligne dans<i> Mezetulle-<\/i> que l\u2019<i>ASVPNF <\/i>prend l\u2019initiative de faire conna\u00eetre son point de vue sur ce qu\u2019elle assimile \u00e0 une v\u00e9ritable \u00a0r\u00e9volution. Elle intervient tant au plan des principes fondateurs de l\u2019Instruction et de l\u2019Education qu\u2019\u00e0 celui des pratiques p\u00e9dagogiques.\u00a0 Ne pas la nommer pour le reconna\u00eetre rel\u00e8verait d\u2019un combat d\u2019arri\u00e8re-garde perdu d\u2019avance et fatal pour l\u2019Ecole. Il s\u2019agit d\u2019en \u00a0tirer le meilleur tout en sauvegardant les acquis ant\u00e9rieurs des fondateurs de l\u2019Ecole publique. <\/span><\/p>\n<p class=\"x_ydp652ebd7ayiv7047425108ydpa1604b7fMsoNormal\"><span style=\"font-family: arial, helvetica, sans-serif;font-size: 14pt\">Dans le contexte on dira sans ambages qu\u2019il s\u2019agit d\u2019un enjeu majeur pour l\u2019\u00e9ch\u00e9ance pr\u00e9sidentielle de 2027 . Encore faut-il s\u2019entendre sur ce dont il s\u2019agit\u00a0!<\/span><\/p>\n<p class=\"x_ydp652ebd7ayiv7047425108ydpa1604b7fMsoNormal\"><span style=\"font-family: arial, helvetica, sans-serif;font-size: 14pt\">Il s\u2019agit d\u2019un v\u00e9ritable plan strat\u00e9gique qui \u00a0d\u00e9passe le cadre d\u2019une simple modernisation technique ou d&rsquo;un am\u00e9nagement de programme scolaire. Il s&rsquo;agit d&rsquo;un v\u00e9ritable projet de r\u00e9volution culturelle.<\/span><\/p>\n<p class=\"x_ydp652ebd7ayiv7047425108ydpa1604b7fMsoNormal\"><span style=\"font-family: arial, helvetica, sans-serif;font-size: 14pt\">En red\u00e9finissant la mani\u00e8re dont les connaissances sont transmises, v\u00e9rifi\u00e9es et assimil\u00e9es, l&rsquo;intelligence artificielle bouscule les fondements m\u00eames de l&rsquo;\u00e9cole r\u00e9publicaine. Si elle est abandonn\u00e9e aux seules dynamiques du march\u00e9 priv\u00e9, elle aggravera de fa\u00e7on irr\u00e9versible les in\u00e9galit\u00e9s sociales et territoriales. Si elle est sanctuaris\u00e9e par l&rsquo;\u00c9tat comme un bien commun, elle peut devenir le plus puissant vecteur d&rsquo;\u00e9mancipation et d&rsquo;\u00e9galit\u00e9 des chances depuis les lois de Jules Ferry.<\/span><\/p>\n<p class=\"x_ydp652ebd7ayiv7047425108ydpa1604b7fMsoNormal\"><span style=\"font-family: arial, helvetica, sans-serif;font-size: 14pt\">Parce qu&rsquo;il touche \u00e0 la souverainet\u00e9 technologique de la nation, \u00e0 la protection de l&rsquo;enfance, au budget des collectivit\u00e9s et \u00e0 l&rsquo;avenir de notre mod\u00e8le social, ce choix de soci\u00e9t\u00e9 rev\u00eat une dimension politique fondamentale. \u00c0 ce titre, la gouvernance de l&rsquo;IA \u00e9ducative et le financement de la justice num\u00e9rique devront s&rsquo;imposer comme un enjeu majeur et clivant du d\u00e9bat de la prochaine \u00e9lection pr\u00e9sidentielle de 2027. Il appartiendra aux candidats de trancher : voulons-nous une \u00e9cole qui subit l&rsquo;IA algorithmique des g\u00e9ants priv\u00e9s, ou une R\u00e9publique qui d\u00e9ploie sa propre IA pour s&rsquo;assurer qu&rsquo;aucun enfant ne soit laiss\u00e9 au bord du chemin ? Pour l\u2019instant il s\u2019agit ici de contribuer \u00e0 l\u2019ouverture du d\u00e9bat.<\/span><\/p>\n<p class=\"x_ydp652ebd7ayiv7047425108ydpa1604b7fMsoNormal\"><span style=\"font-family: arial, helvetica, sans-serif;font-size: 14pt\">Les visiteurs pourront d\u2019abord prendre connaissance\u00a0 du <span style=\"font-size: 18pt\"><strong><a href=\"http:\/\/asvpnf.com\/wp-content\/uploads\/2026\/08\/FICHIER-1-IA-vs-SYSTEMES-EDUCATIFS.pdf\" target=\"_blank\" rel=\"noopener\">FICHIER 1 <\/a><\/strong><\/span> d\u00e9volu \u00e0 l\u2019article r\u00e9v\u00e9lateur de <b><i>Maxime\u00a0 Cruzel <\/i><\/b>qui suscite chez <i>Catherine Kintzler<\/i> ce propos qui devrait faire date dans l\u2019ensemble du monde \u00e9ducatif \u00ab\u00a0<i>Les comp\u00e9tences ne pr\u00e9c\u00e8dent pas les connaissances, elles en r\u00e9sultent. \u00c0 mesure que l\u2019IA se d\u00e9veloppe et qu\u2019elle change de nature, <b>il est urgent d\u2019instruir<\/b><\/i><b><i>e<\/i><\/b><i>\u00a0\u00bb<\/i><\/span><\/p>\n<p class=\"x_ydp652ebd7ayiv7047425108ydpa1604b7fMsoNormal\"><span style=\"font-family: arial, helvetica, sans-serif;font-size: 14pt\"><i>\u00a0Il<\/i>s pourront \u00a0ensuite consulter :<\/span><\/p>\n<div><span style=\"font-family: arial, helvetica, sans-serif;font-size: 14pt\">\u00a0-Le <span style=\"font-size: 18pt\"><strong><a href=\"http:\/\/asvpnf.com\/wp-content\/uploads\/2026\/08\/Fichier-2-2027-B-31.pdf\" target=\"_blank\" rel=\"noopener\">Fichier 2<\/a><\/strong><\/span> rapportant \u00a0la recension approfondie de cet article,<\/span><\/div>\n<div><\/div>\n<div><span style=\"font-family: arial, helvetica, sans-serif;font-size: 14pt\">&#8211; Le <span style=\"font-size: 18pt\"><b><a href=\"http:\/\/asvpnf.com\/wp-content\/uploads\/2026\/08\/Fichier-3-2026-B-31.pdf\" target=\"_blank\" rel=\"noopener\">Fichier 3<\/a> <\/b><\/span>d\u00e9taillant les termes d\u2019 \u00a0un avant-projet de loi visant \u00e0 promouvoir l\u2019adoption raisonn\u00e9e\u00a0 de l\u2019IA dans le syst\u00e8me \u00e9ducatif.<\/span><\/div>\n<p class=\"x_ydp652ebd7ayiv7047425108ydpa1604b7fMsoNormal\"><span style=\"font-family: arial, helvetica, sans-serif;font-size: 14pt\">Au total et non au final car le sujet est complexe pour le citoyen ordinaire\u00a0 \u00ab\u00a0harcel\u00e9\u00a0\u00bb au quotidien par l\u2019irruption de l\u2019intelligence artificielle\u00a0 dans tous les domaines sans exception,on retiendra\u00a0 qu\u2019il est urgent de construire un plan d&rsquo;action \u00e0 la fois r\u00e9aliste, chiffr\u00e9 et profond\u00e9ment ancr\u00e9 dans les valeurs de notre contrat social pour l\u2019adoption intelligente de l\u2019IA \u00e0 l\u2019Ecole. L\u2019 avenir de celle-ci comme celui de nos\u00a0 autres institutions face \u00e0 l&rsquo;explosion technologique se joue d\u00e8s aujourd&rsquo;hui. Seules \u00a0des r\u00e9flexions de fond abord\u00e9es avec toute la probit\u00e9 n\u00e9cessaire \u00a0permettront d&rsquo;\u00e9viter les d\u00e9rives et de transformer ces d\u00e9fis en vecteurs de progr\u00e8s.<\/span><\/p>\n<p class=\"x_ydp652ebd7ayiv7047425108ydpa1604b7fMsoNormal\"><span style=\"font-family: arial, helvetica, sans-serif;font-size: 14pt\">Que <b><i>Catherine\u00a0 Kintzler<\/i><\/b> soit cordialement remerci\u00e9e de nous avoir permis d\u2019 emprunter l\u2019article de <b><i>Maxime\u00a0 Cruzel<\/i><\/b> \u00e0 <b><i>Mezetulle.<\/i><\/b><\/span><\/p>\n\t\t\t\t\t\t\t\t<\/div>\n\n\t\t\t\t\t\t\t\n\t\t\t\t\t\t\t\n\t\t\t\t\t\t\t\n\t\t\t\t\t\t<\/div>\n\n\t\t\t\t\t<\/div>\n\n\t\t\t\t\t\n\t\t\t\t\n\t\t\t\t\t<div class=\"iw-so-article iw-so-no-thumb iw-so-blog-one-column iw-so-last-col\">\n\n\t\t\t\t\t\t<div class=\"iw-so-article-content\">\n\n\t\t\t\t\t\t\t\n\t\t\t\t\t\t\t\n\t\t\t\t\t\t\t<h3 class=\"iw-so-article-title iw-text-left\">\n\t\t\t\t\t\t\t\t\t\t\t\t\t\t\t\t\tEglises, abus sexuels et discriminations au Royaume Uni\t\t\t\t\t\t\t\t\t\t\t\t\t\t\t<\/h3>\n\n\t\t\t\t\t\t\t\n\t\t\t\t\t\t\t\n\t\t\t\t\t\t\t\t<div class=\"iw-so-article-full\">\n\t\t\t\t\t\t\t\t\t<p class=\"x_ydp97f262a1yiv6695154200ydp481d7fe3yiv8124290174ydp15c09cc1yiv7979846272ydpb9c17424MsoNoSpacing\" align=\"center\"><b><\/b><span style=\"font-family: arial, helvetica, sans-serif;font-size: 18pt\"><b><i>Trois textes accablants<\/i><\/b><\/span><\/p>\n<p class=\"x_ydp97f262a1yiv6695154200ydp481d7fe3yiv8124290174ydp15c09cc1yiv7979846272ydpb9c17424MsoNoSpacing\">\n<p class=\"x_ydp97f262a1yiv6695154200ydp481d7fe3yiv8124290174ydp15c09cc1yiv7979846272ydpb9c17424MsoNoSpacing\"><span style=\"font-family: arial, helvetica, sans-serif;font-size: 14pt\">Sur le site <i>\u00ab\u00a0Entre les lignes, entre les mots<\/i>\u00a0\u00bb se trouvaient \u00a0r\u00e9cemment assembl\u00e9s trois articles venus d\u2019outre-Manche, traduits en Fran\u00e7ais et dont les contenus retenaient l\u2019attention \u00a0tant ils rapportaient-avec force d\u00e9tails- des d\u00e9rives et \u00a0m\u00e9faits de m\u00eame type que ceux qui se d\u00e9roulent en France\u2026 Nous les \u00a0d\u00e9non\u00e7ons \u00a0sans rel\u00e2che sur ce site. Les visiteurs pourront \u00a0consulter ces nouveaux t\u00e9moignages en cliquant sur\u00a0 <b><span style=\"font-size: 18pt\"><a href=\"http:\/\/asvpnf.com\/wp-content\/uploads\/2026\/08\/Eglisesabus-sexuels-et-discriminations.pdf\" target=\"_blank\" rel=\"noopener\">Fichier 1<\/a><\/span>.<\/b><\/span><\/p>\n<p class=\"x_ydp97f262a1yiv6695154200ydp481d7fe3yiv8124290174ydp15c09cc1yiv7979846272ydpb9c17424MsoNoSpacing\"><span style=\"font-family: arial, helvetica, sans-serif;font-size: 14pt\"><b>\u00a0<\/b>Compte tenu des similitudes troublantes observ\u00e9es, nous avons tent\u00e9 d\u2019en d\u00e9gager les d\u00e9terminants communs afin de mieux les combattre. A ce propos les visiteurs sont invit\u00e9s \u00e0 prendre connaissance du \u00a0<span style=\"font-size: 18pt\"><b><a href=\"http:\/\/asvpnf.com\/wp-content\/uploads\/2026\/08\/Turpitudes-emprise-et-ecole.pdf\" target=\"_blank\" rel=\"noopener\">Fichier 2<\/a> <\/b><\/span>intitul\u00e9\u00a0:<\/span><\/p>\n<p class=\"x_ydp97f262a1yiv6695154200ydp481d7fe3yiv8124290174ydp15c09cc1yiv7979846272ydpb9c17424MsoNoSpacing\" align=\"center\"><span style=\"font-family: arial, helvetica, sans-serif;font-size: 14pt\"><b><i>\u00a0<\/i><\/b><b><i>\u00ab\u00a0Turpitudes, emprise et \u00e9cole confessionnelle\u00a0\u00bb<\/i><\/b><\/span><\/p>\n<p class=\"x_ydp97f262a1yiv6695154200ydp481d7fe3yiv8124290174ydp15c09cc1yiv7979846272ydpb9c17424MsoNoSpacing\"><span style=\"font-family: arial, helvetica, sans-serif;font-size: 14pt\">Au terme de l\u2019\u00e9tude, une id\u00e9e pr\u00e9domine : qu\u2019il s\u2019agisse d\u2019un pays s\u00e9par\u00e9 de l\u2019\u00c9glise ou d\u2019un pays qui conserve une \u00c9glise \u00e9tablie, le cl\u00e9ricalisme prosp\u00e8re chaque fois qu\u2019une institution religieuse parvient \u00e0 s\u2019installer dans des zones de secret, d\u2019autorit\u00e9 et d\u2019influence soustraites au regard commun. Les textes r\u00e9unis ici montrent que les abus ne rel\u00e8vent pas seulement de fautes individuelles ; ils s\u2019inscrivent trop souvent dans des dispositifs qui prot\u00e8gent les auteurs, retardent la parole des victimes et font passer la r\u00e9putation des institutions avant la s\u00e9curit\u00e9 des plus vuln\u00e9rables.<\/span><\/p>\n<p class=\"x_ydp97f262a1yiv6695154200ydp481d7fe3yiv8124290174ydp15c09cc1yiv7979846272ydpb9c17424MsoNoSpacing\"><span style=\"font-family: arial, helvetica, sans-serif;font-size: 14pt\">Ce qui frappe d\u2019abord, c\u2019est la place occup\u00e9e par l\u2019enfance et par les groupes fragiles. L\u2019obligation de signalement sans exception religieuse, recommand\u00e9e par l\u2019IICSA, r\u00e9pond \u00e0 une exigence simple : <i>aucune confidentialit\u00e9 confessionnelle ne doit faire obstacle \u00e0 la protection d\u2019un mineur<\/i>. Les t\u00e9moignages venus d\u2019Irlande du Nord vont dans le m\u00eame sens, en montrant jusqu\u2019o\u00f9 peuvent aller l\u2019emprise, la violence et le silence institutionnel lorsque l\u2019autorit\u00e9 religieuse n\u2019est pas contr\u00f4l\u00e9e de l\u2019ext\u00e9rieur. Enfin, le dossier sur l\u2019\u00c9glise d\u2019Angleterre rappelle que l\u2019\u00e9cole confessionnelle, lorsqu\u2019elle est financ\u00e9e par l\u2019argent public, peut devenir un instrument de tri social et religieux plut\u00f4t qu\u2019un lieu d\u2019\u00e9galit\u00e9.<\/span><\/p>\n<p class=\"x_ydp97f262a1yiv6695154200ydp481d7fe3yiv8124290174ydp15c09cc1yiv7979846272ydpb9c17424MsoNoSpacing\"><span style=\"font-family: arial, helvetica, sans-serif;font-size: 14pt\">La conclusion s\u2019impose alors d\u2019elle-m\u00eame : <i>la s\u00e9paration des \u00c9glises et de l\u2019\u00c9tat demeure indispensable, mais elle ne suffit pas sans une vigilance la\u00efque concr\u00e8te, sans contr\u00f4le ind\u00e9pendant et sans \u00e9galit\u00e9 r\u00e9elle des droits<\/i>. La libert\u00e9 de conscience doit rester enti\u00e8re ; elle ne saurait toutefois servir de couverture \u00e0 l\u2019emprise, \u00e0 la discrimination ou au silence devant les abus.<\/span><\/p>\n\t\t\t\t\t\t\t\t<\/div>\n\n\t\t\t\t\t\t\t\n\t\t\t\t\t\t\t\n\t\t\t\t\t\t\t\n\t\t\t\t\t\t<\/div>\n\n\t\t\t\t\t<\/div>\n\n\t\t\t\t\t\n\t\t\t\t\n\t\t\t\t\t<div class=\"iw-so-article iw-so-no-thumb iw-so-blog-one-column iw-so-last-col\">\n\n\t\t\t\t\t\t<div class=\"iw-so-article-content\">\n\n\t\t\t\t\t\t\t\n\t\t\t\t\t\t\t\n\t\t\t\t\t\t\t<h3 class=\"iw-so-article-title iw-text-left\">\n\t\t\t\t\t\t\t\t\t\t\t\t\t\t\t\t\tQuand des paysans cornouaillais parlaient politique en breton\t\t\t\t\t\t\t\t\t\t\t\t\t\t\t<\/h3>\n\n\t\t\t\t\t\t\t\n\t\t\t\t\t\t\t\n\t\t\t\t\t\t\t\t<div class=\"iw-so-article-full\">\n\t\t\t\t\t\t\t\t\t<p class=\"x_ydp1a503196yiv4534887862ydpe65c55e3yiv3473687295ydpf77c983yiv8534695659ydp23301b8ayiv3828609231ydp5f321baamy-2\" align=\"center\"><span style=\"font-family: arial, helvetica, sans-serif;font-size: 18pt\"><strong>Un dialogue de 1887 dans <\/strong><em>Le Finist\u00e8re<\/em><\/span><\/p>\n<p class=\"x_ydp1a503196yiv4534887862ydpe65c55e3yiv3473687295ydpf77c983yiv8534695659ydp23301b8ayiv3828609231ydp5f321baamy-2\"><span style=\"font-family: arial, helvetica, sans-serif;font-size: 14pt\"><img align=\"left\" data-imagetype=\"Empty\" data-imageerror=\"SrcNullOrEmpty\" data-inlineimagemanipulating=\"true\" data-id=\"1787212967631\" \/>\u00a0\u00a0\u00a0\u00a0\u00a0\u00a0\u00a0\u00a0\u00a0\u00a0\u00a0\u00a0\u00a0\u00a0\u00a0\u00a0\u00a0\u00a0\u00a0\u00a0\u00a0\u00a0\u00a0\u00a0\u00a0\u00a0\u00a0\u00a0\u00a0\u00a0\u00a0\u00a0\u00a0\u00a0\u00a0\u00a0\u00a0\u00a0\u00a0\u00a0\u00a0\u00a0\u00a0\u00a0\u00a0\u00a0\u00a0\u00a0\u00a0\u00a0\u00a0\u00a0\u00a0\u00a0\u00a0\u00a0\u00a0\u00a0\u00a0\u00a0\u00a0\u00a0\u00a0\u00a0\u00a0\u00a0\u00a0\u00a0\u00a0\u00a0\u00a0\u00a0\u00a0\u00a0\u00a0\u00a0\u00a0\u00a0\u00a0\u00a0\u00a0\u00a0\u00a0\u00a0<\/span><\/p>\n<p class=\"x_ydp1a503196yiv4534887862ydpe65c55e3yiv3473687295ydpf77c983yiv8534695659ydp23301b8ayiv3828609231ydp5f321baamy-2\"><span style=\"font-family: arial, helvetica, sans-serif;font-size: 14pt\">En novembre 1887, <em>Le Finist\u00e8re<\/em> publie un dialogue en breton entre deux paysans qui jugent s\u00e9v\u00e8rement les d\u00e9put\u00e9s conservateurs et appellent \u00e0 voter pour les r\u00e9publicains mod\u00e9r\u00e9s. Ce texte, sign\u00e9 \u00ab Paolik ar Parkou \u00bb, illustre la strat\u00e9gie r\u00e9publicaine de la\u00efcisation par le breton.<\/span><\/p>\n<h2><span style=\"font-family: arial, helvetica, sans-serif;font-size: 14pt\">Un journal r\u00e9publicain \u00e0 Quimper<\/span><\/h2>\n<p class=\"x_ydp1a503196yiv4534887862ydpe65c55e3yiv3473687295ydpf77c983yiv8534695659ydp23301b8ayiv3828609231ydp5f321baamy-2\"><span style=\"font-family: arial, helvetica, sans-serif;font-size: 14pt\"><em>Le Finist\u00e8re<\/em> para\u00eet \u00e0 Quimper \u00e0 partir de 1872. D&rsquo;abord \u00ab journal politique \u00bb, il devient progressivement \u00ab organe hebdomadaire d&rsquo;union r\u00e9publicaine \u00bb. Son fondateur, <b>Louis H\u00e9mon<\/b>, avocat quimp\u00e9rois, est une figure centrale du r\u00e9publicanisme finist\u00e9rien : d\u00e9put\u00e9 de Quimper \u00e0 plusieurs reprises, puis s\u00e9nateur.<\/span><\/p>\n<p class=\"x_ydp1a503196yiv4534887862ydpe65c55e3yiv3473687295ydpf77c983yiv8534695659ydp23301b8ayiv3828609231ydp5f321baaMsoNormal\"><span style=\"font-family: arial, helvetica, sans-serif;font-size: 14pt\"><img alt=\"IMG_20260815_151042_524~2 (1).jpg\" align=\"left\" data-imagetype=\"Empty\" data-imageerror=\"SrcNullOrEmpty\" data-inlineimagemanipulating=\"true\" data-id=\"1787212967632\" \/>Dans les ann\u00e9es 1880, le d\u00e9partement est politiquement divis\u00e9. Les r\u00e9publicains d\u00e9fendent la la\u00efcisation de l&rsquo;enseignement et la stabilit\u00e9 gouvernementale, face \u00e0 une droite monarchiste et catholique puissante.<\/span><\/p>\n<p class=\"x_ydp1a503196yiv4534887862ydpe65c55e3yiv3473687295ydpf77c983yiv8534695659ydp23301b8ayiv3828609231ydp5f321baaMsoNormal\">\n<p class=\"x_ydp1a503196yiv4534887862ydpe65c55e3yiv3473687295ydpf77c983yiv8534695659ydp23301b8ayiv3828609231ydp5f321baaMsoNormal\">\n<p class=\"x_ydp1a503196yiv4534887862ydpe65c55e3yiv3473687295ydpf77c983yiv8534695659ydp23301b8ayiv3828609231ydp5f321baaMsoNormal\"><span style=\"font-family: arial, helvetica, sans-serif;font-size: 14pt\">La rubrique \u00ab<b>Vari\u00e9t\u00e9<\/b>\u00bb du journal , en fin de num\u00e9ro,accueille des textes courts, parfois en breton, qui participent \u00e0 cette campagne. Les visiteurs pourront consulter dans le <b><span style=\"font-size: 18pt\"><a href=\"http:\/\/asvpnf.com\/wp-content\/uploads\/2026\/08\/Addendum-a-l.pdf\" target=\"_blank\" rel=\"noopener\">Fichier Snp<\/a><\/span>, <\/b>accessible au moyen d\u2019un clic gauche, quelques extraits dudit Journal illustrant ce propos.<\/span><\/p>\n<p class=\"x_ydp1a503196yiv4534887862ydpe65c55e3yiv3473687295ydpf77c983yiv8534695659ydp23301b8ayiv3828609231ydp5f321baaMsoNormal\"><span style=\"font-family: arial, helvetica, sans-serif;font-size: 14pt\">Ce dossier, centr\u00e9 sur un dialogue en breton publi\u00e9 dans <em>Le Finist\u00e8re<\/em> en 1887, offre un \u00e9clairage pr\u00e9cieux sur la mani\u00e8re dont la R\u00e9publique s&rsquo;est install\u00e9e \u2014 et a \u00e9t\u00e9 d\u00e9battue \u2014 dans les campagnes bretonnantes de Cornouaille. Loin d&rsquo;\u00eatre un simple exercice de propagande r\u00e9publicaine, ce texte t\u00e9moigne d&rsquo;un moment o\u00f9 la langue bretonne a \u00e9t\u00e9 mobilis\u00e9e, paradoxalement, pour porter des id\u00e9es r\u00e9publicaines et la\u00efques aupr\u00e8s d&rsquo;un public rural.. L\u2019ensemble des donn\u00e9es recueillies sont consign\u00e9es dans un fichier\u00a0 accessible\u00a0<span style=\"font-size: 18pt\"><b><a href=\"http:\/\/asvpnf.com\/wp-content\/uploads\/2026\/08\/Variete-dans-Le-Finistere-du-19-novembre-1887-1.pdf\" target=\"_blank\" rel=\"noopener\">en cliquant ici<\/a> <\/b><\/span>.<\/span><\/p>\n<p class=\"x_ydp1a503196yiv4534887862ydpe65c55e3yiv3473687295ydpf77c983yiv8534695659ydp23301b8ayiv3828609231ydp5f321baamy-2\"><span style=\"font-family: arial, helvetica, sans-serif;font-size: 14pt\">Il comporte\u00a0;<\/span><\/p>\n<p class=\"x_ydp1a503196yiv4534887862ydpe65c55e3yiv3473687295ydpf77c983yiv8534695659ydp23301b8ayiv3828609231ydp5f321baaMsoNormal\"><span style=\"font-family: arial, helvetica, sans-serif;font-size: 14pt\"><b><i>1. Texte original : transcription brute<\/i><\/b><b><i> &#8230;&#8230;&#8230;&#8230;&#8230;&#8230;&#8230;&#8230;&#8230;&#8230;..\u00a0 \u00a0 \u00a0p.2<\/i><\/b><\/span><\/p>\n<p class=\"x_ydp1a503196yiv4534887862ydpe65c55e3yiv3473687295ydpf77c983yiv8534695659ydp23301b8ayiv3828609231ydp5f321baaMsoNormal\"><span style=\"font-family: arial, helvetica, sans-serif;font-size: 14pt\"><b><i>2. Version en breton peurunvan<\/i><\/b><b><i> &#8230;&#8230;&#8230;&#8230;&#8230;&#8230;&#8230;&#8230;&#8230;&#8230;&#8230;&#8230;&#8230;&#8230;.\u00a0 p.3<\/i><\/b><\/span><\/p>\n<p class=\"x_ydp1a503196yiv4534887862ydpe65c55e3yiv3473687295ydpf77c983yiv8534695659ydp23301b8ayiv3828609231ydp5f321baaMsoNormal\"><span style=\"font-family: arial, helvetica, sans-serif;font-size: 14pt\"><b><i>3. Traduction en fran\u00e7ais contemporain<\/i><\/b><b><i> &#8230;&#8230;&#8230;&#8230;&#8230;&#8230;&#8230;&#8230;&#8230;\u00a0 \u00a0 \u00a0p.4<\/i><\/b><\/span><\/p>\n<p class=\"x_ydp1a503196yiv4534887862ydpe65c55e3yiv3473687295ydpf77c983yiv8534695659ydp23301b8ayiv3828609231ydp5f321baaMsoNormal\"><span style=\"font-family: arial, helvetica, sans-serif;font-size: 14pt\"><b><i>4. Traduction annot\u00e9e (extraits comment\u00e9s)&#8230;&#8230;&#8230;&#8230;&#8230;&#8230;..\u00a0 \u00a0 \u00a0 <\/i><\/b><b><i>p.5<\/i><\/b><\/span><\/p>\n<p class=\"x_ydp1a503196yiv4534887862ydpe65c55e3yiv3473687295ydpf77c983yiv8534695659ydp23301b8ayiv3828609231ydp5f321baaMsoNormal\"><span style=\"font-family: arial, helvetica, sans-serif;font-size: 14pt\"><b><i>5. Contexte politique\u2026<\/i><\/b><b><i>&#8230;&#8230;&#8230;&#8230;&#8230;&#8230;&#8230;&#8230;&#8230;&#8230;&#8230;&#8230;&#8230;&#8230;&#8230;&#8230;&#8230;&#8230;&#8230;&#8230;..p.7<br \/>\n5.1. Contexte\u00a0 historique du dialogue\u2026\u2026\u2026\u2026\u2026\u2026\u2026\u2026\u2026\u2026 p.7<br \/>\n5.2. Apports \u00e0 la la\u00efcisation r\u00e9publicaine\u00a0 &#8230;&#8230;&#8230;&#8230;&#8230;&#8230;&#8230;&#8230;.\u00a0 \u00a0 p.8<br \/>\n5.3. Le pseudonyme \u00ab Paolik ar Parkou \u00bb &#8230;&#8230;&#8230;&#8230;&#8230;&#8230;&#8230;&#8230;..\u00a0 \u00a0p.9<\/i><\/b><\/span><\/p>\n<p class=\"x_ydp1a503196yiv4534887862ydpe65c55e3yiv3473687295ydpf77c983yiv8534695659ydp23301b8ayiv3828609231ydp5f321baaMsoNormal\"><span style=\"font-family: arial, helvetica, sans-serif;font-size: 14pt\"><b><i>6. Versions en regard<\/i><\/b><b><i> &#8230;&#8230;&#8230;&#8230;&#8230;&#8230;&#8230;&#8230;&#8230;&#8230;&#8230;&#8230;&#8230;&#8230;&#8230;&#8230;&#8230;&#8230;&#8230;&#8230;..p.11<br \/>\n6.1. Transcription brute \/ Breton peurunvan &#8230;&#8230;&#8230;&#8230;&#8230;.\u00a0 \u00a0 \u00a0 \u00a0p.11<br \/>\n6.2. Breton peurunvan \/ Traduction fran\u00e7aise &#8230;&#8230; \u2026\u2026.\u00a0 \u00a0 \u00a0p.14 <\/i><\/b><\/span><\/p>\n<p class=\"x_ydp1a503196yiv4534887862ydpe65c55e3yiv3473687295ydpf77c983yiv8534695659ydp23301b8ayiv3828609231ydp5f321baaMsoNormal\"><span style=\"font-family: arial, helvetica, sans-serif;font-size: 14pt\"><b><i>7. Version condens\u00e9e (article court)<\/i><\/b><b><i> &#8230;&#8230;&#8230;&#8230;&#8230;&#8230;&#8230;&#8230;&#8230;&#8230;&#8230;.p.16\u00a0\u00a0\u00a0 <\/i><\/b><\/span><\/p>\n<p class=\"x_ydp1a503196yiv4534887862ydpe65c55e3yiv3473687295ydpf77c983yiv8534695659ydp23301b8ayiv3828609231ydp5f321baamy-2\"><span style=\"font-family: arial, helvetica, sans-serif;font-size: 14pt\"><b><i>\u00a0<\/i><\/b><\/span><\/p>\n<p class=\"x_ydp1a503196yiv4534887862ydpe65c55e3yiv3473687295ydpf77c983yiv8534695659ydp23301b8ayiv3828609231ydp5f321baamy-2\"><span style=\"font-family: arial, helvetica, sans-serif;font-size: 14pt\">Sur le plan historique, cette \u00e9tude montre que l&rsquo;instauration de la R\u00e9publique dans les campagnes bretonnes ne s&rsquo;est pas faite uniquement par le fran\u00e7ais, par l&rsquo;\u00e9cole ou par la r\u00e9pression des usages locaux. Elle a aussi emprunt\u00e9 la voie du breton, utilis\u00e9 comme un vecteur de p\u00e9dagogie civique. Les paysans \u00a0\u00ab\u00a0Yeun\u00a0\u00bb et \u00ab\u00a0Perik\u00a0\u00bb ne sont pas de simples figurants : ils sont invit\u00e9s \u00e0 juger leurs \u00e9lus, \u00e0 discuter de la conversion des rentes, \u00e0 voter \u00ab pour les hommes raisonnables \u00bb. <i>C&rsquo;est une forme de citoyennet\u00e9 en breton qui se construit, \u00e0 contre-courant des discours cl\u00e9ricaux et monarchistes.<\/i><\/span><\/p>\n<p class=\"x_ydp1a503196yiv4534887862ydpe65c55e3yiv3473687295ydpf77c983yiv8534695659ydp23301b8ayiv3828609231ydp5f321baamy-2\"><span style=\"font-family: arial, helvetica, sans-serif;font-size: 14pt\">Sur le plan linguistique et culturel, ce texte rappelle que le breton n&rsquo;\u00e9tait pas seulement la langue de la foi, des traditions ou du folklore. Il \u00e9tait aussi apte \u00e0 exprimer des enjeux politiques modernes, \u00e0 porter un vocabulaire civique (<em>gouarnamant<\/em>, <em>deputed<\/em>, <em>republicaned<\/em>, <em>voti\u00f1<\/em>, <em>dilennadego\u00f9<\/em>), \u00e0 construire un d\u00e9bat public dans la langue du peuple. La jeune R\u00e9publique, dans sa volont\u00e9 d&rsquo;unification linguistique et de la\u00efcisation par le fran\u00e7ais, a souvent cherch\u00e9 \u00e0 marginaliser, voire \u00e0 faire dispara\u00eetre cet usage du breton. Ce dossier contribue \u00e0 le r\u00e9habiliter, en montrant qu&rsquo;il a exist\u00e9 un breton politique, civique, r\u00e9publicain \u2014 et que ce breton-l\u00e0 m\u00e9rite d&rsquo;\u00eatre \u00e9tudi\u00e9, valoris\u00e9, transmis.<\/span><\/p>\n<p class=\"x_ydp1a503196yiv4534887862ydpe65c55e3yiv3473687295ydpf77c983yiv8534695659ydp23301b8ayiv3828609231ydp5f321baamy-2\"><span style=\"font-family: arial, helvetica, sans-serif;font-size: 14pt\">Puisse cette approche, modeste mais pr\u00e9cise, inciter d&rsquo;autres chercheurs, enseignants ou militants \u00e0 explorer ce corpus encore trop m\u00e9connu des articles en breton de la presse r\u00e9publicaine r\u00e9gionale. Car c&rsquo;est dans ces textes, parfois oubli\u00e9s, que se lit une part de l&rsquo;\u00ab \u00e2me bretonne \u00bb \u2014 non pas celle, fig\u00e9e, des folkloristes ou des nationalistes, mais celle, vivante, des paysans qui discutaient politique, qui votaient, qui jugeaient leurs \u00e9lus, dans leur langue maternelle sans passer saus les fourches caudines\u00a0 du clerg\u00e9.<\/span><\/p>\n\t\t\t\t\t\t\t\t<\/div>\n\n\t\t\t\t\t\t\t\n\t\t\t\t\t\t\t\n\t\t\t\t\t\t\t\n\t\t\t\t\t\t<\/div>\n\n\t\t\t\t\t<\/div>\n\n\t\t\t\t\t\n\t\t\t\t\n\t\t\t\t\t<div class=\"iw-so-article iw-so-no-thumb iw-so-blog-one-column iw-so-last-col\">\n\n\t\t\t\t\t\t<div class=\"iw-so-article-content\">\n\n\t\t\t\t\t\t\t\n\t\t\t\t\t\t\t\n\t\t\t\t\t\t\t<h3 class=\"iw-so-article-title iw-text-left\">\n\t\t\t\t\t\t\t\t\t\t\t\t\t\t\t\t\tLe drapeau tricolore,  symbole disput\u00e9  et outil  de  \u00ab construction d\u2019une conscience nationale la\u00efque et r\u00e9publicaine \u00bb\t\t\t\t\t\t\t\t\t\t\t\t\t\t\t<\/h3>\n\n\t\t\t\t\t\t\t\n\t\t\t\t\t\t\t\n\t\t\t\t\t\t\t\t<div class=\"iw-so-article-full\">\n\t\t\t\t\t\t\t\t\t<p class=\"x_ydp40afbfcdyiv1937957894ydpd632812dMsoNoSpacing\"><span style=\"font-family: arial, helvetica, sans-serif;font-size: 14pt\">Nous avons d\u00e9j\u00e0 abord\u00e9\u00a0 sur ce site\u00a0 (<span style=\"color: #3366ff\"><b><i>https:\/\/asvpnf.com\/index.php\/2026\/06\/30\/reecrire-lhistoire-dans-le-respect-des-emblemes-fixes-par-la-constitution-de-la-republique\/<\/i><\/b><\/span><b>)<\/b>\u00a0la question\u00a0 de la signification et du respect d\u00fb \u00e0 certains embl\u00e8mes de notre R\u00e9publique la\u00efque, indivisible,d\u00e9mocratique et sociale . Nous saisissons \u00e0 pr\u00e9sent l&rsquo;opportunit\u00e9\u00a0 offerte par la parution sur <i>Mezetulle <\/i>d&rsquo;un article de <i>Catherine Kintzler<\/i> suite \u00e0 la recension qu&rsquo;elle a faite de l&rsquo;ouvrage de Philippe Poussier\u00a0 intitul\u00e9 \u00a0\u00bb <b><i>Le Drapeau tricolore<\/i><\/b> \u00a0\u00bb pour revenir sur ce probl\u00e8me\u00a0 dont l&rsquo;actualit\u00e9 demeure,\u00a0 notamment au travers des \u00e9v\u00e8nements politiques\u00a0 et sportifs en cours et \u00e0 venir\u2026<\/span><\/p>\n<p class=\"x_ydp40afbfcdyiv1937957894ydpd632812dMsoNoSpacing\"><span style=\"font-family: arial, helvetica, sans-serif;font-size: 14pt\">On se propose ici,\u00a0 faisant r\u00e9f\u00e9rence au drapeau tricolore, d&rsquo;en\u00a0d\u00e9construire les l\u00e9gendes et d&rsquo;en restituer les enjeux historiques. Nous souhaitons de ce fait pouvoir offrir aux visiteurs une lecture qui ne diminue pas le drapeau, mais qui le rend plus intelligible, plus humain voire plus\u00a0 \u00ab\u00a0habitable\u00a0\u00bb<\/span><\/p>\n<p class=\"x_ydp40afbfcdyiv1937957894ydpd632812dMsoNoSpacing\"><span style=\"font-family: arial, helvetica, sans-serif;font-size: 14pt\">Il appara\u00eet ainsi que :\u00a0\u00a0<\/span><\/p>\n<p class=\"x_ydp40afbfcdyiv1937957894ydpd632812dMsoNoSpacing\"><span style=\"font-family: arial, helvetica, sans-serif;font-size: 14pt\">\u00a0\u00a0\u00a0 -L\u2019histoire de notre drapeau\u00a0 national n\u2019est pas lin\u00e9aire : elle est marqu\u00e9e par des alternances, des contestations, des choix politiques d\u00e9lib\u00e9r\u00e9s (Lamartine, 1848 ; 1879 ; 1958).<\/span><\/p>\n<p class=\"x_ydp40afbfcdyiv1937957894ydpd632812dMsoNoSpacing\"><span style=\"font-family: arial, helvetica, sans-serif;font-size: 14pt\">\u00a0\u00a0\u00a0 -Les couleurs ne sont pas fig\u00e9es dans un sens unique : elles ont \u00e9t\u00e9 interpr\u00e9t\u00e9es diversement selon les \u00e9poques, les r\u00e9gimes, les groupes sociaux.<\/span><\/p>\n<p class=\"x_ydp40afbfcdyiv1937957894ydpd632812dMsoNoSpacing\"><span style=\"font-family: arial, helvetica, sans-serif;font-size: 14pt\">\u00a0\u00a0 -Les c\u00e9r\u00e9monies au drapeau sont des rituels civiques vivants, mais leur efficacit\u00e9 d\u00e9pend de la mani\u00e8re dont ils sont accompagn\u00e9s p\u00e9dagogiquement.<\/span><\/p>\n<p class=\"x_ydp40afbfcdyiv1937957894ydpd632812dMsoNoSpacing\"><span style=\"font-family: arial, helvetica, sans-serif;font-size: 14pt\">\u00a0\u00a0\u00a0 -Les gestes pr\u00e9sidentiels r\u00e9cents montrent que le drapeau reste un objet politique instable, susceptible d\u2019\u00eatre r\u00e9interpr\u00e9t\u00e9.<\/span><\/p>\n<p class=\"x_ydp40afbfcdyiv1937957894ydpd632812dMsoNoSpacing\"><span lang=\"EN-US\" style=\"font-family: arial, helvetica, sans-serif;font-size: 14pt\">Sur ce th\u00e8me\u00a0 les visiteurs pourront consulter\u00a0 trois fichiers:<\/span><\/p>\n<div><span style=\"font-family: arial, helvetica, sans-serif;font-size: 14pt\"><span lang=\"EN-US\">\u00a0<\/span><b><span style=\"font-size: 18pt\"><a href=\"http:\/\/asvpnf.com\/wp-content\/uploads\/2026\/08\/FICHIER-1-Le-Drapeau-tricolore..pdf\" target=\"_blank\" rel=\"noopener\">FICHIER 1 <\/a><\/span>.<\/b> \u00ab\u00a0<i>Le Drapeau tricolore<\/i>\u00a0\u00bb de Philippe Foussier<\/span><\/div>\n<div><span style=\"font-family: arial, helvetica, sans-serif;font-size: 14pt\"><b>\u00a0<\/b><\/span><\/div>\n<div><span style=\"font-family: arial, helvetica, sans-serif;font-size: 14pt\"><b><span style=\"font-size: 18pt\"><a href=\"http:\/\/asvpnf.com\/wp-content\/uploads\/2026\/08\/Fichier-2-vs-B-23.pdf\" target=\"_blank\" rel=\"noopener\">Fichier 2 <\/a><\/span>.<\/b> Le drapeau tricolore\u00a0 symbole disput\u00e9\u00a0 et outil de \u00ab\u00a0<i>construction d\u2019une conscience nationale la\u00efque et r\u00e9publicaine\u00a0\u00bb<\/i><\/span><\/div>\n<div><\/div>\n<div><span style=\"font-family: arial, helvetica, sans-serif;font-size: 14pt\"><span style=\"font-size: 18pt\"><strong><a href=\"http:\/\/asvpnf.com\/wp-content\/uploads\/2026\/08\/Fichier-3-2026-B-23.pdf\" target=\"_blank\" rel=\"noopener\">Fichier 3 <\/a><\/strong><\/span><b>.<\/b> Drapeaux et r\u00e9surgence de nationalismes <i>quelques cl\u00e9s et renvoi au <b>Gwenn ha du<\/b><\/i><\/span><\/div>\n<div><span style=\"font-family: arial, helvetica, sans-serif;font-size: 14pt\"><b><i>\u00a0<\/i><\/b><\/span><\/div>\n<div><span style=\"font-family: arial, helvetica, sans-serif;font-size: 14pt\"><b><i>Au total on dira \u00a0que \u00a0\u00a0les drapeaux, oriflammes et banni\u00e8res sont des outils puissants de formatage des opinions, mais ils peuvent aussi \u00eatre des instruments de p\u00e9dagogie citoyenne, si l\u2019on accepte de les d\u00e9mystifier et de les inscrire dans une histoire complexe et ouverte.<\/i><\/b><\/span><\/div>\n<div><span style=\"font-family: arial, helvetica, sans-serif;font-size: 14pt\"><b><i>\u00a0<\/i><\/b><\/span><\/div>\n<div><span style=\"font-family: arial, helvetica, sans-serif;font-size: 14pt\"><b><i>Que Catherine Kintzler soit remerci\u00e9e de nous permettre ce nouvel emprunt \u00e0 Mezetulle !<\/i><\/b><\/span><\/div>\n\t\t\t\t\t\t\t\t<\/div>\n\n\t\t\t\t\t\t\t\n\t\t\t\t\t\t\t\n\t\t\t\t\t\t\t\n\t\t\t\t\t\t<\/div>\n\n\t\t\t\t\t<\/div>\n\n\t\t\t\t\t\n\t\t\t\t\n\t\t\t\t\t<div class=\"iw-so-article iw-so-no-thumb iw-so-blog-one-column iw-so-last-col\">\n\n\t\t\t\t\t\t<div class=\"iw-so-article-content\">\n\n\t\t\t\t\t\t\t\n\t\t\t\t\t\t\t\n\t\t\t\t\t\t\t<h3 class=\"iw-so-article-title iw-text-left\">\n\t\t\t\t\t\t\t\t\t\t\t\t\t\t\t\t\tContre l\u2019ignorance volontaire et l\u2019obscurantisme D\u00e9mystifier les religions et leurs emprises contre nature\t\t\t\t\t\t\t\t\t\t\t\t\t\t\t<\/h3>\n\n\t\t\t\t\t\t\t\n\t\t\t\t\t\t\t\n\t\t\t\t\t\t\t\t<div class=\"iw-so-article-full\">\n\t\t\t\t\t\t\t\t\t<div><span style=\"font-family: arial, helvetica, sans-serif;font-size: 14pt\"><b><i>Raison, libert\u00e9, bien public : contre les emprises cl\u00e9ricales et les obscurantismes, la la\u00efcit\u00e9 demeure l\u2019exigence premi\u00e8re de l\u2019\u00e9mancipation collective.<\/i><\/b><\/span><\/div>\n<div><span style=\"font-family: arial, helvetica, sans-serif;font-size: 14pt\">Ce dossier rassemble trois textes autour de\u00a0<i>La religion n\u2019existe pas<\/i>\u00a0de Nathalie Heinich et de la recension qu\u2019en propose Catherine Kintzler dans\u00a0<i>Mezetulle<\/i>. <span lang=\"EN-US\">Il entend clarifier, dans une perspective r\u00e9solument la\u00efque, les enjeux de fond que soul\u00e8ve la question religieuse : statut du concept de religion, critique des emprises cl\u00e9ricales, place de la raison et de la science, d\u00e9fense du bien public. L\u2019ensemble ne vise ni la pol\u00e9mique gratuite ni le compromis mou, mais une confrontation lucide avec les illusions du sacr\u00e9 lorsque celui-ci pr\u00e9tend gouverner les consciences et peser sur la vie commune. En r\u00e9unissant l\u2019article de r\u00e9f\u00e9rence, <i>une r\u00e9flexion critique sur la th\u00e8se de Heinich et un texte consacr\u00e9 \u00e0 l\u2019obscurantisme des religions<\/i>, ce dossier prend parti pour une soci\u00e9t\u00e9 de libert\u00e9, d\u2019examen et d\u2019\u00e9mancipation, o\u00f9 nul pouvoir spirituel ne saurait se substituer \u00e0 la souverainet\u00e9 du peuple.<\/span><\/span><\/div>\n<p class=\"x_ydp7c6f501cyiv4830469936ydp2c71fc37MsoNoSpacing\"><span style=\"font-family: arial, helvetica, sans-serif;font-size: 14pt\">Dans ce contexte, le visiteurs de ce site pourront consulter trois fichiers\u00a0:<\/span><\/p>\n<h1><\/h1>\n<h1><span style=\"font-family: arial, helvetica, sans-serif;font-size: 14pt\"><span style=\"font-size: 18pt\"><strong><a href=\"http:\/\/asvpnf.com\/wp-content\/uploads\/2026\/08\/Fichier-1-la-religion-nexiste-pas.pdf\" target=\"_blank\" rel=\"noopener\">Fichier 1<\/a><\/strong><\/span>. \u00a0<strong>\u00ab\u00a0<i>La religion n\u2019existe pas<\/i>\u00a0\u00bb de Nathalie Heinich par C.<i>\u00a0Kintzler<\/i><\/strong><\/span><\/h1>\n<h1><span style=\"font-family: arial, helvetica, sans-serif;font-size: 14pt\"><b><span style=\"font-size: 18pt\"><a href=\"http:\/\/asvpnf.com\/wp-content\/uploads\/2026\/08\/Fichier-2-la-religion-nexiste-pas-une-these.pdf\" target=\"_blank\" rel=\"noopener\">Fichier 2<\/a><\/span>.\u00a0 <\/b><b><i>La religion n&rsquo;existe pas : une th\u00e8se \u00e0 l&rsquo;\u00e9preuve de la la\u00efcit\u00e9 r\u00e9publicaine <\/i><\/b><b>par<i> T.R <\/i>et<i> PPty.<\/i><\/b><\/span><\/h1>\n<p class=\"x_ydp7c6f501cyiv4830469936ydp2c71fc37MsoNormal\"><span style=\"font-family: arial, helvetica, sans-serif;font-size: 14pt\"><span style=\"font-size: 18pt\"><strong><a href=\"http:\/\/asvpnf.com\/wp-content\/uploads\/2026\/08\/Fichier-3-DEF-.-Lobscurantisme-des-religions..pdf\" target=\"_blank\" rel=\"noopener\">Fichier 3 <\/a><\/strong><\/span><b><i>.\u00a0 <\/i><\/b><b><i>L&rsquo;obscurantisme des religions :s&rsquo;il n&rsquo;avait point exist\u00e9, il e\u00fbt fallu l&rsquo;inventer !<\/i><\/b><b> par<i> T.R.<\/i>et <i>PPty.<\/i><\/b><\/span><\/p>\n<p class=\"x_ydp7c6f501cyiv4830469936ydp2c71fc37MsoNormal\"><span style=\"font-family: arial, helvetica, sans-serif;font-size: 14pt\">Que <i>Catherine Kintzler<\/i> soit chaleureusement remerci\u00e9e de nous avoir permis un nouvel emprunt \u00e0 <i>Mezetulle<\/i>.<\/span><\/p>\n\t\t\t\t\t\t\t\t<\/div>\n\n\t\t\t\t\t\t\t\n\t\t\t\t\t\t\t\n\t\t\t\t\t\t\t\n\t\t\t\t\t\t<\/div>\n\n\t\t\t\t\t<\/div>\n\n\t\t\t\t\t\n\t\t\t\t\n\t\t\t\t\t<div class=\"iw-so-article iw-so-no-thumb iw-so-blog-one-column iw-so-last-col\">\n\n\t\t\t\t\t\t<div class=\"iw-so-article-content\">\n\n\t\t\t\t\t\t\t\n\t\t\t\t\t\t\t\n\t\t\t\t\t\t\t<h3 class=\"iw-so-article-title iw-text-left\">\n\t\t\t\t\t\t\t\t\t\t\t\t\t\t\t\t\tPour c\u00e9l\u00e9brer le 90\u00e8 anniversaire   du   Front populaire  et  t\u00e9moigner de ses apports\t\t\t\t\t\t\t\t\t\t\t\t\t\t\t<\/h3>\n\n\t\t\t\t\t\t\t\n\t\t\t\t\t\t\t\n\t\t\t\t\t\t\t\t<div class=\"iw-so-article-full\">\n\t\t\t\t\t\t\t\t\t<p class=\"x_ydpf435783byiv7356520275ydp89afb3beyiv8968578690ydpd35d93bfyiv7361796761ydp1e94e809yiv4425529082ydp47ce61dayiv7894101869ydp5c9df839yiv6068874286ydpea2a160cyiv2283395741ydpc4642751MsoNormal\"><span style=\"font-family: arial, helvetica, sans-serif;font-size: 14pt\">\u00c0 l\u2019occasion des 90 ans du Front populaire, cet article propose une relecture engag\u00e9e de ses apports sociaux, \u00e9ducatifs et culturels, en les confrontant aux impasses actuelles de la gauche \u00e0 l\u2019approche de l\u2019\u00e9ch\u00e9ance pr\u00e9sidentielle de 2027. Il est suivi d\u2019une annexe consacr\u00e9e aux d\u00e9tracteurs du Front populaire, en particulier \u00e0 ceux qui, apr\u00e8s 1940, glissent vers le r\u00e9gime de Vichy et la collaboration, rappelant combien la d\u00e9mocratie peut vaciller lorsque ses propres acteurs renoncent \u00e0 la d\u00e9fendre.<b><\/b><\/span><\/p>\n<p class=\"x_ydpf435783byiv7356520275ydp89afb3beyiv8968578690ydpd35d93bfyiv7361796761ydp1e94e809yiv4425529082ydp47ce61dayiv7894101869ydp5c9df839yiv6068874286ydpea2a160cyiv2283395741ydpc4642751MsoNormal\"><span style=\"font-family: arial, helvetica, sans-serif;font-size: 14pt\">En lisant\u00a0 <i>Ludivine Bantigny<\/i> et avant d\u2019aller plus avant rappelons-nous, <b><i>\u00a0<\/i><\/b><b><i>\u00ab\u00a0on dit <\/i><\/b><b>Front populaire<\/b><b><i>\u2006<\/i><\/b><b><i> et aussit\u00f4t surgit une image quasi mythique<\/i><\/b><b><i>\u2006<\/i><\/b><b><i>: celle d\u2019un printemps, lumineux et foisonnant. Les foules y sont denses et la gr\u00e8ve est intense, les drapeaux claquent, les visages s\u2019\u00e9clairent d\u2019une joie grave. Dans les usines et les magasins occup\u00e9s, on danse<\/i><\/b><b><i>\u2006<\/i><\/b><b><i>; sur les routes, les bicyclettes filent vers la mer<\/i><\/b><b><i>\u2006<\/i><\/b><b><i>; dans les rues, on chante et on esp\u00e8re.\u00a0\u00bb<\/i><\/b><b><i>(<\/i><\/b><i><a title=\"https:\/\/www.socialter.fr\/article\/lecons-front-populaire-1936-gauche-union-socialistes-communistes-base-militants\" href=\"https:\/\/www.socialter.fr\/article\/lecons-front-populaire-1936-gauche-union-socialistes-communistes-base-militants\" target=\"_blank\" rel=\"nofollow noopener noreferrer\" data-auth=\"NotApplicable\" data-linkindex=\"0\">https:\/\/www.socialter.fr\/article\/lecons-front-populaire-1936-gauche-union-socialistes-communistes-base-militants<\/a><\/i>)&#8230; \u00a0\u00a0Ce fut un moment inoubliable de bonheur et de joie \u00e0 garder en m\u00e9moire d\u2019autant qu\u2019il pr\u00e9c\u00e9dait les ann\u00e9es funestes de la dr\u00f4le de guerre, de l\u2019occupation\u00a0 et du r\u00e9gime collaborationniste de Vichy. <b><i>\u00a0\u00a0\u00a0\u00a0\u00a0\u00a0\u00a0\u00a0\u00a0\u00a0\u00a0\u00a0\u00a0\u00a0\u00a0\u00a0\u00a0\u00a0\u00a0\u00a0\u00a0\u00a0\u00a0\u00a0\u00a0\u00a0\u00a0\u00a0\u00a0\u00a0\u00a0\u00a0\u00a0\u00a0\u00a0\u00a0\u00a0\u00a0\u00a0\u00a0\u00a0\u00a0\u00a0\u00a0\u00a0\u00a0\u00a0\u00a0\u00a0\u00a0\u00a0\u00a0 <\/i><\/b><\/span><\/p>\n<p class=\"x_ydpf435783byiv7356520275ydp89afb3beyiv8968578690ydpd35d93bfyiv7361796761ydp1e94e809yiv4425529082ydp47ce61dayiv7894101869ydp5c9df839yiv6068874286ydpea2a160cyiv2283395741ydpc4642751MsoNormal\"><span style=\"font-family: arial, helvetica, sans-serif;font-size: 14pt\">\u00a0Nous avons d\u00e9j\u00e0 fait para\u00eetre sur ce site plusieurs articles traitant du Front populaire, de gr\u00e8ves sociales l\u2019ayant accompagn\u00e9\u00a0 (<b><i><a title=\"https:\/\/asvpnf.com\/index.php\/2026\/05\/20\/la-greve-des-papetiers-et-papetieres-de-cascadec\/\" href=\"https:\/\/asvpnf.com\/index.php\/2026\/05\/20\/la-greve-des-papetiers-et-papetieres-de-cascadec\/\" target=\"_blank\" rel=\"nofollow noopener noreferrer\" data-auth=\"NotApplicable\" data-linkindex=\"1\">https:\/\/asvpnf.com\/index.php\/2026\/05\/20\/la-greve-des-papetiers-et-papetieres-de-cascadec\/<\/a><\/i><\/b>) et \u00a0de l\u2019oeuvre fondatrice de Jean Zay, \u00a0\u00a0\u00a0ministre de l\u2019Education nationale et des Beaux-arts du Gouvernement de L\u00e9on Blum, \u00a0panth\u00e9onis\u00e9 le 27 mai 2015.( <b><i>https:\/\/asvpnf.com\/index.php\/2026\/07\/07\/jean-zay-ministre-du-front-populaire\/ <\/i><\/b>).\u00a0\u00a0 \u00a0<\/span><\/p>\n<p class=\"x_ydpf435783byiv7356520275ydp89afb3beyiv8968578690ydpd35d93bfyiv7361796761ydp1e94e809yiv4425529082ydp47ce61dayiv7894101869ydp5c9df839yiv6068874286ydpea2a160cyiv2283395741ydpc4642751MsoNormal\"><span style=\"font-family: arial, helvetica, sans-serif;font-size: 14pt\">Cependant les anniversaires offrent aussi l\u2019occasion de revenir sur des moments fondateurs de notre histoire sociale et politique et aussi pour les 90 ans du Front populaire, il importait non seulement \u00a0de mesurer l\u2019ampleur des transformations engag\u00e9es en 1936, mais aussi d\u2019interroger leur port\u00e9e dans la France contemporaine.\u00a0 C\u2019est l\u2019objet de cette mise en ligne .<\/span><\/p>\n<p class=\"x_ydpf435783byiv7356520275ydp89afb3beyiv8968578690ydpd35d93bfyiv7361796761ydp1e94e809yiv4425529082ydp47ce61dayiv7894101869ydp5c9df839yiv6068874286ydpea2a160cyiv2283395741ydpc4642751MsoNormal\"><span style=\"font-family: arial, helvetica, sans-serif;font-size: 14pt\">Les visiteurs\u00a0 de ce site pourront consulter un article de r\u00e9f\u00e9rence du CRHA d\u00e9volu \u00e0 l\u2019institution des Cong\u00e9s pay\u00e9s en cliquant sur <b><span style=\"font-size: 18pt\"><a href=\"http:\/\/asvpnf.com\/wp-content\/uploads\/2026\/07\/Fichier-1-Il-y-a-90-ans.pdf\" target=\"_blank\" rel=\"noopener\">Fichier 1 <\/a><\/span> . <\/b>Il s\u2019intitule<b>\u00a0:<\/b><\/span><\/p>\n<p class=\"x_ydpf435783byiv7356520275ydp89afb3beyiv8968578690ydpd35d93bfyiv7361796761ydp1e94e809yiv4425529082ydp47ce61dayiv7894101869ydp5c9df839yiv6068874286ydpea2a160cyiv2283395741ydpc4642751MsoNormal\" align=\"center\"><span style=\"font-family: arial, helvetica, sans-serif;font-size: 14pt\"><b><i>\u00ab\u00a0<a title=\"https:\/\/centrehenriaigueperse.com\/2026\/07\/06\/il-y-a-90-ans-lexperience-des-conges-payes-pour-lensemble-du-pays\/\" href=\"https:\/\/centrehenriaigueperse.com\/2026\/07\/06\/il-y-a-90-ans-lexperience-des-conges-payes-pour-lensemble-du-pays\/\" target=\"_blank\" rel=\"nofollow noopener noreferrer\" data-auth=\"NotApplicable\" data-linkindex=\"2\">Il y a 90 ans\u00a0: l\u2019exp\u00e9rience des cong\u00e9s pay\u00e9s pour l\u2019ensemble du\u00a0pay<\/a>s<\/i><\/b><b>\u00a0\u00bb<\/b><\/span><\/p>\n<p class=\"x_ydpf435783byiv7356520275ydp89afb3beyiv8968578690ydpd35d93bfyiv7361796761ydp1e94e809yiv4425529082ydp47ce61dayiv7894101869ydp5c9df839yiv6068874286ydpea2a160cyiv2283395741ydpc4642751MsoNormal\">\n<p class=\"x_ydpf435783byiv7356520275ydp89afb3beyiv8968578690ydpd35d93bfyiv7361796761ydp1e94e809yiv4425529082ydp47ce61dayiv7894101869ydp5c9df839yiv6068874286ydpea2a160cyiv2283395741ydpc4642751MsoNormal\"><span style=\"font-family: arial, helvetica, sans-serif;font-size: 14pt\"><b><i>\u00a0<\/i><\/b>En effet<b><i> \u00ab le 20 juin 1936<\/i><\/b> fut vot\u00e9e la loi sur les cong\u00e9s pay\u00e9s. Bien que ne faisant pas partie du programme du Front populaire, cette mesure est soutenue dans les grands mouvements de gr\u00e8ve des mois de mai et juin. L\u2019extension d\u2019un temps de repos \u00e0 l\u2019ensemble des professions fait son chemin et l\u2019\u00e9t\u00e9 1936 est le premier temps de vacances pour de nombreux Fran\u00e7ais et Fran\u00e7aises\u00a0\u00bb<\/span><\/p>\n<p class=\"x_ydpf435783byiv7356520275ydp89afb3beyiv8968578690ydpd35d93bfyiv7361796761ydp1e94e809yiv4425529082ydp47ce61dayiv7894101869ydp5c9df839yiv6068874286ydpea2a160cyiv2283395741ydpc4642751MsoNormal\"><span style=\"font-family: arial, helvetica, sans-serif;font-size: 14pt\">Les visiteurs pourront aussi prendre connaissance :<\/span><\/p>\n<p class=\"x_ydpf435783byiv7356520275ydp89afb3beyiv8968578690ydpd35d93bfyiv7361796761ydp1e94e809yiv4425529082ydp47ce61dayiv7894101869ydp5c9df839yiv6068874286ydpea2a160cyiv2283395741ydpc4642751MsoNormal\">\n<p class=\"x_ydpf435783byiv7356520275ydp89afb3beyiv8968578690ydpd35d93bfyiv7361796761ydp1e94e809yiv4425529082ydp47ce61dayiv7894101869ydp5c9df839yiv6068874286ydpea2a160cyiv2283395741ydpc4642751MsoNormal\"><span style=\"font-family: arial, helvetica, sans-serif;font-size: 14pt\">\u00a0\u00a0\u00a0 &#8211; d\u2019un <span style=\"font-size: 18pt\"><b><a href=\"http:\/\/asvpnf.com\/wp-content\/uploads\/2026\/07\/Fichier-2-les-apports-du-Froit-populaire-def.pdf\" target=\"_blank\" rel=\"noopener\">Fichier 2 <\/a> <\/b><\/span>intitul\u00e9\u00a0<b>:\u00a0<\/b><\/span><\/p>\n<div><span style=\"font-family: arial, helvetica, sans-serif;font-size: 14pt\"><b>\u00a0<\/b><b>\u00ab<\/b><b><i>Les apports du Front populaire :\u00a0r\u00e9formes fondatrices, r\u00e9sistances et actualit\u00e9 politique<\/i><\/b><b>\u00a0<\/b><b>\u00bb<\/b><\/span><\/div>\n<div><span style=\"font-family: arial, helvetica, sans-serif;font-size: 14pt\"><b>\u00a0 \u00a0 \u00a0\u00a0<\/b>-et d\u2019un <span style=\"font-size: 18pt\"><strong><a href=\"http:\/\/asvpnf.com\/wp-content\/uploads\/2026\/07\/Fichier-3-quand-la-gauche-oublie-DEF.pdf\" target=\"_blank\" rel=\"noopener\">Fichier 3 <\/a><\/strong><\/span> intitul\u00e9 :<\/span><\/div>\n<p class=\"x_ydpf435783byiv7356520275ydp89afb3beyiv8968578690ydpd35d93bfyiv7361796761ydp1e94e809yiv4425529082ydp47ce61dayiv7894101869ydp5c9df839yiv6068874286ydpea2a160cyiv2283395741ydpc4642751MsoNormal\">\n<p class=\"x_ydpf435783byiv7356520275ydp89afb3beyiv8968578690ydpd35d93bfyiv7361796761ydp1e94e809yiv4425529082ydp47ce61dayiv7894101869ydp5c9df839yiv6068874286ydpea2a160cyiv2283395741ydpc4642751MsoNormal\" align=\"center\"><span style=\"font-family: arial, helvetica, sans-serif;font-size: 14pt\"><b>\u00ab<\/b><b>1936\u20132027 : quand la gauche oublie le Front populaire<\/b>\u00a0!<b> \u00bb <\/b><\/span><\/p>\n<p class=\"x_ydpf435783byiv7356520275ydp89afb3beyiv8968578690ydpd35d93bfyiv7361796761ydp1e94e809yiv4425529082ydp47ce61dayiv7894101869ydp5c9df839yiv6068874286ydpea2a160cyiv2283395741ydpc4642751MsoNormal\"><span style=\"font-family: arial, helvetica, sans-serif;font-size: 14pt\">\u00a0 Ce fichier comporte une annexe\u00a0:<\/span><\/p>\n<p class=\"x_ydpf435783byiv7356520275ydp89afb3beyiv8968578690ydpd35d93bfyiv7361796761ydp1e94e809yiv4425529082ydp47ce61dayiv7894101869ydp5c9df839yiv6068874286ydpea2a160cyiv2283395741ydpc4642751MsoNormal\"><span style=\"font-family: arial, helvetica, sans-serif;font-size: 14pt\">\u00a0\u00ab\u00a0<b><i> Des d\u00e9tracteurs du Front populaire aux soutiens de Vichy\u00a0\u00bb<\/i><\/b><\/span><\/p>\n<p class=\"x_ydpf435783byiv7356520275ydp89afb3beyiv8968578690ydpd35d93bfyiv7361796761ydp1e94e809yiv4425529082ydp47ce61dayiv7894101869ydp5c9df839yiv6068874286ydpea2a160cyiv2283395741ydpc4642751MsoNormal\"><span style=\"font-family: arial, helvetica, sans-serif;font-size: 14pt\"><b><i>\u00a0<\/i><\/b>Au total on dira que malgr\u00e9 sa bri\u00e8vet\u00e9, l\u2019h\u00e9ritage du Front populaire demeure consid\u00e9rable. Il a profond\u00e9ment transform\u00e9 la vie quotidienne des Fran\u00e7ais et pos\u00e9 les bases de nombreux droits sociaux encore en vigueur aujourd\u2019hui. Les cong\u00e9s pay\u00e9s, en particulier, restent l\u2019un des symboles les plus forts de cette p\u00e9riode, tant ils ont modifi\u00e9 les rapports au travail, au temps et \u00e0 l\u2019espace.<\/span><\/p>\n<p class=\"x_ydpf435783byiv7356520275ydp89afb3beyiv8968578690ydpd35d93bfyiv7361796761ydp1e94e809yiv4425529082ydp47ce61dayiv7894101869ydp5c9df839yiv6068874286ydpea2a160cyiv2283395741ydpc4642751MsoNormal\"><span style=\"font-family: arial, helvetica, sans-serif;font-size: 14pt\">\u00c0 l\u2019heure actuelle, cet h\u00e9ritage tend parfois \u00e0 \u00eatre oubli\u00e9 ou relativis\u00e9. Pourtant, il invite \u00e0 une r\u00e9flexion toujours actuelle : celle du partage du temps de travail, de l\u2019acc\u00e8s aux loisirs, et plus largement de la place du travail dans la vie humaine. Les d\u00e9bats contemporains sur la qualit\u00e9 de vie, le sens du travail ou encore les in\u00e9galit\u00e9s sociales trouvent un \u00e9cho direct dans les aspirations port\u00e9es en 1936.<\/span><\/p>\n<p class=\"x_ydpf435783byiv7356520275ydp89afb3beyiv8968578690ydpd35d93bfyiv7361796761ydp1e94e809yiv4425529082ydp47ce61dayiv7894101869ydp5c9df839yiv6068874286ydpea2a160cyiv2283395741ydpc4642751MsoNormal\"><span style=\"font-family: arial, helvetica, sans-serif;font-size: 14pt\">Ainsi, le Front populaire ne constitue pas seulement un moment du pass\u00e9 ; il demeure une r\u00e9f\u00e9rence pour penser l\u2019avenir. <i>Il rappelle que les avanc\u00e9es sociales sont le fruit de mobilisations collectives et de choix politiques, et qu\u2019elles peuvent \u00eatre remises en cause si elles ne sont pas d\u00e9fendues.<\/i><\/span><\/p>\n\t\t\t\t\t\t\t\t<\/div>\n\n\t\t\t\t\t\t\t\n\t\t\t\t\t\t\t\n\t\t\t\t\t\t\t\n\t\t\t\t\t\t<\/div>\n\n\t\t\t\t\t<\/div>\n\n\t\t\t\t\t\n\t\t\t\t\n\t\t\t\t\t<div class=\"iw-so-article iw-so-no-thumb iw-so-blog-one-column iw-so-last-col\">\n\n\t\t\t\t\t\t<div class=\"iw-so-article-content\">\n\n\t\t\t\t\t\t\t\n\t\t\t\t\t\t\t\n\t\t\t\t\t\t\t<h3 class=\"iw-so-article-title iw-text-left\">\n\t\t\t\t\t\t\t\t\t\t\t\t\t\t\t\t\tJean Zay, Ministre du Front populaire\t\t\t\t\t\t\t\t\t\t\t\t\t\t\t<\/h3>\n\n\t\t\t\t\t\t\t\n\t\t\t\t\t\t\t\n\t\t\t\t\t\t\t\t<div class=\"iw-so-article-full\">\n\t\t\t\t\t\t\t\t\t<p class=\"x_ydp3e744b97yiv6052749462ydpbd29ec92MsoNormal\" align=\"center\"><strong><span class=\"x_ydp3e744b97yiv6052749462ydpbd29ec92citation\" style=\"font-family: arial, helvetica, sans-serif;font-size: 14pt\">ou<\/span><\/strong><\/p>\n<p class=\"x_ydp3e744b97yiv6052749462ydpbd29ec92MsoNoSpacing\" align=\"center\"><span class=\"x_ydp3e744b97yiv6052749462ydpbd29ec92citation\" style=\"font-family: arial, helvetica, sans-serif;font-size: 14pt\"><b><i>Comment un citoyen\u00a0 au destin hors du commun peut-il \u00eatre assassin\u00e9 \u00e0 40 ans par les miliciens d\u2019un Etat fran\u00e7ais collaborationniste qui a perdu son honneur ?<\/i><\/b><\/span><\/p>\n<p class=\"x_ydp3e744b97yiv6052749462ydpbd29ec92MsoNoSpacing\"><span class=\"x_ydp3e744b97yiv6052749462ydpbd29ec92citation\" style=\"font-family: arial, helvetica, sans-serif;font-size: 14pt\"><i>\u00a0<\/i><\/span><\/p>\n<p class=\"x_ydp3e744b97yiv6052749462ydpbd29ec92MsoNormal\"><span class=\"x_ydp3e744b97yiv6052749462ydpbd29ec92citation\" style=\"font-family: arial, helvetica, sans-serif;font-size: 14pt\">\u00a0<\/span><\/p>\n<p class=\"x_ydp3e744b97yiv6052749462ydpbd29ec92MsoNormal\"><span style=\"font-family: arial, helvetica, sans-serif;font-size: 14pt\"><span class=\"x_ydp3e744b97yiv6052749462ydpbd29ec92citation\">Il y a 90 ans, sous le Front populaire, <b>Jean Zay<\/b> \u00e9tait nomm\u00e9 Ministre de l\u2019Education nationale et des Beaux-arts. Dans un article mis en ligne le 4juin 2026, le CRHA lui rend hommage sous l\u2019intitul\u00e9 : <i>\u00ab <\/i><\/span><span lang=\"EN-US\"><a title=\"https:\/\/centrehenriaigueperse.com\/2026\/07\/01\/jean-zay-lhomme-qui-a-invente-lecole-daujourdhui\/\" href=\"https:\/\/centrehenriaigueperse.com\/2026\/07\/01\/jean-zay-lhomme-qui-a-invente-lecole-daujourdhui\/\" target=\"_blank\" rel=\"nofollow noopener noreferrer\" data-auth=\"NotApplicable\" data-linkindex=\"0\"><b><i><span lang=\"FR\">Jean Zay, l\u2019homme qui a invent\u00e9 l\u2019\u00c9cole d\u2019aujourd\u2019hui<\/span><\/i><\/b><\/a><\/span><b><i> \u00bb.<\/i><\/b>Ce libell\u00e9 rappelle \u00a0l\u2019importance de l\u2019\u0153uvre fondatrice\u00a0 de celui qui fut l\u00e2chement assassin\u00e9 par la milice du r\u00e9gime de Vichy .C\u2019\u00e9tait un homme politique au destin hors du commun !<\/span><\/p>\n<p class=\"x_ydp3e744b97yiv6052749462ydpbd29ec92MsoNormal\"><span style=\"font-family: arial, helvetica, sans-serif;font-size: 14pt\"><span class=\"x_ydp3e744b97yiv6052749462ydpbd29ec92citation\">\u00a0Selon <i>Andr\u00e9 Jourdes<\/i> (2014)de la Ligue de l\u2019enseignement :<\/span><b><\/b><\/span><\/p>\n<p class=\"x_ydp3e744b97yiv6052749462ydpbd29ec92MsoNormal\"><span style=\"font-family: arial, helvetica, sans-serif;font-size: 14pt\"><span class=\"x_ydp3e744b97yiv6052749462ydpbd29ec92citation\"><b>\u00a0\u00a0 -\u00ab\u00a0\u00a0<\/b><\/span><span class=\"x_ydp3e744b97yiv6052749462ydpbd29ec92citation\">pour Jean Zay, la R\u00e9publique repose avant tout sur le civisme et l&rsquo;intelligence des citoyens, c&rsquo;est-\u00e0-dire sur leur \u00e9ducation intellectuelle et morale. Contre la conservation sociale mais aussi contre les utopies r\u00e9volutionnaires, la politique est ce mouvement par lequel l&rsquo;humanit\u00e9 s&rsquo;approfondit et devient en quelque sorte plus digne d&rsquo;elle-m\u00eame ,<\/span><b><\/b><\/span><\/p>\n<p><span style=\"font-family: arial, helvetica, sans-serif;font-size: 14pt\"><sup>\u00a0<\/sup><sup>\u00a0\u00a0\u00a0 \u00a0<\/sup><span class=\"x_ydp3e744b97yiv6052749462ydpbd29ec92citation\"><b>-\u00ab <\/b><\/span>Les instructions officielles qui seront r\u00e9dig\u00e9es en 1937\/1938 sous le \u00a0minist\u00e8re de Jean Zay \u00e9clairent la doctrine fran\u00e7aise en mati\u00e8re d\u2019enseignement et inspirent les r\u00e9formes qui vont \u00eatre entreprises :<\/span><\/p>\n<p><span style=\"font-family: arial, helvetica, sans-serif;font-size: 14pt\">\u00a0\u00a0\u00a0\u00a0\u00a0\u00a0 \u00a0Former le caract\u00e8re par la discipline de l\u2019esprit et le d\u00e9veloppement des vertus intellectuelles, apprendre \u00e0 bien conduire sa raison en \u00e9l\u00e8ve des h\u00e9ritiers fran\u00e7ais du message socratique : Montaigne et Descartes.<\/span><\/p>\n<p><span style=\"font-family: arial, helvetica, sans-serif;font-size: 14pt\"><i>\u00a0\u00a0\u00a0\u00a0\u00a0 Garder toujours en \u00e9veil l\u2019esprit critique, apprendre \u00e0 d\u00e9m\u00ealer le vrai du faux, \u00e0 douter sainement, \u00e0 observer, \u00e0 comprendre autant qu\u2019\u00e0 conna\u00eetre, \u00e0 librement \u00e9panouir sa personnalit\u00e9 dans le souci de former des t\u00eates bien faites plus que bien pleines<\/i>, bref allumer un flambeau plut\u00f4t que remplir une coupe.<\/span><\/p>\n<p><span style=\"font-family: arial, helvetica, sans-serif;font-size: 14pt\">\u00a0\u00a0\u00a0\u00a0\u00a0 Les professeurs doivent se garder attentivement de tout enseignement r\u00e9v\u00e9l\u00e9, du dogmatisme, de la v\u00e9rit\u00e9 acquise d\u2019avance, des jugements tout faits coul\u00e9s dans les jeunes cerveaux.<\/span><\/p>\n<p><span style=\"font-family: arial, helvetica, sans-serif;font-size: 14pt\">\u00a0\u00a0\u00a0\u00a0\u00a0 \u00a0Les \u00e9l\u00e8ves doivent \u00eatre capables d\u2019examiner toutes choses en les rapportant \u00e0 leurs principes et de raisonner sur elles en ne faisant \u00e9tat que des faits, bien et d\u00fbment constat\u00e9s. <i>Ils devront \u00eatre exerc\u00e9s \u00e0 observer, \u00e0 mesurer, \u00e0 critiquer leurs propres observations en proc\u00e9dant \u00e0 des v\u00e9rifications rigoureuses<\/i>. Ils auront besoin de comprendre et de conna\u00eetre le monde o\u00f9 ils seront appel\u00e9s \u00e0 vivre \u00bb <i>https:\/\/laligue24.org\/images\/docs\/ligue\/Jean_ZAY.pdf<\/i><i> <\/i>)<\/span><\/p>\n<p class=\"x_ydp3e744b97yiv6052749462ydpbd29ec92MsoNoSpacing\"><span style=\"font-family: arial, helvetica, sans-serif;font-size: 14pt\">Rappelons aussi que\u00a0 Jean \u00a0Zay proclamait :\u00a0 <b><i>\u00ab les \u00e9coles devront rester l\u2019asile inviolable o\u00f9 les querelles des hommes ne p\u00e9n\u00e8trent pas<\/i><\/b> \u00bb ; un principe d\u2019une actualit\u00e9 \u00a0\u00a0marquante par les temps pr\u00e9sents !<\/span><\/p>\n<p class=\"x_ydp3e744b97yiv6052749462ydpbd29ec92MsoNoSpacing\">\n<p class=\"x_ydp3e744b97yiv6052749462ydpbd29ec92MsoNoSpacing\">\n<p class=\"x_ydp3e744b97yiv6052749462ydpbd29ec92MsoNoSpacing\"><span style=\"font-family: arial, helvetica, sans-serif;font-size: 14pt\">Les visiteurs de ce site, attentifs \u00e0 la biographie et \u00e0 l\u2019\u0153uvre des fondateurs de notre syst\u00e8me \u00e9ducatif, \u00a0pourront consulter ,en cliquant ici,\u00a0 le <span style=\"font-size: 18pt\"><strong><a href=\"http:\/\/asvpnf.com\/wp-content\/uploads\/2026\/07\/Fichier-1-Jean-ZAY.pdf\" target=\"_blank\" rel=\"noopener\">Fichier 1<\/a><\/strong><\/span> intitul\u00e9 :<\/span><\/p>\n<p class=\"x_ydp3e744b97yiv6052749462ydpbd29ec92MsoNoSpacing\">\n<p class=\"x_ydp3e744b97yiv6052749462ydpbd29ec92MsoNormal\" align=\"center\"><span style=\"font-family: arial, helvetica, sans-serif;font-size: 14pt\"><b><i>\u00ab <\/i><\/b><span lang=\"EN-US\"><a title=\"https:\/\/centrehenriaigueperse.com\/2026\/07\/01\/jean-zay-lhomme-qui-a-invente-lecole-daujourdhui\/\" href=\"https:\/\/centrehenriaigueperse.com\/2026\/07\/01\/jean-zay-lhomme-qui-a-invente-lecole-daujourdhui\/\" target=\"_blank\" rel=\"nofollow noopener noreferrer\" data-auth=\"NotApplicable\" data-linkindex=\"2\"><b><i><span lang=\"FR\">Jean Zay, l\u2019homme qui a invent\u00e9 l\u2019\u00c9cole d\u2019aujourd\u2019hui<\/span><\/i><\/b><\/a><\/span><b><i> \u00bb<\/i><\/b><\/span><\/p>\n<p class=\"x_ydp3e744b97yiv6052749462ydpbd29ec92MsoNormal\" align=\"center\"><span style=\"font-family: arial, helvetica, sans-serif;font-size: 14pt\"><b><i>\u00a0<\/i><\/b><\/span><\/p>\n<p class=\"x_ydp3e744b97yiv6052749462ydpbd29ec92MsoNormal\"><span style=\"font-family: arial, helvetica, sans-serif;font-size: 14pt\">Ils sont \u00e9galement invit\u00e9s \u00e0 prendre connaissace de la contribution de\u00a0 l\u2019ASVPNF \u00e0 cet \u00e9gard\u00a0 en cliquant sur\u00a0 <b><span style=\"font-size: 18pt\"><a href=\"http:\/\/asvpnf.com\/wp-content\/uploads\/2026\/07\/Fichier-2-def-Jean-ZAY.pdf\" target=\"_blank\" rel=\"noopener\">Fichier 2 <\/a><\/span> . <\/b>Elle s\u2019intitule :<\/span><\/p>\n<p class=\"x_ydp3e744b97yiv6052749462ydpbd29ec92MsoNormal\">\n<p class=\"x_ydp3e744b97yiv6052749462ydpbd29ec92MsoNormal\" align=\"center\"><span style=\"font-family: arial, helvetica, sans-serif;font-size: 14pt\"><b><i>Jean Zay, un humanisme r\u00e9publicain : \u00e9cole, la\u00efcit\u00e9 et martyr d\u2019un ministre du Front populaire<\/i><\/b><\/span><\/p>\n<p class=\"x_ydp3e744b97yiv6052749462ydpbd29ec92MsoNormal\" align=\"center\"><span style=\"font-family: arial, helvetica, sans-serif;font-size: 14pt\"><b><i>\u00a0<\/i><\/b>Que le CRHA soit remerci\u00e9 de nous permettre ce nouvel emprunt \u00e0 leur site et d\u2019avoir suscit\u00e9 une r\u00e9flexion\u00a0 du plus grand int\u00e9r\u00eat sur l\u2019histoire de notre syst\u00e8me \u00e9ducatif.,consid\u00e9rant,que les hussards noirs de la R\u00e9publique furent, par essence, \u00a0h\u00e9ritiers du message de Jean Zay.<\/span><\/p>\n\t\t\t\t\t\t\t\t<\/div>\n\n\t\t\t\t\t\t\t\n\t\t\t\t\t\t\t\n\t\t\t\t\t\t\t\n\t\t\t\t\t\t<\/div>\n\n\t\t\t\t\t<\/div>\n\n\t\t\t\t\t\n\t\t\t\t\n\t\t\t\t\t<div class=\"iw-so-article iw-so-no-thumb iw-so-blog-one-column iw-so-last-col\">\n\n\t\t\t\t\t\t<div class=\"iw-so-article-content\">\n\n\t\t\t\t\t\t\t\n\t\t\t\t\t\t\t\n\t\t\t\t\t\t\t<h3 class=\"iw-so-article-title iw-text-left\">\n\t\t\t\t\t\t\t\t\t\t\t\t\t\t\t\t\tLa  deuxi\u00e8me mort du Professeur  Samuel Paty ?\t\t\t\t\t\t\t\t\t\t\t\t\t\t\t<\/h3>\n\n\t\t\t\t\t\t\t\n\t\t\t\t\t\t\t\n\t\t\t\t\t\t\t\t<div class=\"iw-so-article-full\">\n\t\t\t\t\t\t\t\t\t<p class=\"x_ydp8b359dd6MsoNormal\"><span style=\"font-family: arial, helvetica, sans-serif;font-size: 14pt\" data-olk-copy-source=\"MessageBody\">Nous reprenons ici, de fa\u00e7on quasi int\u00e9grale ; le titre d\u2019un article mis en ligne le 28 juin 2026 sur <i>Mezetulle<\/i>, le blog revue de <i>Catherine Kintzler<\/i> ayant trait \u00e0 la m\u00e9moire de <b>Samuel Paty.<\/b><\/span><\/p>\n<p class=\"x_ydp8b359dd6MsoNoSpacing\"><span lang=\"EN-US\" style=\"font-family: arial, helvetica, sans-serif;font-size: 14pt\">L\u2019assassinat de Samuel Paty a marqu\u00e9 un tournant dans l\u2019histoire de l\u2019\u00c9cole publique de la R\u00e9publique. Au\u2011del\u00e0 de l\u2019\u00e9motion l\u00e9gitime, cet \u00e9v\u00e9nement nous oblige \u00e0 revenir \u00e0 des questions fondatrices : que signifie aujourd\u2019hui instruire au nom de la la\u00efcit\u00e9 ? Quelle est la mission propre de l\u2019\u00c9cole r\u00e9publicaine ? Jusqu\u2019o\u00f9 la R\u00e9publique prot\u00e8ge\u2011t\u2011elle ses ma\u00eetres lorsqu\u2019ils exercent leur devoir d\u2019enseigner la libert\u00e9 de pens\u00e9e ?<\/span><\/p>\n<p class=\"x_ydp8b359dd6MsoNoSpacing\"><span lang=\"EN-US\" style=\"font-family: arial, helvetica, sans-serif;font-size: 14pt\">En publiant sur <i>asvpnf.com<\/i> l\u2019article de <b>Martine Verlhac<\/b>, \u00ab <i>La deuxi\u00e8me mort de Samuel Paty ? \u00bb,<\/i> accompagn\u00e9 de la pr\u00e9sente contribution doctrinale, l\u2019ASVPNF entend ouvrir un espace de r\u00e9flexion exigeant et fid\u00e8le \u00e0 l\u2019histoire longue de l\u2019institution scolaire. Il ne s\u2019agit pas seulement de commenter un film ou un fait divers, mais de mesurer ce que r\u00e9v\u00e8le cette trag\u00e9die du devenir de l\u2019\u00c9cole, de la la\u00efcit\u00e9 et de notre capacit\u00e9 collective \u00e0 d\u00e9fendre l\u2019\u00e9mancipation par les savoirs.<\/span><\/p>\n<p class=\"x_ydp8b359dd6MsoNoSpacing\"><span lang=\"EN-US\" style=\"font-family: arial, helvetica, sans-serif;font-size: 14pt\">Notre d\u00e9marche s\u2019inscrit dans la continuit\u00e9 des grandes figures de l\u2019\u00e9cole la\u00efque \u2013 Buisson, Ferry, Zay et tant d\u2019instituteurs et professeurs anonymes \u2013 qui ont pens\u00e9 l\u2019instruction comme une rupture avec l\u2019ignorance, les enfermements et les dogmes. \u00c0 la lumi\u00e8re du cas Samuel Paty, nous interrogeons la mani\u00e8re dont cette tradition est aujourd\u2019hui fragilis\u00e9e : autocensure des enseignants, h\u00e9sitations de l\u2019institution, captation partisanes du discours sur l\u2019\u00c9cole.<\/span><\/p>\n<p class=\"x_ydp8b359dd6MsoNoSpacing\"><span lang=\"EN-US\" style=\"font-family: arial, helvetica, sans-serif;font-size: 14pt\">Le texte qui suit propose des rep\u00e8res pour comprendre ces enjeux et pour affirmer, calmement mais fermement, quelques principes : la la\u00efcit\u00e9 comme la\u00efcit\u00e9 d\u2019instruction, la n\u00e9cessit\u00e9 de prot\u00e9ger les ma\u00eetres, le refus de laisser la m\u00e9moire de Samuel Paty se dissoudre dans l\u2019oubli ou l\u2019instrumentalisation. Nous esp\u00e9rons ainsi offrir aux visiteurs de ce site \u2013 citoyens, enseignants, membres de l\u2019association \u2013 une base solide pour penser et d\u00e9battre de ce qui touche au c\u0153ur m\u00eame de la R\u00e9publique : son \u00c9cole.<\/span><\/p>\n<p class=\"x_ydp8b359dd6MsoNoSpacing\"><span lang=\"EN-US\" style=\"font-family: arial, helvetica, sans-serif;font-size: 14pt\">\u00a0<\/span><\/p>\n<p class=\"x_ydp8b359dd6MsoNormal\"><span style=\"font-family: arial, helvetica, sans-serif;font-size: 14pt\"><span lang=\"EN-US\">Les visiteurs de ce site pourront tout d\u2019abord consulter l\u2019article de <b><i>Martine Verlhac<\/i><\/b> en cliquant sur\u00a0\u00a0 <b><span style=\"font-size: 18pt\"><a href=\"http:\/\/asvpnf.com\/wp-content\/uploads\/2026\/07\/Fichier-11-la-deuieme.-mort-de..pdf\" target=\"_blank\" rel=\"noopener\">Fichier 1<\/a><\/span> . <\/b><\/span>Ledit article\u00a0 est pr\u00e9c\u00e9d\u00e9 d\u2019une pr\u00e9sentation de <i>Catherine Kintzler<\/i>. \u00a0Elle y \u00a0rappelle<b><i> \u00a0qu\u2019\u00e0 la diff\u00e9rence de la col\u00e8re, l\u2019indignation ne retombe pas : car, reposant comme le disait Descartes sur \u00ab de justes raisons \u00bb, loin de l\u2019apaiser, son analyse la fortifie..<\/i><\/b><\/span><\/p>\n<p class=\"x_ydp8b359dd6MsoNormal\"><span style=\"font-family: arial, helvetica, sans-serif;font-size: 14pt\">\u00a0Ils pourront ensuite prendre connaissance d\u2019un <span style=\"font-size: 18pt\"><strong><a href=\"http:\/\/asvpnf.com\/wp-content\/uploads\/2026\/07\/FICHIER2-Samuel-Patylecole-de-la-republique.pdf\" target=\"_blank\" rel=\"noopener\">Fichier 2 <\/a><\/strong><\/span>intitul\u00e9 :<\/span><\/p>\n<p class=\"x_ydp8b359dd6MsoNormal\" align=\"center\"><span style=\"font-family: arial, helvetica, sans-serif;font-size: 14pt\"><b>Samuel Paty, l\u2019\u00c9cole de la R\u00e9publique et la la\u00efcit\u00e9 d\u2019instruction<\/b><\/span><\/p>\n<p class=\"x_ydp8b359dd6MsoNormal\">\n<div><span style=\"font-family: arial, helvetica, sans-serif;font-size: 14pt\">\u00a0 \u00a0 Que <i>Catherine Kintzler<\/i> soir remerci\u00e9e de nous permettre ce nouvel emprunt \u00e0 <i>Mezetulle<\/i>\u00a0, emprunt \u00e0 l&rsquo;origine de la discussion qui a suivi .\u00a0<\/span><\/div>\n\t\t\t\t\t\t\t\t<\/div>\n\n\t\t\t\t\t\t\t\n\t\t\t\t\t\t\t\n\t\t\t\t\t\t\t\n\t\t\t\t\t\t<\/div>\n\n\t\t\t\t\t<\/div>\n\n\t\t\t\t\t\n\t\t\t\t\n\t\t\t\t\t<div class=\"iw-so-article iw-so-no-thumb iw-so-blog-one-column iw-so-last-col\">\n\n\t\t\t\t\t\t<div class=\"iw-so-article-content\">\n\n\t\t\t\t\t\t\t\n\t\t\t\t\t\t\t\n\t\t\t\t\t\t\t<h3 class=\"iw-so-article-title iw-text-left\">\n\t\t\t\t\t\t\t\t\t\t\t\t\t\t\t\t\tR\u00e9\u00e9crire l\u2019Histoire dans le respect   des  embl\u00e8mes  fix\u00e9s par la Constitution de la R\u00e9publique\t\t\t\t\t\t\t\t\t\t\t\t\t\t\t<\/h3>\n\n\t\t\t\t\t\t\t\n\t\t\t\t\t\t\t\n\t\t\t\t\t\t\t\t<div class=\"iw-so-article-full\">\n\t\t\t\t\t\t\t\t\t<p class=\"x_ydp4a84a1b9yiv5649553062ydp636d9807yiv7325760006ydp44c53a13MsoNormal\"><span style=\"font-family: arial, helvetica, sans-serif;font-size: 14pt\" data-olk-copy-source=\"MessageBody\">A l\u2019ASVPNF un tel intitul\u00e9 est assur\u00e9 \u00a0de soulever protestations m\u00eame si la libert\u00e9 d\u2019expression \u00a0y est la r\u00e8gle puisque la la\u00efcit\u00e9 r\u00e9publicaine \u00a0et la tol\u00e9rance sont ses raisons d\u2019\u00eatre.\u00a0 On touche ici\u00a0 au domaine des exigences morales, civiques et citoyennes qui nous furent enseign\u00e9es par nos ma\u00eetres form\u00e9s \u00e0 l\u2019Ecole des hussards noirs de la R\u00e9publique.\u00a0 Il ne s\u2019agit pas de s\u2019en \u00e9carter mais seulement de\u00a0 faire conna\u00eetre \u00a0\u00a0des pratiques\u00a0 qui peuvent mettre en cause des principes fondateurs h\u00e9rit\u00e9s des pionniers de l\u2019Ecole publique la\u00efque, gratuite,obligatoire et \u00e9mancipatrice.<\/span><\/p>\n<p class=\"x_ydp4a84a1b9yiv5649553062ydp636d9807yiv7325760006ydp44c53a13MsoNormal\" align=\"center\"><span style=\"font-family: arial, helvetica, sans-serif;font-size: 14pt\">Cet intitul\u00e9 \u00a0est une sorte de r\u00e9plique au titre d\u2019un \u00a0article r\u00e9cemment mis en ligne sur le site <i>\u00ab Entre les lignes entre les mots \u00bb \u00a0<\/i>libell\u00e9 ainsi qu\u2019il suit :<b> <\/b><\/span><\/p>\n<p class=\"x_ydp4a84a1b9yiv5649553062ydp636d9807yiv7325760006ydp44c53a13MsoNormal\" align=\"center\"><span style=\"font-family: arial, helvetica, sans-serif;font-size: 14pt\"><b>\u00ab Siffler la Marseillaise et le drapeau tricolore : un droit d\u00e9mocratique \u00bb<\/b><\/span><\/p>\n<p class=\"x_ydp4a84a1b9yiv5649553062ydp636d9807yiv7325760006ydp44c53a13MsoNormal\"><span style=\"font-family: arial, helvetica, sans-serif;font-size: 14pt\"><b><i>\u00a0<\/i><\/b><\/span><\/p>\n<p class=\"x_ydp4a84a1b9yiv5649553062ydp636d9807yiv7325760006ydp44c53a13MsoNormal\"><span style=\"font-family: arial, helvetica, sans-serif;font-size: 14pt\"><b><i>\u00a0<\/i><\/b><\/span><\/p>\n<p class=\"x_ydp4a84a1b9yiv5649553062ydp636d9807yiv7325760006ydp44c53a13MsoNormal\"><span style=\"font-family: arial, helvetica, sans-serif;font-size: 14pt\">Nous avons \u00e9t\u00e9 explicitement autoris\u00e9 \u00e0 le reproduire pour le repr\u00e9senter sur <i>asvpnf.com.<\/i> et aussi les visiteurs \u00a0int\u00e9ress\u00e9s pourront-ils\u00a0 le consulter en cliquant sur <b><span style=\"font-size: 18pt\"><a href=\"http:\/\/asvpnf.com\/wp-content\/uploads\/2026\/06\/Fichier-1Siffler-la-Marseillaise-et-le-drapeau-tricolore.pdf\" target=\"_blank\" rel=\"noopener\">Fichier 1<\/a><\/span>.<\/b><\/span><\/p>\n<p class=\"x_ydp4a84a1b9yiv5649553062ydp636d9807yiv7325760006ydp44c53a13MsoNormal\"><span style=\"font-family: arial, helvetica, sans-serif;font-size: 14pt\">\u00a0Selon leurs convictions et leurs \u00a0choix personnels les lecteurs y trouveront mati\u00e8re \u00e0 r\u00e9flexion voire \u00e0 pol\u00e9mique et puisqu\u2019il s\u2019agit d\u2019Histoire, en l\u2019occurrence d\u2019 Histoire de France et non d\u2019annales consitant en successions chronologiques d\u2019\u00e9v\u00e8nements nombreux et divers et que l\u2019on y met en exergue des citations d\u2019auteurs c\u00e9l\u00e8bres on dira ici et \u00e0 l\u2019instar de :<\/span><\/p>\n<p class=\"x_ydp4a84a1b9yiv5649553062ydp636d9807yiv7325760006ydp44c53a13MsoNormal\"><span style=\"font-family: arial, helvetica, sans-serif;font-size: 14pt\">\u00a0\u00a0 <b><i>Victor Hugo<\/i><\/b> : \u00ab\u00a0 La R\u00e9publique affirme le Droit et impose le Devoir \u00bb<\/span><\/p>\n<p class=\"x_ydp4a84a1b9yiv5649553062ydp636d9807yiv7325760006ydp44c53a13MsoNormal\"><span style=\"font-family: arial, helvetica, sans-serif;font-size: 14pt\">\u00a0\u00a0 <b><i>Jules Michelet<\/i><\/b> : \u00ab L\u2019Histoire humaine comme un combat prom\u00e9th\u00e9en pour la libert\u00e9 : celui que les hommes m\u00e8nent depuis toujours pour s\u2019arracher au poids des contraintes naturelles et des fausses croyances \u00bb<\/span><\/p>\n<p class=\"x_ydp4a84a1b9yiv5649553062ydp636d9807yiv7325760006ydp44c53a13MsoNormal\"><span style=\"font-family: arial, helvetica, sans-serif;font-size: 14pt\">\u00a0\u00a0 <b><i>Richard Malka<\/i><\/b> : \u00a0\u00ab\u00a0 Les croyances ne peuvent jamais exiger le respect. Seuls les hommes y ont droit. Aucune croyance, aucune id\u00e9e, aucune opinion ne peut exiger d\u2019\u00eatre d\u00e9battue,critiqu\u00e9e,caricatur\u00e9e. \u00bb<\/span><\/p>\n<p class=\"x_ydp4a84a1b9yiv5649553062ydp636d9807yiv7325760006ydp44c53a13MsoNormal\"><span style=\"font-family: arial, helvetica, sans-serif;font-size: 14pt\">\u00a0Nous avons pour notre part examin\u00e9 ce document- singulier \u00e0 diff\u00e9rents \u00e9gards- faisant r\u00e9f\u00e9rence \u00e0 des acquis \u00e0 qui nous ne cessons de t\u00e9moigner notre gratitude et dont on retrouve les bienfaits immenses dans une R\u00e9publique indivisible ,d\u00e9mocratique la\u00efque et sociale<\/span><\/p>\n<p class=\"x_ydp4a84a1b9yiv5649553062ydp636d9807yiv7325760006ydp44c53a13MsoNormal\"><span style=\"font-family: arial, helvetica, sans-serif;font-size: 14pt\"><b><i>Le texte en question<\/i><\/b> \u00a0d\u00e9fend l\u2019id\u00e9e que la critique des symboles nationaux rel\u00e8ve de la libert\u00e9 d\u2019expression consacr\u00e9e par la D\u00e9claration de 1789, sans pour autant rendre cette libert\u00e9 absolue. Il rappelle que le droit fran\u00e7ais encadre ces libert\u00e9s et que l\u2019incrimination de l\u2019outrage \u00e0 l\u2019hymne ou au drapeau doit \u00eatre \u00e9valu\u00e9e au regard de la proportionnalit\u00e9 et de la protection de l\u2019ordre public. L\u2019auteur souligne l\u2019ambivalence historique des embl\u00e8mes r\u00e9publicains : t\u00e9moins \u00e0 la fois d\u2019\u00e9mancipations et de violences, ils ne sauraient \u00eatre r\u00e9duits \u00e0 des instruments de domination. Il plaide pour une approche critique mais \u00e9quilibr\u00e9e, refusant la mythification comme la d\u00e9construction totale.<\/span><\/p>\n<p class=\"x_ydp4a84a1b9yiv5649553062ydp636d9807yiv7325760006ydp44c53a13MsoNormal\"><span style=\"font-family: arial, helvetica, sans-serif;font-size: 14pt\">Pour m\u00e9moire on retiendra ;<\/span><\/p>\n<p class=\"x_ydp4a84a1b9yiv5649553062ydp636d9807yiv7325760006ydp44c53a13MsoNormal\"><span style=\"font-family: arial, helvetica, sans-serif;font-size: 14pt\"><b><i>1. La th\u00e8se centrale du texte<\/i><\/b><b><\/b><\/span><\/p>\n<p class=\"x_ydp4a84a1b9yiv5649553062ydp636d9807yiv7325760006ydp44c53a13MsoNoSpacing\"><span style=\"font-family: arial, helvetica, sans-serif;font-size: 14pt\"><i>L\u2019auteur soutient une id\u00e9e simple mais pol\u00e9mique :<\/i><\/span><\/p>\n<p class=\"x_ydp4a84a1b9yiv5649553062ydp636d9807yiv7325760006ydp44c53a13MsoNoSpacing\"><span style=\"font-family: arial, helvetica, sans-serif;font-size: 14pt\"><i>Siffler l\u2019hymne ou le drapeau serait une forme l\u00e9gitime d\u2019expression politique.Il demande l\u2019abrogation du d\u00e9lit d\u2019outrage aux symboles nationaux (article 433-5-1 du Code p\u00e9nal), qu\u2019il assimile \u00e0 une r\u00e9surgence du blasph\u00e8me sous forme \u00ab la\u00efcis\u00e9e \u00bb.<\/i><\/span><\/p>\n<p class=\"x_ydp4a84a1b9yiv5649553062ydp636d9807yiv7325760006ydp44c53a13MsoNoSpacing\"><span style=\"font-family: arial, helvetica, sans-serif;font-size: 14pt\"><i>Sur le plan juridique, il s\u2019appuie sur l\u2019article 11 de la D\u00e9claration de 1789 (libert\u00e9 d\u2019expression) et sur une une analogie avec la jurisprudence am\u00e9ricaine (Texas v. Johnson, 1989)<\/i><\/span><\/p>\n<p class=\"x_ydp4a84a1b9yiv5649553062ydp636d9807yiv7325760006ydp44c53a13MsoNoSpacing\"><span style=\"font-family: arial, helvetica, sans-serif;font-size: 14pt\"><b><i>2. Les ressorts id\u00e9ologiques<\/i><\/b><\/span><\/p>\n<p class=\"x_ydp4a84a1b9yiv5649553062ydp636d9807yiv7325760006ydp44c53a13MsoNoSpacing\"><span style=\"font-family: arial, helvetica, sans-serif;font-size: 14pt\"><i>Le texte s\u2019inscrit clairement dans une grille de lecture critique\u00a0 c\u2019est \u00e0 dire :<\/i><\/span><\/p>\n<p class=\"x_ydp4a84a1b9yiv5649553062ydp636d9807yiv7325760006ydp44c53a13MsoNoSpacing\"><span style=\"font-family: arial, helvetica, sans-serif;font-size: 14pt\"><i>La d\u00e9construction du \u00ab roman national \u00bb : la nation est pr\u00e9sent\u00e9e comme une construction id\u00e9ologique masquant violences et dominations.<\/i><\/span><\/p>\n<p class=\"x_ydp4a84a1b9yiv5649553062ydp636d9807yiv7325760006ydp44c53a13MsoNoSpacing\"><span style=\"font-family: arial, helvetica, sans-serif;font-size: 14pt\"><i>La relecture de l\u2019histoire fran\u00e7aise \u00e0 travers ses \u00e9pisodes les plus sombres (colonisation, r\u00e9pressions, violences d\u2019\u00c9tat).<\/i><\/span><\/p>\n<p class=\"x_ydp4a84a1b9yiv5649553062ydp636d9807yiv7325760006ydp44c53a13MsoNoSpacing\"><span style=\"font-family: arial, helvetica, sans-serif;font-size: 14pt\"><i>L\u2019assimilation du patriotisme \u00e0 une injonction politique potentiellement autoritaire.<\/i><\/span><\/p>\n<p class=\"x_ydp4a84a1b9yiv5649553062ydp636d9807yiv7325760006ydp44c53a13MsoNoSpacing\"><span style=\"font-family: arial, helvetica, sans-serif;font-size: 14pt\"><i>La d\u00e9nonciation d\u2019un glissement s\u00e9curitaire et identitaire du d\u00e9bat public.<\/i><\/span><\/p>\n<p class=\"x_ydp4a84a1b9yiv5649553062ydp636d9807yiv7325760006ydp44c53a13MsoNoSpacing\"><span style=\"font-family: arial, helvetica, sans-serif;font-size: 14pt\"><i>Ce positionnement est coh\u00e9rent, mais unilat\u00e9ral : il ne reconna\u00eet presque jamais la dimension int\u00e9gratrice, symbolique ou historique positive des embl\u00e8mes r\u00e9publicains.<\/i><\/span><\/p>\n<p class=\"x_ydp4a84a1b9yiv5649553062ydp636d9807yiv7325760006ydp44c53a13MsoNoSpacing\"><span style=\"font-family: arial, helvetica, sans-serif;font-size: 14pt\"><b><i>3. Les proc\u00e9d\u00e9s rh\u00e9toriques<\/i><\/b><\/span><\/p>\n<p class=\"x_ydp4a84a1b9yiv5649553062ydp636d9807yiv7325760006ydp44c53a13MsoNoSpacing\"><span style=\"font-family: arial, helvetica, sans-serif;font-size: 14pt\"><i>Plusieurs \u00e9l\u00e9ments expliquent le caract\u00e8re choquant du texte :<\/i><\/span><\/p>\n<p class=\"x_ydp4a84a1b9yiv5649553062ydp636d9807yiv7325760006ydp44c53a13MsoNoSpacing\"><span style=\"font-family: arial, helvetica, sans-serif;font-size: 14pt\"><i>Accumulation de r\u00e9f\u00e9rences sanglantes (proc\u00e9d\u00e9 de saturation \u00e9motionnelle).<\/i><\/span><\/p>\n<p class=\"x_ydp4a84a1b9yiv5649553062ydp636d9807yiv7325760006ydp44c53a13MsoNoSpacing\"><span style=\"font-family: arial, helvetica, sans-serif;font-size: 14pt\"><i>Lexique tr\u00e8s polaris\u00e9 (\u00ab r\u00e9action \u00bb, \u00ab d\u00e9magogie \u00bb, \u00ab novlangue \u00bb, etc.).<\/i><\/span><\/p>\n<p class=\"x_ydp4a84a1b9yiv5649553062ydp636d9807yiv7325760006ydp44c53a13MsoNoSpacing\"><span style=\"font-family: arial, helvetica, sans-serif;font-size: 14pt\"><i>Disqualification des adversaires plut\u00f4t que discussion (caricature des positions \u00ab nationales-r\u00e9publicaines \u00bb).<\/i><\/span><\/p>\n<p class=\"x_ydp4a84a1b9yiv5649553062ydp636d9807yiv7325760006ydp44c53a13MsoNoSpacing\"><span style=\"font-family: arial, helvetica, sans-serif;font-size: 14pt\"><i>Glissement analogique fort : du d\u00e9lit d\u2019outrage \u2192 blasph\u00e8me \u2192 crime de l\u00e8se-majest\u00e9.<\/i><\/span><\/p>\n<p class=\"x_ydp4a84a1b9yiv5649553062ydp636d9807yiv7325760006ydp44c53a13MsoNoSpacing\"><span style=\"font-family: arial, helvetica, sans-serif;font-size: 14pt\"><i>Cela produit un texte militant, plus qu\u2019une d\u00e9monstration \u00e9quilibr\u00e9e.<\/i><\/span><\/p>\n<p class=\"x_ydp4a84a1b9yiv5649553062ydp636d9807yiv7325760006ydp44c53a13MsoNoSpacing\"><span style=\"font-family: arial, helvetica, sans-serif;font-size: 14pt\"><b><i>4. Points discutables (du point de vue r\u00e9publicain classique)<\/i><\/b><\/span><\/p>\n<p class=\"x_ydp4a84a1b9yiv5649553062ydp636d9807yiv7325760006ydp44c53a13MsoNoSpacing\"><span style=\"font-family: arial, helvetica, sans-serif;font-size: 14pt\"><i>L\u2019 indignation peut s\u2019ancrer sur plusieurs critiques solides :<\/i><\/span><\/p>\n<p class=\"x_ydp4a84a1b9yiv5649553062ydp636d9807yiv7325760006ydp44c53a13MsoNoSpacing\"><span style=\"font-family: arial, helvetica, sans-serif;font-size: 14pt\"><i>Confusion entre libert\u00e9 d\u2019expression et absence de toute limite : en droit fran\u00e7ais, la libert\u00e9 n\u2019est pas absolue.<\/i><\/span><\/p>\n<p class=\"x_ydp4a84a1b9yiv5649553062ydp636d9807yiv7325760006ydp44c53a13MsoNoSpacing\"><span style=\"font-family: arial, helvetica, sans-serif;font-size: 14pt\"><i>Minoration de la fonction civique des symboles : hymne et drapeau ne sont pas seulement \u00e9tatiques, mais aussi historiques et populaires.<\/i><\/span><\/p>\n<p class=\"x_ydp4a84a1b9yiv5649553062ydp636d9807yiv7325760006ydp44c53a13MsoNoSpacing\"><span style=\"font-family: arial, helvetica, sans-serif;font-size: 14pt\"><i>R\u00e9duction de l\u2019histoire nationale \u00e0 ses violences, sans prise en compte des dynamiques d\u2019\u00e9mancipation (R\u00e9volution, \u00e9cole r\u00e9publicaine, droits sociaux\u2026).<\/i><\/span><\/p>\n<p class=\"x_ydp4a84a1b9yiv5649553062ydp636d9807yiv7325760006ydp44c53a13MsoNoSpacing\"><span style=\"font-family: arial, helvetica, sans-serif;font-size: 14pt\"><i>Comparaison discutable avec les \u00c9tats-Unis, dont la tradition constitutionnelle est tr\u00e8s diff\u00e9rente.<\/i><\/span><\/p>\n<p class=\"x_ydp4a84a1b9yiv5649553062ydp636d9807yiv7325760006ydp44c53a13MsoNoSpacing\"><span style=\"font-family: arial, helvetica, sans-serif;font-size: 14pt\"><i>Risque d\u2019une conception purement n\u00e9gative de la nation, qui peut fragiliser le cadre d\u00e9mocratique lui-m\u00eame.<\/i><\/span><\/p>\n<p class=\"x_ydp4a84a1b9yiv5649553062ydp636d9807yiv7325760006ydp44c53a13MsoNoSpacing\"><span style=\"font-family: arial, helvetica, sans-serif;font-size: 14pt\"><b><i>5. Mais aussi des questions l\u00e9gitimes soulev\u00e9es<\/i><\/b><\/span><\/p>\n<p class=\"x_ydp4a84a1b9yiv5649553062ydp636d9807yiv7325760006ydp44c53a13MsoNoSpacing\"><span style=\"font-family: arial, helvetica, sans-serif;font-size: 14pt\"><i>Pour \u00eatre complet, il faut reconna\u00eetre que le texte pointe des enjeux r\u00e9els :<\/i><\/span><\/p>\n<p class=\"x_ydp4a84a1b9yiv5649553062ydp636d9807yiv7325760006ydp44c53a13MsoNoSpacing\"><span style=\"font-family: arial, helvetica, sans-serif;font-size: 14pt\"><i>Jusqu\u2019o\u00f9 peut aller la critique des symboles dans une d\u00e9mocratie ?<\/i><\/span><\/p>\n<p class=\"x_ydp4a84a1b9yiv5649553062ydp636d9807yiv7325760006ydp44c53a13MsoNoSpacing\"><span style=\"font-family: arial, helvetica, sans-serif;font-size: 14pt\"><i>Le d\u00e9lit d\u2019outrage est-il n\u00e9cessaire ou excessif ?<\/i><\/span><\/p>\n<p class=\"x_ydp4a84a1b9yiv5649553062ydp636d9807yiv7325760006ydp44c53a13MsoNoSpacing\"><span style=\"font-family: arial, helvetica, sans-serif;font-size: 14pt\"><i>Comment enseigner une histoire nationale ni mythifi\u00e9e ni uniquement accusatoire ?<\/i><\/span><\/p>\n<p class=\"x_ydp4a84a1b9yiv5649553062ydp636d9807yiv7325760006ydp44c53a13MsoNoSpacing\"><span style=\"font-family: arial, helvetica, sans-serif;font-size: 14pt\"><i>Ces questions traversent aujourd\u2019hui tout le champ intellectuel et politique.<\/i><\/span><\/p>\n<p class=\"x_ydp4a84a1b9yiv5649553062ydp636d9807yiv7325760006ydp44c53a13MsoNoSpacing\"><span style=\"font-family: arial, helvetica, sans-serif;font-size: 14pt\"><b><i>6. Lecture d\u2019ensemble<\/i><\/b><\/span><\/p>\n<p class=\"x_ydp4a84a1b9yiv5649553062ydp636d9807yiv7325760006ydp44c53a13MsoNoSpacing\"><span style=\"font-family: arial, helvetica, sans-serif;font-size: 14pt\"><i>Ce texte n\u2019est pas un appel \u00e0 une \u00ab inquisition \u00bb au sens strict, mais il propose une vision conflictuelle et d\u00e9sacralis\u00e9e de la nation, o\u00f9 la contestation symbolique devient un droit central.<\/i><\/span><\/p>\n<p class=\"x_ydp4a84a1b9yiv5649553062ydp636d9807yiv7325760006ydp44c53a13MsoNoSpacing\"><span style=\"font-family: arial, helvetica, sans-serif;font-size: 14pt\"><i>Une position \u2014 attach\u00e9e \u00e0 la la\u00efcit\u00e9, \u00e0 l\u2019\u00e9cole r\u00e9publicaine et \u00e0 une certaine id\u00e9e de la raison h\u00e9rit\u00e9e des Lumi\u00e8res \u2014 entre en tension avec cette approche, car elle suppose :<\/i><\/span><\/p>\n<p class=\"x_ydp4a84a1b9yiv5649553062ydp636d9807yiv7325760006ydp44c53a13MsoNoSpacing\"><span style=\"font-family: arial, helvetica, sans-serif;font-size: 14pt\"><i>un minimum de r\u00e9f\u00e9rents communs,<\/i><\/span><\/p>\n<p class=\"x_ydp4a84a1b9yiv5649553062ydp636d9807yiv7325760006ydp44c53a13MsoNoSpacing\"><span style=\"font-family: arial, helvetica, sans-serif;font-size: 14pt\"><i>une adh\u00e9sion critique mais r\u00e9elle aux institutions,<\/i><\/span><\/p>\n<p class=\"x_ydp4a84a1b9yiv5649553062ydp636d9807yiv7325760006ydp44c53a13MsoNoSpacing\"><span style=\"font-family: arial, helvetica, sans-serif;font-size: 14pt\"><i>et une distinction entre critique et d\u00e9l\u00e9gitimation.<\/i><\/span><\/p>\n<p class=\"x_ydp4a84a1b9yiv5649553062ydp636d9807yiv7325760006ydp44c53a13MsoNoSpacing\"><span style=\"font-family: arial, helvetica, sans-serif;font-size: 14pt\"><i>On est donc face \u00e0 un d\u00e9saccord philosophique profond :<\/i><\/span><\/p>\n<p class=\"x_ydp4a84a1b9yiv5649553062ydp636d9807yiv7325760006ydp44c53a13MsoNoSpacing\"><span style=\"font-family: arial, helvetica, sans-serif;font-size: 14pt\"><i>d\u2019un c\u00f4t\u00e9, une conception \u00ab d\u00e9constructive \u00bb de la R\u00e9publique,<\/i><\/span><\/p>\n<p class=\"x_ydp4a84a1b9yiv5649553062ydp636d9807yiv7325760006ydp44c53a13MsoNoSpacing\"><span style=\"font-family: arial, helvetica, sans-serif;font-size: 14pt\"><i>de l\u2019autre, une conception \u00ab int\u00e9gratrice et universaliste \u00bb .<\/i><\/span><\/p>\n<p class=\"x_ydp4a84a1b9yiv5649553062ydp636d9807yiv7325760006ydp44c53a13MsoNoSpacing\"><span style=\"font-family: arial, helvetica, sans-serif;font-size: 14pt\"><i>\u00a0<\/i><\/span><\/p>\n<p class=\"x_ydp4a84a1b9yiv5649553062ydp636d9807yiv7325760006ydp44c53a13MsoNoSpacing\"><span style=\"font-family: arial, helvetica, sans-serif;font-size: 14pt\"><i>\u00a0<\/i>Cette lecture critique a donn\u00e9 lieu \u00e0 un texte de synth\u00e8se intitul\u00e9 :<\/span><\/p>\n<p class=\"x_ydp4a84a1b9yiv5649553062ydp636d9807yiv7325760006ydp44c53a13MsoNormal\" align=\"center\"><span style=\"font-family: arial, helvetica, sans-serif;font-size: 14pt\"><b>Raison, libert\u00e9 et symboles dans la R\u00e9publique<\/b><\/span><\/p>\n<p class=\"x_ydp4a84a1b9yiv5649553062ydp636d9807yiv7325760006ydp44c53a13MsoNormal\" align=\"center\"><span style=\"font-family: arial, helvetica, sans-serif;font-size: 14pt\"><b><i>Pour une critique sans dissolution du commun<\/i><\/b><\/span><\/p>\n<div><span style=\"font-family: arial, helvetica, sans-serif;font-size: 14pt\">\u00a0 Les visiteurs pourront le consulter en cliquant sur <b><span style=\"font-size: 18pt\"><a href=\"http:\/\/asvpnf.com\/wp-content\/uploads\/2026\/06\/Fichier-2-DEF.pdf\" target=\"_blank\" rel=\"noopener\">Fichier 2<\/a><\/span>.<\/b><\/span><\/div>\n<p class=\"x_ydp4a84a1b9yiv5649553062ydp636d9807yiv7325760006ydp44c53a13MsoNoSpacing\"><span style=\"font-family: arial, helvetica, sans-serif;font-size: 14pt\"><b>\u00a0<\/b><\/span><\/p>\n<p class=\"x_ydp4a84a1b9yiv5649553062ydp636d9807yiv7325760006ydp44c53a13MsoNoSpacing\"><span style=\"font-family: arial, helvetica, sans-serif;font-size: 14pt\">Que l\u2019Editeur en chef de \u00ab<i>Entre les lignes entre les mots<\/i> \u00bb soit tr\u00e8s cordialement remerci\u00e9 d\u2019avoir permis cet emprunt \u00e0 son site internet.<\/span><\/p>\n\t\t\t\t\t\t\t\t<\/div>\n\n\t\t\t\t\t\t\t\n\t\t\t\t\t\t\t\n\t\t\t\t\t\t\t\n\t\t\t\t\t\t<\/div>\n\n\t\t\t\t\t<\/div>\n\n\t\t\t\t\t\n\t\t\t\t\n\t\t\t\t\t<div class=\"iw-so-article iw-so-no-thumb iw-so-blog-one-column iw-so-last-col\">\n\n\t\t\t\t\t\t<div class=\"iw-so-article-content\">\n\n\t\t\t\t\t\t\t\n\t\t\t\t\t\t\t\n\t\t\t\t\t\t\t<h3 class=\"iw-so-article-title iw-text-left\">\n\t\t\t\t\t\t\t\t\t\t\t\t\t\t\t\t\tD\u00e9sacraliser et d\u00e9mystifier  les oripeaux religieux\t\t\t\t\t\t\t\t\t\t\t\t\t\t\t<\/h3>\n\n\t\t\t\t\t\t\t\n\t\t\t\t\t\t\t\n\t\t\t\t\t\t\t\t<div class=\"iw-so-article-full\">\n\t\t\t\t\t\t\t\t\t<p><span style=\"font-family: arial, helvetica, sans-serif;font-size: 14pt\" data-olk-copy-source=\"MessageBody\">L\u2019Association \u00ab\u00a0 <i>La Vigie de la La\u00efcit\u00e9<\/i> \u00bb vient de publier dans sa\u00a0 Newsletter n\u00b0 31 \u00a0trois articles traitant de \u00a0la question de <b><i>\u00ab La\u00a0 La\u00efcit\u00e9 et les v\u00eatements religieux <\/i><\/b>\u00bb. Dans la pr\u00e9sentation qui en est faite il appara\u00eet que : \u00ab\u00a0<\/span><br \/>\n<span style=\"font-family: arial, helvetica, sans-serif;font-size: 14pt\"><b><i>Des questions qui parviennent \u00e0 la <\/i><\/b><b>Vigie de la la\u00efcit\u00e9<i>, celles portant sur le port du voile islamique sont parmi les plus fr\u00e9quentes. Ce rituel vestimentaire, embl\u00e9matique de l\u2019appartenance \u00e0 la religion musulmane, fait r\u00e9guli\u00e8rement l\u2019objet d\u2019une attention politico-m\u00e9diatique depuis octobre 1989, date \u00e0 laquelle 3 jeunes filles d\u2019un coll\u00e8ge de Creil entr\u00e8rent voil\u00e9es dans leur \u00e9tablissement et en furent exclues.<\/i><\/b><\/span><\/p>\n<p class=\"x_ydpbbc9ed39yiv2572265440ydpfc99b41aMsoNormal\"><span style=\"font-family: arial, helvetica, sans-serif;font-size: 14pt\"><b>La Vigie<i> a d\u00e9j\u00e0 consacr\u00e9 plusieurs articles \u00e0 cette th\u00e9matique, mais nous avons souhait\u00e9 y revenir sous une forme renouvel\u00e9e en nous d\u00e9calant de l\u2019actualit\u00e9. Pour cela, trois universitaires ont accept\u00e9 d\u2019apporter un \u00e9clairage distanci\u00e9 sur cette pratique qui fait l\u2019objet de tant de controverses :<\/i><\/b><\/span><\/p>\n<p class=\"x_ydpbbc9ed39yiv2572265440ydpfc99b41aMsoNormal\"><span style=\"font-family: arial, helvetica, sans-serif;font-size: 14pt\"><b>\u00a0<\/b><\/span><\/p>\n<p class=\"x_ydpbbc9ed39yiv2572265440ydpfc99b41aMsoNormal\"><span style=\"font-family: arial, helvetica, sans-serif;font-size: 14pt\"><b>Philippe Martin<\/b><i>, <b>professeur d\u2019histoire \u00e0 l\u2019universit\u00e9 de<\/b><\/i><\/span><\/p>\n<p class=\"x_ydpbbc9ed39yiv2572265440ydpfc99b41aMsoNormal\"><span style=\"font-family: arial, helvetica, sans-serif;font-size: 14pt\"><b><i>Lyon 1 et auteur d\u2019un article remarqu\u00e9 dans l\u2019ouvrage collectif La\u00efcit\u00e9 scolaire (Presses universitaires de Lyon), <\/i><\/b><\/span><\/p>\n<p class=\"x_ydpbbc9ed39yiv2572265440ydpfc99b41aMsoNormal\"><span style=\"font-family: arial, helvetica, sans-serif;font-size: 14pt\"><b><i>\u00a0<\/i><\/b><\/span><\/p>\n<p class=\"x_ydpbbc9ed39yiv2572265440ydpfc99b41aMsoNormal\"><span style=\"font-family: arial, helvetica, sans-serif;font-size: 14pt\"><b><i>Jacqueline Chabbi,, professeur \u00e9m\u00e9rite d\u2019\u00e9tudes arabes \u00e0 l\u2019universit\u00e9 Paris 8 et autrice de nombreux ouvrages sur les origines de l\u2019islam et le proph\u00e8te Mahomet,<\/i><\/b><\/span><\/p>\n<p class=\"x_ydpbbc9ed39yiv2572265440ydpfc99b41aMsoNormal\"><span style=\"font-family: arial, helvetica, sans-serif;font-size: 14pt\"><b>\u00a0<\/b><\/span><\/p>\n<p class=\"x_ydpbbc9ed39yiv2572265440ydpfc99b41aMsoNormal\"><span style=\"font-family: arial, helvetica, sans-serif;font-size: 14pt\"><b>Alberto Fabio Ambrosio<\/b><b><i>, th\u00e9ologien, co-directeur avec Nathalie Roelens de Mode modeste\u00a0 (Hermann) \u00bb.<\/i><\/b><\/span><\/p>\n<p class=\"x_ydpbbc9ed39yiv2572265440ydpfc99b41aMsoNormal\"><span style=\"font-family: arial, helvetica, sans-serif;font-size: 14pt\"><b><i>\u00a0<\/i><\/b><\/span><\/p>\n<p class=\"x_ydpbbc9ed39yiv2572265440ydpfc99b41aMsoNormal\"><span style=\"font-family: arial, helvetica, sans-serif;font-size: 14pt\">Les \u00e9diteurs de \u00a0<i>La Vigie de la la\u00efcit\u00e9<\/i> nous ont express\u00e9ment autoris\u00e9 \u00e0 reproduire et \u00e0 repr\u00e9senter ces trois textes .Les visiteurs pourront en prendre connaissance en cliquant sur <span style=\"font-size: 18pt\"><strong><a href=\"http:\/\/asvpnf.com\/wp-content\/uploads\/2026\/06\/La-Laicite-et-les-vetements-religieux.pdf\" target=\"_blank\" rel=\"noopener\">Fichier 1<\/a><\/strong><\/span><\/span><\/p>\n<p class=\"x_ydpbbc9ed39yiv2572265440ydpfc99b41aMsoNormal\"><span style=\"font-family: arial, helvetica, sans-serif;font-size: 14pt\">Ils pourront \u00e9galement consulter, en cliquant\u00a0 sur <b><span style=\"font-size: 18pt\"><a href=\"http:\/\/asvpnf.com\/wp-content\/uploads\/2026\/06\/Fichier-2-Desacraliser-et-demystifier.pdf\" target=\"_blank\" rel=\"noopener\">Fichier 2 <\/a><\/span> ,<\/b> le commentaire qu\u2019en fait l\u2019ASVPNF par r\u00e9f\u00e9rence\u00a0 \u00e0 son implication dans la d\u00e9fense de la la\u00efcit\u00e9 r\u00e9publicaine. En effet si les trois textes \u00e9tudi\u00e9s d\u00e9construisent utilement l\u2019id\u00e9e d\u2019un v\u00eatement religieux intemporel, ils \u00e9vitent presque enti\u00e8rement la question d\u00e9cisive de sa compatibilit\u00e9 avec la la\u00efcit\u00e9, l\u2019indivisibilit\u00e9 r\u00e9publicaine et l\u2019\u00e9galit\u00e9 entre les sexes. <span lang=\"EN-US\">Ils historicisent le signe, mais ne disent pas clairement ce qu\u2019il devient lorsqu\u2019il entre dans l\u2019espace civique et politique.<\/span><\/span><\/p>\n<p class=\"x_ydpbbc9ed39yiv2572265440ydpfc99b41aMsoNoSpacing\"><span lang=\"EN-US\" style=\"font-family: arial, helvetica, sans-serif;font-size: 14pt\">Or la R\u00e9publique ne peut traiter de la m\u00eame mani\u00e8re les services publics, l\u2019\u00e9cole et l\u2019espace public. Dans les premiers, la neutralit\u00e9 est une exigence de principe ; \u00e0 l\u2019\u00e9cole, elle est une condition de formation du citoyen et d\u2019\u00e9galit\u00e9 entre les \u00e9l\u00e8ves. Dans l\u2019espace public, la libert\u00e9 demeure plus large, mais elle ne saurait l\u00e9gitimer des logiques de pression, de s\u00e9paration ou de domination dissimul\u00e9es sous le vocabulaire de l\u2019identit\u00e9.<\/span><\/p>\n<p class=\"x_ydpbbc9ed39yiv2572265440ydpfc99b41aMsoNoSpacing\"><span style=\"font-family: arial, helvetica, sans-serif;font-size: 14pt\">C\u2019est pourquoi \u00e0 l\u2019ASVPNF, on tient \u00e0 faire savoir \u00a0que les \u00ab <i>v\u00eatements dits religieux<\/i> \u00bb ne peuvent \u00eatre consid\u00e9r\u00e9s comme de simples marqueurs culturels. <span lang=\"EN-US\">Selon les contextes, ils peuvent aussi devenir des instruments d\u2019assignation, de contr\u00f4le des corps et de visibilit\u00e9 communautaire. <\/span>La la\u00efcit\u00e9 n\u2019a pas \u00e0 c\u00e9der devant ces ambigu\u00eft\u00e9s. Il est \u00a0rappel\u00e9 que le bien commun prime sur les revendications confessionnelles lorsqu\u2019elles pr\u00e9tendent s\u2019imposer \u00e0 tous. \u201c<\/span><\/p>\n<p class=\"x_ydpbbc9ed39yiv2572265440ydpfc99b41aMsoNormal\"><span class=\"x_ydpbbc9ed39yiv2572265440ydpfc99b41aSansinterligneCar\" style=\"font-family: arial, helvetica, sans-serif;font-size: 14pt\"><span lang=\"EN-US\">\u00a0<\/span><\/span><\/p>\n<p class=\"x_ydpbbc9ed39yiv2572265440ydpfc99b41aMsoNormal\"><span style=\"font-family: arial, helvetica, sans-serif;font-size: 14pt\"><span class=\"x_ydpbbc9ed39yiv2572265440ydpfc99b41aSansinterligneCar\">Que les responcsables de la <i>Vigie de la La\u00efcit\u00e9<\/i> soient cordialement remerci\u00e9s \u00a0d\u2019 avoir autoris\u00e9 ces emprunts \u00e0 leur Newsletter<\/span> et d\u2019avoir \u00e9t\u00e9 \u00e0 l\u2019origine de\u00a0 notre r\u00e9flexion.<\/span><\/p>\n\t\t\t\t\t\t\t\t<\/div>\n\n\t\t\t\t\t\t\t\n\t\t\t\t\t\t\t\n\t\t\t\t\t\t\t\n\t\t\t\t\t\t<\/div>\n\n\t\t\t\t\t<\/div>\n\n\t\t\t\t\t\n\t\t\t\t\n\t\t\t<\/div>\n\n\t\t\t\n\t\t\t\t\t<h3 class=\"screen-reader-text\">Posts Navigation<\/h3>\n\t\t\t<nav id='iw-so-blog-pagination' class=\"iw-so-blog-pagination iw-so-blog-prev-next iw-so-navi-btn iw-so-navi-btn-hover iw-so-navi-btn-click\" role=\"navigation\">\n\t\t\t\t<ul>\n\t\t\t\t\t<li class=\"iw-so-blog-previous\"><\/li>\n\t\t\t\t\t<li class=\"iw-so-blog-next\"><a href=\"https:\/\/asvpnf.com\/index.php\/wp-json\/wp\/v2\/pages\/75\/page\/2\/\" >plus ancien <span class=\"sow-icon-fontawesome sow-fas\" data-sow-icon=\"&#xf105;\"\n\t\t ><\/span><\/a><\/li>\n\t\t\t\t<\/ul>\n\t\t\t<\/nav>\n\t\t\n\t\t\n\t\n\t\t<\/div>\n\n\t<\/div>\n\n\n<\/div><\/div><\/div><div id=\"pgc-75-0-2\"  class=\"panel-grid-cell panel-grid-cell-mobile-last\" ><div class=\"panel-cell-style panel-cell-style-for-75-0-2\" ><div id=\"panel-75-0-2-0\" class=\"so-panel widget widget_dc_jqverticalmegamenu_widget panel-first-child\" data-index=\"1\" ><div class=\"panel-widget-style panel-widget-style-for-75-0-2-0\" >\t\t<div class=\"dcjq-vertical-mega-menu\" id=\"dc_jqverticalmegamenu_widget-1-item\">\r\n\t\t\r\n\t\t<ul id=\"menu-menu-sidebar\" class=\"menu\"><li id=\"menu-item-2595\" class=\"menu-item menu-item-type-post_type menu-item-object-page menu-item-2595\"><a href=\"https:\/\/asvpnf.com\/index.php\/rechercher\/\">RECHERCHER&#8230;<\/a><\/li>\n<li id=\"menu-item-159\" class=\"menu-item menu-item-type-post_type menu-item-object-page menu-item-159\"><a href=\"https:\/\/asvpnf.com\/index.php\/faire-connaissance\/\">A PROPOS<\/a><\/li>\n<li id=\"menu-item-104\" class=\"menu-item menu-item-type-post_type menu-item-object-page menu-item-104\"><a href=\"https:\/\/asvpnf.com\/index.php\/adhesion\/\">ADHESION<\/a><\/li>\n<li id=\"menu-item-107\" class=\"menu-item menu-item-type-post_type menu-item-object-page menu-item-107\"><a href=\"https:\/\/asvpnf.com\/index.php\/contact\/\">CONTACT<\/a><\/li>\n<\/ul>\t\t\r\n\t\t<\/div>\r\n\t\t<\/div><\/div><div id=\"panel-75-0-2-1\" class=\"so-panel widget\" data-index=\"2\" ><div class=\"panel-widget-style panel-widget-style-for-75-0-2-1\" ><\/div><\/div><div id=\"panel-75-0-2-2\" class=\"so-panel widget widget_ink-blog panel-last-child\" data-index=\"3\" ><div class=\"liste-articles panel-widget-style panel-widget-style-for-75-0-2-2\" id=\"liste-articles\" ><div class=\"so-widget-ink-blog so-widget-ink-blog-thumb-none-7057433e61dc\">\n<h3 class=\"widget-title\">ARTICLES<\/h3>\n\n\t<div class=\"iw-so-blog\">\n\n\t\t<div id=\"my-ajax-blog-widget\">\n\n\t\t\t<div class=\"iw-so-blog-container\">\n\n\t\t\t\t\n\t\t\t\t\t<div class=\"iw-so-article iw-so-no-thumb iw-so-blog-one-column iw-so-last-col\">\n\n\t\t\t\t\t\t<div class=\"iw-so-article-content\">\n\n\t\t\t\t\t\t\t\n\t\t\t\t\t\t\t\n\t\t\t\t\t\t\t<h6 class=\"iw-so-article-title iw-text-left\">\n\t\t\t\t\t\t\t\t<a href=\"https:\/\/asvpnf.com\/index.php\/2026\/08\/27\/pour-une-ecole-gratuite-obligatoirelaique-et-souveraine-a-lage-de-lintelligence-artificielle\/\">\t\t\t\t\t\t\t\t\tPour une Ecole gratuite, obligatoire,la\u00efque et souveraine  \u00e0 l\u2019\u00e2ge de l\u2019intelligence artificielle\t\t\t\t\t\t\t\t<\/a>\t\t\t\t\t\t\t<\/h6>\n\n\t\t\t\t\t\t\t\n\t\t\t\t\t\t\t\n\t\t\t\t\t\t\t\n\t\t\t\t\t\t\t\n\t\t\t\t\t\t<\/div>\n\n\t\t\t\t\t<\/div>\n\n\t\t\t\t\t\n\t\t\t\t\n\t\t\t\t\t<div class=\"iw-so-article iw-so-no-thumb iw-so-blog-one-column iw-so-last-col\">\n\n\t\t\t\t\t\t<div class=\"iw-so-article-content\">\n\n\t\t\t\t\t\t\t\n\t\t\t\t\t\t\t\n\t\t\t\t\t\t\t<h6 class=\"iw-so-article-title iw-text-left\">\n\t\t\t\t\t\t\t\t<a href=\"https:\/\/asvpnf.com\/index.php\/2026\/08\/19\/eglises-abus-sexuels-et-discriminations-au-royaume-uni\/\">\t\t\t\t\t\t\t\t\tEglises, abus sexuels et discriminations au Royaume Uni\t\t\t\t\t\t\t\t<\/a>\t\t\t\t\t\t\t<\/h6>\n\n\t\t\t\t\t\t\t\n\t\t\t\t\t\t\t\n\t\t\t\t\t\t\t\n\t\t\t\t\t\t\t\n\t\t\t\t\t\t<\/div>\n\n\t\t\t\t\t<\/div>\n\n\t\t\t\t\t\n\t\t\t\t\n\t\t\t\t\t<div class=\"iw-so-article iw-so-no-thumb iw-so-blog-one-column iw-so-last-col\">\n\n\t\t\t\t\t\t<div class=\"iw-so-article-content\">\n\n\t\t\t\t\t\t\t\n\t\t\t\t\t\t\t\n\t\t\t\t\t\t\t<h6 class=\"iw-so-article-title iw-text-left\">\n\t\t\t\t\t\t\t\t<a href=\"https:\/\/asvpnf.com\/index.php\/2026\/08\/17\/quand-des-paysans-cornouaillais-parlaient-politique-en-breton\/\">\t\t\t\t\t\t\t\t\tQuand des paysans cornouaillais parlaient politique en breton\t\t\t\t\t\t\t\t<\/a>\t\t\t\t\t\t\t<\/h6>\n\n\t\t\t\t\t\t\t\n\t\t\t\t\t\t\t\n\t\t\t\t\t\t\t\n\t\t\t\t\t\t\t\n\t\t\t\t\t\t<\/div>\n\n\t\t\t\t\t<\/div>\n\n\t\t\t\t\t\n\t\t\t\t\n\t\t\t\t\t<div class=\"iw-so-article iw-so-no-thumb iw-so-blog-one-column iw-so-last-col\">\n\n\t\t\t\t\t\t<div class=\"iw-so-article-content\">\n\n\t\t\t\t\t\t\t\n\t\t\t\t\t\t\t\n\t\t\t\t\t\t\t<h6 class=\"iw-so-article-title iw-text-left\">\n\t\t\t\t\t\t\t\t<a href=\"https:\/\/asvpnf.com\/index.php\/2026\/08\/14\/le-drapeau-tricolore-symbole-dispute-et-outil-de-construction-dune-conscience-nationale-laique-et-republicaine\/\">\t\t\t\t\t\t\t\t\tLe drapeau tricolore,  symbole disput\u00e9  et outil  de  \u00ab construction d\u2019une conscience nationale la\u00efque et r\u00e9publicaine \u00bb\t\t\t\t\t\t\t\t<\/a>\t\t\t\t\t\t\t<\/h6>\n\n\t\t\t\t\t\t\t\n\t\t\t\t\t\t\t\n\t\t\t\t\t\t\t\n\t\t\t\t\t\t\t\n\t\t\t\t\t\t<\/div>\n\n\t\t\t\t\t<\/div>\n\n\t\t\t\t\t\n\t\t\t\t\n\t\t\t\t\t<div class=\"iw-so-article iw-so-no-thumb iw-so-blog-one-column iw-so-last-col\">\n\n\t\t\t\t\t\t<div class=\"iw-so-article-content\">\n\n\t\t\t\t\t\t\t\n\t\t\t\t\t\t\t\n\t\t\t\t\t\t\t<h6 class=\"iw-so-article-title iw-text-left\">\n\t\t\t\t\t\t\t\t<a href=\"https:\/\/asvpnf.com\/index.php\/2026\/08\/14\/contre-lignorance-volontaire-et-lobscurantisme-demystifier-les-religions-et-leurs-emprises-contre-nature\/\">\t\t\t\t\t\t\t\t\tContre l\u2019ignorance volontaire et l\u2019obscurantisme D\u00e9mystifier les religions et leurs emprises contre nature\t\t\t\t\t\t\t\t<\/a>\t\t\t\t\t\t\t<\/h6>\n\n\t\t\t\t\t\t\t\n\t\t\t\t\t\t\t\n\t\t\t\t\t\t\t\n\t\t\t\t\t\t\t\n\t\t\t\t\t\t<\/div>\n\n\t\t\t\t\t<\/div>\n\n\t\t\t\t\t\n\t\t\t\t\n\t\t\t\t\t<div class=\"iw-so-article iw-so-no-thumb iw-so-blog-one-column iw-so-last-col\">\n\n\t\t\t\t\t\t<div class=\"iw-so-article-content\">\n\n\t\t\t\t\t\t\t\n\t\t\t\t\t\t\t\n\t\t\t\t\t\t\t<h6 class=\"iw-so-article-title iw-text-left\">\n\t\t\t\t\t\t\t\t<a href=\"https:\/\/asvpnf.com\/index.php\/2026\/07\/15\/pour-celebrer-le-90e-anniversaire-du-front-populaire-et-temoigner-de-ses-apports\/\">\t\t\t\t\t\t\t\t\tPour c\u00e9l\u00e9brer le 90\u00e8 anniversaire   du   Front populaire  et  t\u00e9moigner de ses apports\t\t\t\t\t\t\t\t<\/a>\t\t\t\t\t\t\t<\/h6>\n\n\t\t\t\t\t\t\t\n\t\t\t\t\t\t\t\n\t\t\t\t\t\t\t\n\t\t\t\t\t\t\t\n\t\t\t\t\t\t<\/div>\n\n\t\t\t\t\t<\/div>\n\n\t\t\t\t\t\n\t\t\t\t\n\t\t\t\t\t<div class=\"iw-so-article iw-so-no-thumb iw-so-blog-one-column iw-so-last-col\">\n\n\t\t\t\t\t\t<div class=\"iw-so-article-content\">\n\n\t\t\t\t\t\t\t\n\t\t\t\t\t\t\t\n\t\t\t\t\t\t\t<h6 class=\"iw-so-article-title iw-text-left\">\n\t\t\t\t\t\t\t\t<a href=\"https:\/\/asvpnf.com\/index.php\/2026\/07\/07\/jean-zay-ministre-du-front-populaire\/\">\t\t\t\t\t\t\t\t\tJean Zay, Ministre du Front populaire\t\t\t\t\t\t\t\t<\/a>\t\t\t\t\t\t\t<\/h6>\n\n\t\t\t\t\t\t\t\n\t\t\t\t\t\t\t\n\t\t\t\t\t\t\t\n\t\t\t\t\t\t\t\n\t\t\t\t\t\t<\/div>\n\n\t\t\t\t\t<\/div>\n\n\t\t\t\t\t\n\t\t\t\t\n\t\t\t\t\t<div class=\"iw-so-article iw-so-no-thumb iw-so-blog-one-column iw-so-last-col\">\n\n\t\t\t\t\t\t<div class=\"iw-so-article-content\">\n\n\t\t\t\t\t\t\t\n\t\t\t\t\t\t\t\n\t\t\t\t\t\t\t<h6 class=\"iw-so-article-title iw-text-left\">\n\t\t\t\t\t\t\t\t<a href=\"https:\/\/asvpnf.com\/index.php\/2026\/07\/07\/la-deuxieme-mort-du-professeur-samuel-paty\/\">\t\t\t\t\t\t\t\t\tLa  deuxi\u00e8me mort du Professeur  Samuel Paty ?\t\t\t\t\t\t\t\t<\/a>\t\t\t\t\t\t\t<\/h6>\n\n\t\t\t\t\t\t\t\n\t\t\t\t\t\t\t\n\t\t\t\t\t\t\t\n\t\t\t\t\t\t\t\n\t\t\t\t\t\t<\/div>\n\n\t\t\t\t\t<\/div>\n\n\t\t\t\t\t\n\t\t\t\t\n\t\t\t\t\t<div class=\"iw-so-article iw-so-no-thumb iw-so-blog-one-column iw-so-last-col\">\n\n\t\t\t\t\t\t<div class=\"iw-so-article-content\">\n\n\t\t\t\t\t\t\t\n\t\t\t\t\t\t\t\n\t\t\t\t\t\t\t<h6 class=\"iw-so-article-title iw-text-left\">\n\t\t\t\t\t\t\t\t<a href=\"https:\/\/asvpnf.com\/index.php\/2026\/06\/30\/reecrire-lhistoire-dans-le-respect-des-emblemes-fixes-par-la-constitution-de-la-republique\/\">\t\t\t\t\t\t\t\t\tR\u00e9\u00e9crire l\u2019Histoire dans le respect   des  embl\u00e8mes  fix\u00e9s par la Constitution de la R\u00e9publique\t\t\t\t\t\t\t\t<\/a>\t\t\t\t\t\t\t<\/h6>\n\n\t\t\t\t\t\t\t\n\t\t\t\t\t\t\t\n\t\t\t\t\t\t\t\n\t\t\t\t\t\t\t\n\t\t\t\t\t\t<\/div>\n\n\t\t\t\t\t<\/div>\n\n\t\t\t\t\t\n\t\t\t\t\n\t\t\t\t\t<div class=\"iw-so-article iw-so-no-thumb iw-so-blog-one-column iw-so-last-col\">\n\n\t\t\t\t\t\t<div class=\"iw-so-article-content\">\n\n\t\t\t\t\t\t\t\n\t\t\t\t\t\t\t\n\t\t\t\t\t\t\t<h6 class=\"iw-so-article-title iw-text-left\">\n\t\t\t\t\t\t\t\t<a href=\"https:\/\/asvpnf.com\/index.php\/2026\/06\/28\/marc-bloch-la-pantheonisation-dun-homme-accompli\/\">\t\t\t\t\t\t\t\t\tMarc Bloch, la panth\u00e9onisation  d\u2019un  Homme accompli !\t\t\t\t\t\t\t\t<\/a>\t\t\t\t\t\t\t<\/h6>\n\n\t\t\t\t\t\t\t\n\t\t\t\t\t\t\t\n\t\t\t\t\t\t\t\n\t\t\t\t\t\t\t\n\t\t\t\t\t\t<\/div>\n\n\t\t\t\t\t<\/div>\n\n\t\t\t\t\t\n\t\t\t\t\n\t\t\t\t\t<div class=\"iw-so-article iw-so-no-thumb iw-so-blog-one-column iw-so-last-col\">\n\n\t\t\t\t\t\t<div class=\"iw-so-article-content\">\n\n\t\t\t\t\t\t\t\n\t\t\t\t\t\t\t\n\t\t\t\t\t\t\t<h6 class=\"iw-so-article-title iw-text-left\">\n\t\t\t\t\t\t\t\t<a href=\"https:\/\/asvpnf.com\/index.php\/2026\/06\/23\/la-microhistoire\/\">\t\t\t\t\t\t\t\t\tLa microhistoire\t\t\t\t\t\t\t\t<\/a>\t\t\t\t\t\t\t<\/h6>\n\n\t\t\t\t\t\t\t\n\t\t\t\t\t\t\t\n\t\t\t\t\t\t\t\n\t\t\t\t\t\t\t\n\t\t\t\t\t\t<\/div>\n\n\t\t\t\t\t<\/div>\n\n\t\t\t\t\t\n\t\t\t\t\n\t\t\t\t\t<div class=\"iw-so-article iw-so-no-thumb iw-so-blog-one-column iw-so-last-col\">\n\n\t\t\t\t\t\t<div class=\"iw-so-article-content\">\n\n\t\t\t\t\t\t\t\n\t\t\t\t\t\t\t\n\t\t\t\t\t\t\t<h6 class=\"iw-so-article-title iw-text-left\">\n\t\t\t\t\t\t\t\t<a href=\"https:\/\/asvpnf.com\/index.php\/2026\/06\/22\/lecole-publique-en-danger-et-les-relations-ecole-familles\/\">\t\t\t\t\t\t\t\t\tL\u2019Ecole publique en danger et les relations Ecole-Familles.\t\t\t\t\t\t\t\t<\/a>\t\t\t\t\t\t\t<\/h6>\n\n\t\t\t\t\t\t\t\n\t\t\t\t\t\t\t\n\t\t\t\t\t\t\t\n\t\t\t\t\t\t\t\n\t\t\t\t\t\t<\/div>\n\n\t\t\t\t\t<\/div>\n\n\t\t\t\t\t\n\t\t\t\t\n\t\t\t\t\t<div class=\"iw-so-article iw-so-no-thumb iw-so-blog-one-column iw-so-last-col\">\n\n\t\t\t\t\t\t<div class=\"iw-so-article-content\">\n\n\t\t\t\t\t\t\t\n\t\t\t\t\t\t\t\n\t\t\t\t\t\t\t<h6 class=\"iw-so-article-title iw-text-left\">\n\t\t\t\t\t\t\t\t<a href=\"https:\/\/asvpnf.com\/index.php\/2026\/06\/15\/quest-ce-que-la-verite-scientifique\/\">\t\t\t\t\t\t\t\t\tQu\u2019est ce que la v\u00e9rit\u00e9 scientifique ?\t\t\t\t\t\t\t\t<\/a>\t\t\t\t\t\t\t<\/h6>\n\n\t\t\t\t\t\t\t\n\t\t\t\t\t\t\t\n\t\t\t\t\t\t\t\n\t\t\t\t\t\t\t\n\t\t\t\t\t\t<\/div>\n\n\t\t\t\t\t<\/div>\n\n\t\t\t\t\t\n\t\t\t\t\n\t\t\t\t\t<div class=\"iw-so-article iw-so-no-thumb iw-so-blog-one-column iw-so-last-col\">\n\n\t\t\t\t\t\t<div class=\"iw-so-article-content\">\n\n\t\t\t\t\t\t\t\n\t\t\t\t\t\t\t\n\t\t\t\t\t\t\t<h6 class=\"iw-so-article-title iw-text-left\">\n\t\t\t\t\t\t\t\t<a href=\"https:\/\/asvpnf.com\/index.php\/2026\/06\/15\/lecole-apprend-elle-encore-a-penser\/\">\t\t\t\t\t\t\t\t\tL\u2019Ecole apprend-elle encore \u00e0 penser ?\t\t\t\t\t\t\t\t<\/a>\t\t\t\t\t\t\t<\/h6>\n\n\t\t\t\t\t\t\t\n\t\t\t\t\t\t\t\n\t\t\t\t\t\t\t\n\t\t\t\t\t\t\t\n\t\t\t\t\t\t<\/div>\n\n\t\t\t\t\t<\/div>\n\n\t\t\t\t\t\n\t\t\t\t\n\t\t\t\t\t<div class=\"iw-so-article iw-so-no-thumb iw-so-blog-one-column iw-so-last-col\">\n\n\t\t\t\t\t\t<div class=\"iw-so-article-content\">\n\n\t\t\t\t\t\t\t\n\t\t\t\t\t\t\t\n\t\t\t\t\t\t\t<h6 class=\"iw-so-article-title iw-text-left\">\n\t\t\t\t\t\t\t\t<a href=\"https:\/\/asvpnf.com\/index.php\/2026\/06\/10\/petite-chronique-dapres-ciase-et-betharram-xi\/\">\t\t\t\t\t\t\t\t\tPetite chronique d\u2019apr\u00e8s Ciase et Betharram ( XI )\t\t\t\t\t\t\t\t<\/a>\t\t\t\t\t\t\t<\/h6>\n\n\t\t\t\t\t\t\t\n\t\t\t\t\t\t\t\n\t\t\t\t\t\t\t\n\t\t\t\t\t\t\t\n\t\t\t\t\t\t<\/div>\n\n\t\t\t\t\t<\/div>\n\n\t\t\t\t\t\n\t\t\t\t\n\t\t\t\t\t<div class=\"iw-so-article iw-so-no-thumb iw-so-blog-one-column iw-so-last-col\">\n\n\t\t\t\t\t\t<div class=\"iw-so-article-content\">\n\n\t\t\t\t\t\t\t\n\t\t\t\t\t\t\t\n\t\t\t\t\t\t\t<h6 class=\"iw-so-article-title iw-text-left\">\n\t\t\t\t\t\t\t\t<a href=\"https:\/\/asvpnf.com\/index.php\/2026\/06\/10\/le-club-des-dirigeants-de-leducation\/\">\t\t\t\t\t\t\t\t\tLe club des dirigeants de l\u2019Education\t\t\t\t\t\t\t\t<\/a>\t\t\t\t\t\t\t<\/h6>\n\n\t\t\t\t\t\t\t\n\t\t\t\t\t\t\t\n\t\t\t\t\t\t\t\n\t\t\t\t\t\t\t\n\t\t\t\t\t\t<\/div>\n\n\t\t\t\t\t<\/div>\n\n\t\t\t\t\t\n\t\t\t\t\n\t\t\t\t\t<div class=\"iw-so-article iw-so-no-thumb iw-so-blog-one-column iw-so-last-col\">\n\n\t\t\t\t\t\t<div class=\"iw-so-article-content\">\n\n\t\t\t\t\t\t\t\n\t\t\t\t\t\t\t\n\t\t\t\t\t\t\t<h6 class=\"iw-so-article-title iw-text-left\">\n\t\t\t\t\t\t\t\t<a href=\"https:\/\/asvpnf.com\/index.php\/2026\/06\/08\/quand-le-secret-de-la-confession-deborde-leglise\/\">\t\t\t\t\t\t\t\t\tQuand le secret de la confession d\u00e9borde l\u2019\u00c9glise\t\t\t\t\t\t\t\t<\/a>\t\t\t\t\t\t\t<\/h6>\n\n\t\t\t\t\t\t\t\n\t\t\t\t\t\t\t\n\t\t\t\t\t\t\t\n\t\t\t\t\t\t\t\n\t\t\t\t\t\t<\/div>\n\n\t\t\t\t\t<\/div>\n\n\t\t\t\t\t\n\t\t\t\t\n\t\t\t\t\t<div class=\"iw-so-article iw-so-no-thumb iw-so-blog-one-column iw-so-last-col\">\n\n\t\t\t\t\t\t<div class=\"iw-so-article-content\">\n\n\t\t\t\t\t\t\t\n\t\t\t\t\t\t\t\n\t\t\t\t\t\t\t<h6 class=\"iw-so-article-title iw-text-left\">\n\t\t\t\t\t\t\t\t<a href=\"https:\/\/asvpnf.com\/index.php\/2026\/06\/03\/a-propos-de-la-loi-post-betharram-examinee-recemment-a-lassemblee-nationale\/\">\t\t\t\t\t\t\t\t\tA propos de la Loi \u201cpost-B\u00e9tharram\u201d examin\u00e9e r\u00e9cemment \u00e0 l\u2019Assembl\u00e9e nationale\t\t\t\t\t\t\t\t<\/a>\t\t\t\t\t\t\t<\/h6>\n\n\t\t\t\t\t\t\t\n\t\t\t\t\t\t\t\n\t\t\t\t\t\t\t\n\t\t\t\t\t\t\t\n\t\t\t\t\t\t<\/div>\n\n\t\t\t\t\t<\/div>\n\n\t\t\t\t\t\n\t\t\t\t\n\t\t\t\t\t<div class=\"iw-so-article iw-so-no-thumb iw-so-blog-one-column iw-so-last-col\">\n\n\t\t\t\t\t\t<div class=\"iw-so-article-content\">\n\n\t\t\t\t\t\t\t\n\t\t\t\t\t\t\t\n\t\t\t\t\t\t\t<h6 class=\"iw-so-article-title iw-text-left\">\n\t\t\t\t\t\t\t\t<a href=\"https:\/\/asvpnf.com\/index.php\/2026\/06\/03\/a-propos-de-lhistoire-longue-de-la-laicite\/\">\t\t\t\t\t\t\t\t\tA propos de l\u2018histoire longue de la la\u00efcit\u00e9\t\t\t\t\t\t\t\t<\/a>\t\t\t\t\t\t\t<\/h6>\n\n\t\t\t\t\t\t\t\n\t\t\t\t\t\t\t\n\t\t\t\t\t\t\t\n\t\t\t\t\t\t\t\n\t\t\t\t\t\t<\/div>\n\n\t\t\t\t\t<\/div>\n\n\t\t\t\t\t\n\t\t\t\t\n\t\t\t\t\t<div class=\"iw-so-article iw-so-no-thumb iw-so-blog-one-column iw-so-last-col\">\n\n\t\t\t\t\t\t<div class=\"iw-so-article-content\">\n\n\t\t\t\t\t\t\t\n\t\t\t\t\t\t\t\n\t\t\t\t\t\t\t<h6 class=\"iw-so-article-title iw-text-left\">\n\t\t\t\t\t\t\t\t<a href=\"https:\/\/asvpnf.com\/index.php\/2026\/06\/03\/linstauration-de-la-vie-republicaine\/\">\t\t\t\t\t\t\t\t\tL\u2019instauration de la vie r\u00e9publicaine\t\t\t\t\t\t\t\t<\/a>\t\t\t\t\t\t\t<\/h6>\n\n\t\t\t\t\t\t\t\n\t\t\t\t\t\t\t\n\t\t\t\t\t\t\t\n\t\t\t\t\t\t\t\n\t\t\t\t\t\t<\/div>\n\n\t\t\t\t\t<\/div>\n\n\t\t\t\t\t\n\t\t\t\t\n\t\t\t\t\t<div class=\"iw-so-article iw-so-no-thumb iw-so-blog-one-column iw-so-last-col\">\n\n\t\t\t\t\t\t<div class=\"iw-so-article-content\">\n\n\t\t\t\t\t\t\t\n\t\t\t\t\t\t\t\n\t\t\t\t\t\t\t<h6 class=\"iw-so-article-title iw-text-left\">\n\t\t\t\t\t\t\t\t<a href=\"https:\/\/asvpnf.com\/index.php\/2026\/06\/03\/instituteurs-et-institutrices-en-resistance\/\">\t\t\t\t\t\t\t\t\tInstituteurs et  Institutrices  en  RESISTANCE\t\t\t\t\t\t\t\t<\/a>\t\t\t\t\t\t\t<\/h6>\n\n\t\t\t\t\t\t\t\n\t\t\t\t\t\t\t\n\t\t\t\t\t\t\t\n\t\t\t\t\t\t\t\n\t\t\t\t\t\t<\/div>\n\n\t\t\t\t\t<\/div>\n\n\t\t\t\t\t\n\t\t\t\t\n\t\t\t\t\t<div class=\"iw-so-article iw-so-no-thumb iw-so-blog-one-column iw-so-last-col\">\n\n\t\t\t\t\t\t<div class=\"iw-so-article-content\">\n\n\t\t\t\t\t\t\t\n\t\t\t\t\t\t\t\n\t\t\t\t\t\t\t<h6 class=\"iw-so-article-title iw-text-left\">\n\t\t\t\t\t\t\t\t<a href=\"https:\/\/asvpnf.com\/index.php\/2026\/05\/20\/la-revolte-de-fouesnant-1792\/\">\t\t\t\t\t\t\t\t\tLa R\u00e9volte de\u00a0Fouesnant (1792)\t\t\t\t\t\t\t\t<\/a>\t\t\t\t\t\t\t<\/h6>\n\n\t\t\t\t\t\t\t\n\t\t\t\t\t\t\t\n\t\t\t\t\t\t\t\n\t\t\t\t\t\t\t\n\t\t\t\t\t\t<\/div>\n\n\t\t\t\t\t<\/div>\n\n\t\t\t\t\t\n\t\t\t\t\n\t\t\t\t\t<div class=\"iw-so-article iw-so-no-thumb iw-so-blog-one-column iw-so-last-col\">\n\n\t\t\t\t\t\t<div class=\"iw-so-article-content\">\n\n\t\t\t\t\t\t\t\n\t\t\t\t\t\t\t\n\t\t\t\t\t\t\t<h6 class=\"iw-so-article-title iw-text-left\">\n\t\t\t\t\t\t\t\t<a href=\"https:\/\/asvpnf.com\/index.php\/2026\/05\/20\/comprendre-lantisemitisme-pour-defendre-luniversel\/\">\t\t\t\t\t\t\t\t\tComprendre l\u2019antis\u00e9mitisme pour d\u00e9fendre l\u2019universel\t\t\t\t\t\t\t\t<\/a>\t\t\t\t\t\t\t<\/h6>\n\n\t\t\t\t\t\t\t\n\t\t\t\t\t\t\t\n\t\t\t\t\t\t\t\n\t\t\t\t\t\t\t\n\t\t\t\t\t\t<\/div>\n\n\t\t\t\t\t<\/div>\n\n\t\t\t\t\t\n\t\t\t\t\n\t\t\t\t\t<div class=\"iw-so-article iw-so-no-thumb iw-so-blog-one-column iw-so-last-col\">\n\n\t\t\t\t\t\t<div class=\"iw-so-article-content\">\n\n\t\t\t\t\t\t\t\n\t\t\t\t\t\t\t\n\t\t\t\t\t\t\t<h6 class=\"iw-so-article-title iw-text-left\">\n\t\t\t\t\t\t\t\t<a href=\"https:\/\/asvpnf.com\/index.php\/2026\/05\/20\/la-greve-des-papetiers-et-papetieres-de-cascadec\/\">\t\t\t\t\t\t\t\t\tLa gr\u00e8ve des papetiers et papeti\u00e8res  de  Cascadec\t\t\t\t\t\t\t\t<\/a>\t\t\t\t\t\t\t<\/h6>\n\n\t\t\t\t\t\t\t\n\t\t\t\t\t\t\t\n\t\t\t\t\t\t\t\n\t\t\t\t\t\t\t\n\t\t\t\t\t\t<\/div>\n\n\t\t\t\t\t<\/div>\n\n\t\t\t\t\t\n\t\t\t\t\n\t\t\t\t\t<div class=\"iw-so-article iw-so-no-thumb iw-so-blog-one-column iw-so-last-col\">\n\n\t\t\t\t\t\t<div class=\"iw-so-article-content\">\n\n\t\t\t\t\t\t\t\n\t\t\t\t\t\t\t\n\t\t\t\t\t\t\t<h6 class=\"iw-so-article-title iw-text-left\">\n\t\t\t\t\t\t\t\t<a href=\"https:\/\/asvpnf.com\/index.php\/2026\/05\/09\/lorsque-le-journal-republicain-le-finistere\/\">\t\t\t\t\t\t\t\t\tLorsque le journal  r\u00e9publicain  Le Finist\u00e8re\t\t\t\t\t\t\t\t<\/a>\t\t\t\t\t\t\t<\/h6>\n\n\t\t\t\t\t\t\t\n\t\t\t\t\t\t\t\n\t\t\t\t\t\t\t\n\t\t\t\t\t\t\t\n\t\t\t\t\t\t<\/div>\n\n\t\t\t\t\t<\/div>\n\n\t\t\t\t\t\n\t\t\t\t\n\t\t\t\t\t<div class=\"iw-so-article iw-so-no-thumb iw-so-blog-one-column iw-so-last-col\">\n\n\t\t\t\t\t\t<div class=\"iw-so-article-content\">\n\n\t\t\t\t\t\t\t\n\t\t\t\t\t\t\t\n\t\t\t\t\t\t\t<h6 class=\"iw-so-article-title iw-text-left\">\n\t\t\t\t\t\t\t\t<a href=\"https:\/\/asvpnf.com\/index.php\/2026\/05\/02\/petite-chronique-dapres-ciase-et-betharram-viii-2\/\">\t\t\t\t\t\t\t\t\tPetite chronique d\u2019apr\u00e8s Ciase et Betharram (VIII)\t\t\t\t\t\t\t\t<\/a>\t\t\t\t\t\t\t<\/h6>\n\n\t\t\t\t\t\t\t\n\t\t\t\t\t\t\t\n\t\t\t\t\t\t\t\n\t\t\t\t\t\t\t\n\t\t\t\t\t\t<\/div>\n\n\t\t\t\t\t<\/div>\n\n\t\t\t\t\t\n\t\t\t\t\n\t\t\t\t\t<div class=\"iw-so-article iw-so-no-thumb iw-so-blog-one-column iw-so-last-col\">\n\n\t\t\t\t\t\t<div class=\"iw-so-article-content\">\n\n\t\t\t\t\t\t\t\n\t\t\t\t\t\t\t\n\t\t\t\t\t\t\t<h6 class=\"iw-so-article-title iw-text-left\">\n\t\t\t\t\t\t\t\t<a href=\"https:\/\/asvpnf.com\/index.php\/2026\/05\/01\/premier-mai-2026-jour-ferie-chome-et-paye\/\">\t\t\t\t\t\t\t\t\tPremier Mai 2026 Jour f\u00e9ri\u00e9, ch\u00f4m\u00e9 et pay\u00e9\t\t\t\t\t\t\t\t<\/a>\t\t\t\t\t\t\t<\/h6>\n\n\t\t\t\t\t\t\t\n\t\t\t\t\t\t\t\n\t\t\t\t\t\t\t\n\t\t\t\t\t\t\t\n\t\t\t\t\t\t<\/div>\n\n\t\t\t\t\t<\/div>\n\n\t\t\t\t\t\n\t\t\t\t\n\t\t\t\t\t<div class=\"iw-so-article iw-so-no-thumb iw-so-blog-one-column iw-so-last-col\">\n\n\t\t\t\t\t\t<div class=\"iw-so-article-content\">\n\n\t\t\t\t\t\t\t\n\t\t\t\t\t\t\t\n\t\t\t\t\t\t\t<h6 class=\"iw-so-article-title iw-text-left\">\n\t\t\t\t\t\t\t\t<a href=\"https:\/\/asvpnf.com\/index.php\/2026\/04\/27\/en-hommage-a-yves-cotty\/\">\t\t\t\t\t\t\t\t\tEn hommage \u00e0 Yves Cotty\t\t\t\t\t\t\t\t<\/a>\t\t\t\t\t\t\t<\/h6>\n\n\t\t\t\t\t\t\t\n\t\t\t\t\t\t\t\n\t\t\t\t\t\t\t\n\t\t\t\t\t\t\t\n\t\t\t\t\t\t<\/div>\n\n\t\t\t\t\t<\/div>\n\n\t\t\t\t\t\n\t\t\t\t\n\t\t\t\t\t<div class=\"iw-so-article iw-so-no-thumb iw-so-blog-one-column iw-so-last-col\">\n\n\t\t\t\t\t\t<div class=\"iw-so-article-content\">\n\n\t\t\t\t\t\t\t\n\t\t\t\t\t\t\t\n\t\t\t\t\t\t\t<h6 class=\"iw-so-article-title iw-text-left\">\n\t\t\t\t\t\t\t\t<a href=\"https:\/\/asvpnf.com\/index.php\/2026\/04\/27\/chronique-electorale-bretonne-a-plomeur-dans-le-finistere-mars-1906\/\">\t\t\t\t\t\t\t\t\tChronique  \u00e9lectorale bretonne  \u00e0 Plomeur dans le Finist\u00e8re (mars 1906)\t\t\t\t\t\t\t\t<\/a>\t\t\t\t\t\t\t<\/h6>\n\n\t\t\t\t\t\t\t\n\t\t\t\t\t\t\t\n\t\t\t\t\t\t\t\n\t\t\t\t\t\t\t\n\t\t\t\t\t\t<\/div>\n\n\t\t\t\t\t<\/div>\n\n\t\t\t\t\t\n\t\t\t\t\n\t\t\t\t\t<div class=\"iw-so-article iw-so-no-thumb iw-so-blog-one-column iw-so-last-col\">\n\n\t\t\t\t\t\t<div class=\"iw-so-article-content\">\n\n\t\t\t\t\t\t\t\n\t\t\t\t\t\t\t\n\t\t\t\t\t\t\t<h6 class=\"iw-so-article-title iw-text-left\">\n\t\t\t\t\t\t\t\t<a href=\"https:\/\/asvpnf.com\/index.php\/2026\/04\/26\/lodyssee-de-la-capsule-spatiale-orion\/\">\t\t\t\t\t\t\t\t\tL\u2019odyss\u00e9e de la capsule spatiale ORION\t\t\t\t\t\t\t\t<\/a>\t\t\t\t\t\t\t<\/h6>\n\n\t\t\t\t\t\t\t\n\t\t\t\t\t\t\t\n\t\t\t\t\t\t\t\n\t\t\t\t\t\t\t\n\t\t\t\t\t\t<\/div>\n\n\t\t\t\t\t<\/div>\n\n\t\t\t\t\t\n\t\t\t\t\n\t\t\t\t\t<div class=\"iw-so-article iw-so-no-thumb iw-so-blog-one-column iw-so-last-col\">\n\n\t\t\t\t\t\t<div class=\"iw-so-article-content\">\n\n\t\t\t\t\t\t\t\n\t\t\t\t\t\t\t\n\t\t\t\t\t\t\t<h6 class=\"iw-so-article-title iw-text-left\">\n\t\t\t\t\t\t\t\t<a href=\"https:\/\/asvpnf.com\/index.php\/2026\/04\/09\/un-pamphlet-breton-republicain-de-1887-mis-en-lumiere\/\">\t\t\t\t\t\t\t\t\tUn pamphlet breton r\u00e9publicain de 1887 mis en lumi\u00e8re.\t\t\t\t\t\t\t\t<\/a>\t\t\t\t\t\t\t<\/h6>\n\n\t\t\t\t\t\t\t\n\t\t\t\t\t\t\t\n\t\t\t\t\t\t\t\n\t\t\t\t\t\t\t\n\t\t\t\t\t\t<\/div>\n\n\t\t\t\t\t<\/div>\n\n\t\t\t\t\t\n\t\t\t\t\n\t\t\t\t\t<div class=\"iw-so-article iw-so-no-thumb iw-so-blog-one-column iw-so-last-col\">\n\n\t\t\t\t\t\t<div class=\"iw-so-article-content\">\n\n\t\t\t\t\t\t\t\n\t\t\t\t\t\t\t\n\t\t\t\t\t\t\t<h6 class=\"iw-so-article-title iw-text-left\">\n\t\t\t\t\t\t\t\t<a href=\"https:\/\/asvpnf.com\/index.php\/2026\/04\/01\/contre-la-tranquillite-de-lantisemitisme-appel-a-la-vigilance-republicaine\/\">\t\t\t\t\t\t\t\t\tContre la tranquillit\u00e9 de l\u2019antis\u00e9mitisme : appel \u00e0 la vigilance r\u00e9publicaine !\t\t\t\t\t\t\t\t<\/a>\t\t\t\t\t\t\t<\/h6>\n\n\t\t\t\t\t\t\t\n\t\t\t\t\t\t\t\n\t\t\t\t\t\t\t\n\t\t\t\t\t\t\t\n\t\t\t\t\t\t<\/div>\n\n\t\t\t\t\t<\/div>\n\n\t\t\t\t\t\n\t\t\t\t\n\t\t\t\t\t<div class=\"iw-so-article iw-so-no-thumb iw-so-blog-one-column iw-so-last-col\">\n\n\t\t\t\t\t\t<div class=\"iw-so-article-content\">\n\n\t\t\t\t\t\t\t\n\t\t\t\t\t\t\t\n\t\t\t\t\t\t\t<h6 class=\"iw-so-article-title iw-text-left\">\n\t\t\t\t\t\t\t\t<a href=\"https:\/\/asvpnf.com\/index.php\/2026\/04\/01\/dame-de-fer-et-femmes-de-sciences-de-la-tour-eiffel-a-la-posterite\/\">\t\t\t\t\t\t\t\t\tDame de fer et femmes de sciences : de la Tour Eiffel \u00e0 la post\u00e9rit\u00e9\u00a0!\t\t\t\t\t\t\t\t<\/a>\t\t\t\t\t\t\t<\/h6>\n\n\t\t\t\t\t\t\t\n\t\t\t\t\t\t\t\n\t\t\t\t\t\t\t\n\t\t\t\t\t\t\t\n\t\t\t\t\t\t<\/div>\n\n\t\t\t\t\t<\/div>\n\n\t\t\t\t\t\n\t\t\t\t\n\t\t\t\t\t<div class=\"iw-so-article iw-so-no-thumb iw-so-blog-one-column iw-so-last-col\">\n\n\t\t\t\t\t\t<div class=\"iw-so-article-content\">\n\n\t\t\t\t\t\t\t\n\t\t\t\t\t\t\t\n\t\t\t\t\t\t\t<h6 class=\"iw-so-article-title iw-text-left\">\n\t\t\t\t\t\t\t\t<a href=\"https:\/\/asvpnf.com\/index.php\/2026\/03\/28\/jospin-et-lecole-la-reforme-inachevee\/\">\t\t\t\t\t\t\t\t\tJospin et\u00a0l\u2019Ecole :\u00a0la r\u00e9forme inachev\u00e9e et les Ecoles normales supprim\u00e9es.\t\t\t\t\t\t\t\t<\/a>\t\t\t\t\t\t\t<\/h6>\n\n\t\t\t\t\t\t\t\n\t\t\t\t\t\t\t\n\t\t\t\t\t\t\t\n\t\t\t\t\t\t\t\n\t\t\t\t\t\t<\/div>\n\n\t\t\t\t\t<\/div>\n\n\t\t\t\t\t\n\t\t\t\t\n\t\t\t\t\t<div class=\"iw-so-article iw-so-no-thumb iw-so-blog-one-column iw-so-last-col\">\n\n\t\t\t\t\t\t<div class=\"iw-so-article-content\">\n\n\t\t\t\t\t\t\t\n\t\t\t\t\t\t\t\n\t\t\t\t\t\t\t<h6 class=\"iw-so-article-title iw-text-left\">\n\t\t\t\t\t\t\t\t<a href=\"https:\/\/asvpnf.com\/index.php\/2026\/03\/25\/conduire-sa-raison-afin-de-resister-en-ces-temps-de-post-verite\/\">\t\t\t\t\t\t\t\t\t\u00ab\u00a0Conduire sa raison\u00a0\u00bb afin de r\u00e9sister en ces temps de \u00ab\u00a0post-v\u00e9rit\u00e9\u00a0\u00bb\t\t\t\t\t\t\t\t<\/a>\t\t\t\t\t\t\t<\/h6>\n\n\t\t\t\t\t\t\t\n\t\t\t\t\t\t\t\n\t\t\t\t\t\t\t\n\t\t\t\t\t\t\t\n\t\t\t\t\t\t<\/div>\n\n\t\t\t\t\t<\/div>\n\n\t\t\t\t\t\n\t\t\t\t\n\t\t\t\t\t<div class=\"iw-so-article iw-so-no-thumb iw-so-blog-one-column iw-so-last-col\">\n\n\t\t\t\t\t\t<div class=\"iw-so-article-content\">\n\n\t\t\t\t\t\t\t\n\t\t\t\t\t\t\t\n\t\t\t\t\t\t\t<h6 class=\"iw-so-article-title iw-text-left\">\n\t\t\t\t\t\t\t\t<a href=\"https:\/\/asvpnf.com\/index.php\/2026\/03\/11\/petite-chronique-dapres-ciase-et-betharram-viii\/\">\t\t\t\t\t\t\t\t\tPetite chronique d\u2019apr\u00e8s Ciase et Betharram (VIII)\t\t\t\t\t\t\t\t<\/a>\t\t\t\t\t\t\t<\/h6>\n\n\t\t\t\t\t\t\t\n\t\t\t\t\t\t\t\n\t\t\t\t\t\t\t\n\t\t\t\t\t\t\t\n\t\t\t\t\t\t<\/div>\n\n\t\t\t\t\t<\/div>\n\n\t\t\t\t\t\n\t\t\t\t\n\t\t\t\t\t<div class=\"iw-so-article iw-so-no-thumb iw-so-blog-one-column iw-so-last-col\">\n\n\t\t\t\t\t\t<div class=\"iw-so-article-content\">\n\n\t\t\t\t\t\t\t\n\t\t\t\t\t\t\t\n\t\t\t\t\t\t\t<h6 class=\"iw-so-article-title iw-text-left\">\n\t\t\t\t\t\t\t\t<a href=\"https:\/\/asvpnf.com\/index.php\/2026\/02\/11\/petite-chronique-dapres-ciase-et-betharram-vii\/\">\t\t\t\t\t\t\t\t\tPetite chronique d\u2019apr\u00e8s Ciase et Betharram (VII)\t\t\t\t\t\t\t\t<\/a>\t\t\t\t\t\t\t<\/h6>\n\n\t\t\t\t\t\t\t\n\t\t\t\t\t\t\t\n\t\t\t\t\t\t\t\n\t\t\t\t\t\t\t\n\t\t\t\t\t\t<\/div>\n\n\t\t\t\t\t<\/div>\n\n\t\t\t\t\t\n\t\t\t\t\n\t\t\t\t\t<div class=\"iw-so-article iw-so-no-thumb iw-so-blog-one-column iw-so-last-col\">\n\n\t\t\t\t\t\t<div class=\"iw-so-article-content\">\n\n\t\t\t\t\t\t\t\n\t\t\t\t\t\t\t\n\t\t\t\t\t\t\t<h6 class=\"iw-so-article-title iw-text-left\">\n\t\t\t\t\t\t\t\t<a href=\"https:\/\/asvpnf.com\/index.php\/2026\/02\/11\/refuser-linterdit-un-deni-deducation\/\">\t\t\t\t\t\t\t\t\tRefuser l\u2019interdit : un d\u00e9ni d\u2019\u00e9ducation\t\t\t\t\t\t\t\t<\/a>\t\t\t\t\t\t\t<\/h6>\n\n\t\t\t\t\t\t\t\n\t\t\t\t\t\t\t\n\t\t\t\t\t\t\t\n\t\t\t\t\t\t\t\n\t\t\t\t\t\t<\/div>\n\n\t\t\t\t\t<\/div>\n\n\t\t\t\t\t\n\t\t\t\t\n\t\t\t\t\t<div class=\"iw-so-article iw-so-no-thumb iw-so-blog-one-column iw-so-last-col\">\n\n\t\t\t\t\t\t<div class=\"iw-so-article-content\">\n\n\t\t\t\t\t\t\t\n\t\t\t\t\t\t\t\n\t\t\t\t\t\t\t<h6 class=\"iw-so-article-title iw-text-left\">\n\t\t\t\t\t\t\t\t<a href=\"https:\/\/asvpnf.com\/index.php\/2026\/02\/06\/asvpnf-vie-associative\/\">\t\t\t\t\t\t\t\t\tASVPNF : vie\u00a0 associative\t\t\t\t\t\t\t\t<\/a>\t\t\t\t\t\t\t<\/h6>\n\n\t\t\t\t\t\t\t\n\t\t\t\t\t\t\t\n\t\t\t\t\t\t\t\n\t\t\t\t\t\t\t\n\t\t\t\t\t\t<\/div>\n\n\t\t\t\t\t<\/div>\n\n\t\t\t\t\t\n\t\t\t\t\n\t\t\t\t\t<div class=\"iw-so-article iw-so-no-thumb iw-so-blog-one-column iw-so-last-col\">\n\n\t\t\t\t\t\t<div class=\"iw-so-article-content\">\n\n\t\t\t\t\t\t\t\n\t\t\t\t\t\t\t\n\t\t\t\t\t\t\t<h6 class=\"iw-so-article-title iw-text-left\">\n\t\t\t\t\t\t\t\t<a href=\"https:\/\/asvpnf.com\/index.php\/2026\/02\/06\/a-la-memoire-de-roselyne-degremont\/\">\t\t\t\t\t\t\t\t\tA la m\u00e9moire de Roselyne D\u00e9gremont.\t\t\t\t\t\t\t\t<\/a>\t\t\t\t\t\t\t<\/h6>\n\n\t\t\t\t\t\t\t\n\t\t\t\t\t\t\t\n\t\t\t\t\t\t\t\n\t\t\t\t\t\t\t\n\t\t\t\t\t\t<\/div>\n\n\t\t\t\t\t<\/div>\n\n\t\t\t\t\t\n\t\t\t\t\n\t\t\t\t\t<div class=\"iw-so-article iw-so-no-thumb iw-so-blog-one-column iw-so-last-col\">\n\n\t\t\t\t\t\t<div class=\"iw-so-article-content\">\n\n\t\t\t\t\t\t\t\n\t\t\t\t\t\t\t\n\t\t\t\t\t\t\t<h6 class=\"iw-so-article-title iw-text-left\">\n\t\t\t\t\t\t\t\t<a href=\"https:\/\/asvpnf.com\/index.php\/2026\/02\/01\/pour-proteger-tous-les-eleves-et-les-enfants-en-milieux-scolaire-et-periscolaire\/\">\t\t\t\t\t\t\t\t\tPour prot\u00e9ger tous les \u00e9l\u00e8ves et les enfants en milieux scolaire et p\u00e9riscolaire:\t\t\t\t\t\t\t\t<\/a>\t\t\t\t\t\t\t<\/h6>\n\n\t\t\t\t\t\t\t\n\t\t\t\t\t\t\t\n\t\t\t\t\t\t\t\n\t\t\t\t\t\t\t\n\t\t\t\t\t\t<\/div>\n\n\t\t\t\t\t<\/div>\n\n\t\t\t\t\t\n\t\t\t\t\n\t\t\t\t\t<div class=\"iw-so-article iw-so-no-thumb iw-so-blog-one-column iw-so-last-col\">\n\n\t\t\t\t\t\t<div class=\"iw-so-article-content\">\n\n\t\t\t\t\t\t\t\n\t\t\t\t\t\t\t\n\t\t\t\t\t\t\t<h6 class=\"iw-so-article-title iw-text-left\">\n\t\t\t\t\t\t\t\t<a href=\"https:\/\/asvpnf.com\/index.php\/2026\/02\/01\/denoncer-lecriture-dite-inclusive\/\">\t\t\t\t\t\t\t\t\tD\u00e9noncer  l\u2019\u00c9criture  dite \u00ab inclusive \u00bb\t\t\t\t\t\t\t\t<\/a>\t\t\t\t\t\t\t<\/h6>\n\n\t\t\t\t\t\t\t\n\t\t\t\t\t\t\t\n\t\t\t\t\t\t\t\n\t\t\t\t\t\t\t\n\t\t\t\t\t\t<\/div>\n\n\t\t\t\t\t<\/div>\n\n\t\t\t\t\t\n\t\t\t\t\n\t\t\t\t\t<div class=\"iw-so-article iw-so-no-thumb iw-so-blog-one-column iw-so-last-col\">\n\n\t\t\t\t\t\t<div class=\"iw-so-article-content\">\n\n\t\t\t\t\t\t\t\n\t\t\t\t\t\t\t\n\t\t\t\t\t\t\t<h6 class=\"iw-so-article-title iw-text-left\">\n\t\t\t\t\t\t\t\t<a href=\"https:\/\/asvpnf.com\/index.php\/2026\/01\/27\/les-effets-pervers-de-la-pauvrete-sur-les-trajectoires-scolaires\/\">\t\t\t\t\t\t\t\t\tLes effets pervers \u00a0de la pauvret\u00e9 sur les trajectoires scolaires\t\t\t\t\t\t\t\t<\/a>\t\t\t\t\t\t\t<\/h6>\n\n\t\t\t\t\t\t\t\n\t\t\t\t\t\t\t\n\t\t\t\t\t\t\t\n\t\t\t\t\t\t\t\n\t\t\t\t\t\t<\/div>\n\n\t\t\t\t\t<\/div>\n\n\t\t\t\t\t\n\t\t\t\t\n\t\t\t\t\t<div class=\"iw-so-article iw-so-no-thumb iw-so-blog-one-column iw-so-last-col\">\n\n\t\t\t\t\t\t<div class=\"iw-so-article-content\">\n\n\t\t\t\t\t\t\t\n\t\t\t\t\t\t\t\n\t\t\t\t\t\t\t<h6 class=\"iw-so-article-title iw-text-left\">\n\t\t\t\t\t\t\t\t<a href=\"https:\/\/asvpnf.com\/index.php\/2026\/01\/27\/addendum-a-la-charte-ecole-2027\/\">\t\t\t\t\t\t\t\t\tAddendum \u00e0 la Charte \u00c9COLE 2027\t\t\t\t\t\t\t\t<\/a>\t\t\t\t\t\t\t<\/h6>\n\n\t\t\t\t\t\t\t\n\t\t\t\t\t\t\t\n\t\t\t\t\t\t\t\n\t\t\t\t\t\t\t\n\t\t\t\t\t\t<\/div>\n\n\t\t\t\t\t<\/div>\n\n\t\t\t\t\t\n\t\t\t\t\n\t\t\t\t\t<div class=\"iw-so-article iw-so-no-thumb iw-so-blog-one-column iw-so-last-col\">\n\n\t\t\t\t\t\t<div class=\"iw-so-article-content\">\n\n\t\t\t\t\t\t\t\n\t\t\t\t\t\t\t\n\t\t\t\t\t\t\t<h6 class=\"iw-so-article-title iw-text-left\">\n\t\t\t\t\t\t\t\t<a href=\"https:\/\/asvpnf.com\/index.php\/2026\/01\/27\/pour-un-plan-de-sortie-du-financement-public-de-lenseignement-prive-sous-contrat\/\">\t\t\t\t\t\t\t\t\tPour un plan de sortie du financement public de l\u2019enseignement priv\u00e9 sous contrat\u00a0\t\t\t\t\t\t\t\t<\/a>\t\t\t\t\t\t\t<\/h6>\n\n\t\t\t\t\t\t\t\n\t\t\t\t\t\t\t\n\t\t\t\t\t\t\t\n\t\t\t\t\t\t\t\n\t\t\t\t\t\t<\/div>\n\n\t\t\t\t\t<\/div>\n\n\t\t\t\t\t\n\t\t\t\t\n\t\t\t\t\t<div class=\"iw-so-article iw-so-no-thumb iw-so-blog-one-column iw-so-last-col\">\n\n\t\t\t\t\t\t<div class=\"iw-so-article-content\">\n\n\t\t\t\t\t\t\t\n\t\t\t\t\t\t\t\n\t\t\t\t\t\t\t<h6 class=\"iw-so-article-title iw-text-left\">\n\t\t\t\t\t\t\t\t<a href=\"https:\/\/asvpnf.com\/index.php\/2026\/01\/14\/pour-une-refondation-republicaine-de-lecole-publique-a-lhorizon-2027\/\">\t\t\t\t\t\t\t\t\tPour une refondation r\u00e9publicaine de l\u2019\u00c9cole publique \u00e0 l\u2019horizon 2027\t\t\t\t\t\t\t\t<\/a>\t\t\t\t\t\t\t<\/h6>\n\n\t\t\t\t\t\t\t\n\t\t\t\t\t\t\t\n\t\t\t\t\t\t\t\n\t\t\t\t\t\t\t\n\t\t\t\t\t\t<\/div>\n\n\t\t\t\t\t<\/div>\n\n\t\t\t\t\t\n\t\t\t\t\n\t\t\t\t\t<div class=\"iw-so-article iw-so-no-thumb iw-so-blog-one-column iw-so-last-col\">\n\n\t\t\t\t\t\t<div class=\"iw-so-article-content\">\n\n\t\t\t\t\t\t\t\n\t\t\t\t\t\t\t\n\t\t\t\t\t\t\t<h6 class=\"iw-so-article-title iw-text-left\">\n\t\t\t\t\t\t\t\t<a href=\"https:\/\/asvpnf.com\/index.php\/2026\/01\/07\/preparer-2027\/\">\t\t\t\t\t\t\t\t\tPr\u00e9parer  2027\t\t\t\t\t\t\t\t<\/a>\t\t\t\t\t\t\t<\/h6>\n\n\t\t\t\t\t\t\t\n\t\t\t\t\t\t\t\n\t\t\t\t\t\t\t\n\t\t\t\t\t\t\t\n\t\t\t\t\t\t<\/div>\n\n\t\t\t\t\t<\/div>\n\n\t\t\t\t\t\n\t\t\t\t\n\t\t\t\t\t<div class=\"iw-so-article iw-so-no-thumb iw-so-blog-one-column iw-so-last-col\">\n\n\t\t\t\t\t\t<div class=\"iw-so-article-content\">\n\n\t\t\t\t\t\t\t\n\t\t\t\t\t\t\t\n\t\t\t\t\t\t\t<h6 class=\"iw-so-article-title iw-text-left\">\n\t\t\t\t\t\t\t\t<a href=\"https:\/\/asvpnf.com\/index.php\/2026\/01\/07\/la-realite-de-linteret-de-lecriture-inclusive\/\">\t\t\t\t\t\t\t\t\tLa r\u00e9alit\u00e9 de l\u2019int\u00e9r\u00eat de l\u2019\u00e9criture inclusive\t\t\t\t\t\t\t\t<\/a>\t\t\t\t\t\t\t<\/h6>\n\n\t\t\t\t\t\t\t\n\t\t\t\t\t\t\t\n\t\t\t\t\t\t\t\n\t\t\t\t\t\t\t\n\t\t\t\t\t\t<\/div>\n\n\t\t\t\t\t<\/div>\n\n\t\t\t\t\t\n\t\t\t\t\n\t\t\t\t\t<div class=\"iw-so-article iw-so-no-thumb iw-so-blog-one-column iw-so-last-col\">\n\n\t\t\t\t\t\t<div class=\"iw-so-article-content\">\n\n\t\t\t\t\t\t\t\n\t\t\t\t\t\t\t\n\t\t\t\t\t\t\t<h6 class=\"iw-so-article-title iw-text-left\">\n\t\t\t\t\t\t\t\t<a href=\"https:\/\/asvpnf.com\/index.php\/2025\/12\/31\/addendum-a-la-parution-de-larticle-dandre-le-goff-intitule-la-tante-aux-tableaux\/\">\t\t\t\t\t\t\t\t\tAddendum \u00e0 la parution de l\u2019article d\u2019Andr\u00e9 Le Goff intitul\u00e9 \u201cLa tante aux tableaux\u201d\t\t\t\t\t\t\t\t<\/a>\t\t\t\t\t\t\t<\/h6>\n\n\t\t\t\t\t\t\t\n\t\t\t\t\t\t\t\n\t\t\t\t\t\t\t\n\t\t\t\t\t\t\t\n\t\t\t\t\t\t<\/div>\n\n\t\t\t\t\t<\/div>\n\n\t\t\t\t\t\n\t\t\t\t\n\t\t\t\t\t<div class=\"iw-so-article iw-so-no-thumb iw-so-blog-one-column iw-so-last-col\">\n\n\t\t\t\t\t\t<div class=\"iw-so-article-content\">\n\n\t\t\t\t\t\t\t\n\t\t\t\t\t\t\t\n\t\t\t\t\t\t\t<h6 class=\"iw-so-article-title iw-text-left\">\n\t\t\t\t\t\t\t\t<a href=\"https:\/\/asvpnf.com\/index.php\/2025\/12\/18\/loi-de-1905\/\">\t\t\t\t\t\t\t\t\tLoi de 1905\t\t\t\t\t\t\t\t<\/a>\t\t\t\t\t\t\t<\/h6>\n\n\t\t\t\t\t\t\t\n\t\t\t\t\t\t\t\n\t\t\t\t\t\t\t\n\t\t\t\t\t\t\t\n\t\t\t\t\t\t<\/div>\n\n\t\t\t\t\t<\/div>\n\n\t\t\t\t\t\n\t\t\t\t\n\t\t\t\t\t<div class=\"iw-so-article iw-so-no-thumb iw-so-blog-one-column iw-so-last-col\">\n\n\t\t\t\t\t\t<div class=\"iw-so-article-content\">\n\n\t\t\t\t\t\t\t\n\t\t\t\t\t\t\t\n\t\t\t\t\t\t\t<h6 class=\"iw-so-article-title iw-text-left\">\n\t\t\t\t\t\t\t\t<a href=\"https:\/\/asvpnf.com\/index.php\/2025\/12\/17\/andre-le-goff-raconte-suite\/\">\t\t\t\t\t\t\t\t\tAndr\u00e9 Le Goff raconte  (suite):\t\t\t\t\t\t\t\t<\/a>\t\t\t\t\t\t\t<\/h6>\n\n\t\t\t\t\t\t\t\n\t\t\t\t\t\t\t\n\t\t\t\t\t\t\t\n\t\t\t\t\t\t\t\n\t\t\t\t\t\t<\/div>\n\n\t\t\t\t\t<\/div>\n\n\t\t\t\t\t\n\t\t\t\t\n\t\t\t\t\t<div class=\"iw-so-article iw-so-no-thumb iw-so-blog-one-column iw-so-last-col\">\n\n\t\t\t\t\t\t<div class=\"iw-so-article-content\">\n\n\t\t\t\t\t\t\t\n\t\t\t\t\t\t\t\n\t\t\t\t\t\t\t<h6 class=\"iw-so-article-title iw-text-left\">\n\t\t\t\t\t\t\t\t<a href=\"https:\/\/asvpnf.com\/index.php\/2025\/12\/09\/1905-2025\/\">\t\t\t\t\t\t\t\t\t1905-2025\t\t\t\t\t\t\t\t<\/a>\t\t\t\t\t\t\t<\/h6>\n\n\t\t\t\t\t\t\t\n\t\t\t\t\t\t\t\n\t\t\t\t\t\t\t\n\t\t\t\t\t\t\t\n\t\t\t\t\t\t<\/div>\n\n\t\t\t\t\t<\/div>\n\n\t\t\t\t\t\n\t\t\t\t\n\t\t\t\t\t<div class=\"iw-so-article iw-so-no-thumb iw-so-blog-one-column iw-so-last-col\">\n\n\t\t\t\t\t\t<div class=\"iw-so-article-content\">\n\n\t\t\t\t\t\t\t\n\t\t\t\t\t\t\t\n\t\t\t\t\t\t\t<h6 class=\"iw-so-article-title iw-text-left\">\n\t\t\t\t\t\t\t\t<a href=\"https:\/\/asvpnf.com\/index.php\/2025\/12\/01\/apres-le-13-novembre\/\">\t\t\t\t\t\t\t\t\tApr\u00e8s le 13 novembre\u00a0\t\t\t\t\t\t\t\t<\/a>\t\t\t\t\t\t\t<\/h6>\n\n\t\t\t\t\t\t\t\n\t\t\t\t\t\t\t\n\t\t\t\t\t\t\t\n\t\t\t\t\t\t\t\n\t\t\t\t\t\t<\/div>\n\n\t\t\t\t\t<\/div>\n\n\t\t\t\t\t\n\t\t\t\t\n\t\t\t\t\t<div class=\"iw-so-article iw-so-no-thumb iw-so-blog-one-column iw-so-last-col\">\n\n\t\t\t\t\t\t<div class=\"iw-so-article-content\">\n\n\t\t\t\t\t\t\t\n\t\t\t\t\t\t\t\n\t\t\t\t\t\t\t<h6 class=\"iw-so-article-title iw-text-left\">\n\t\t\t\t\t\t\t\t<a href=\"https:\/\/asvpnf.com\/index.php\/2025\/11\/28\/lorsque-les-adeptes-du-secularisme\/\">\t\t\t\t\t\t\t\t\tLorsque les adeptes du s\u00e9cularisme\t\t\t\t\t\t\t\t<\/a>\t\t\t\t\t\t\t<\/h6>\n\n\t\t\t\t\t\t\t\n\t\t\t\t\t\t\t\n\t\t\t\t\t\t\t\n\t\t\t\t\t\t\t\n\t\t\t\t\t\t<\/div>\n\n\t\t\t\t\t<\/div>\n\n\t\t\t\t\t\n\t\t\t\t\n\t\t\t\t\t<div class=\"iw-so-article iw-so-no-thumb iw-so-blog-one-column iw-so-last-col\">\n\n\t\t\t\t\t\t<div class=\"iw-so-article-content\">\n\n\t\t\t\t\t\t\t\n\t\t\t\t\t\t\t\n\t\t\t\t\t\t\t<h6 class=\"iw-so-article-title iw-text-left\">\n\t\t\t\t\t\t\t\t<a href=\"https:\/\/asvpnf.com\/index.php\/2025\/11\/26\/lirruption-de-lintelligence-artificielle-2\/\">\t\t\t\t\t\t\t\t\tL\u2019irruption de l\u2019intelligence artificielle\t\t\t\t\t\t\t\t<\/a>\t\t\t\t\t\t\t<\/h6>\n\n\t\t\t\t\t\t\t\n\t\t\t\t\t\t\t\n\t\t\t\t\t\t\t\n\t\t\t\t\t\t\t\n\t\t\t\t\t\t<\/div>\n\n\t\t\t\t\t<\/div>\n\n\t\t\t\t\t\n\t\t\t\t\n\t\t\t\t\t<div class=\"iw-so-article iw-so-no-thumb iw-so-blog-one-column iw-so-last-col\">\n\n\t\t\t\t\t\t<div class=\"iw-so-article-content\">\n\n\t\t\t\t\t\t\t\n\t\t\t\t\t\t\t\n\t\t\t\t\t\t\t<h6 class=\"iw-so-article-title iw-text-left\">\n\t\t\t\t\t\t\t\t<a href=\"https:\/\/asvpnf.com\/index.php\/2025\/11\/23\/liberte-et-oppression\/\">\t\t\t\t\t\t\t\t\tLibert\u00e9 et oppression\t\t\t\t\t\t\t\t<\/a>\t\t\t\t\t\t\t<\/h6>\n\n\t\t\t\t\t\t\t\n\t\t\t\t\t\t\t\n\t\t\t\t\t\t\t\n\t\t\t\t\t\t\t\n\t\t\t\t\t\t<\/div>\n\n\t\t\t\t\t<\/div>\n\n\t\t\t\t\t\n\t\t\t\t\n\t\t\t\t\t<div class=\"iw-so-article iw-so-no-thumb iw-so-blog-one-column iw-so-last-col\">\n\n\t\t\t\t\t\t<div class=\"iw-so-article-content\">\n\n\t\t\t\t\t\t\t\n\t\t\t\t\t\t\t\n\t\t\t\t\t\t\t<h6 class=\"iw-so-article-title iw-text-left\">\n\t\t\t\t\t\t\t\t<a href=\"https:\/\/asvpnf.com\/index.php\/2025\/11\/19\/petite-chronique\/\">\t\t\t\t\t\t\t\t\tPetite chronique\t\t\t\t\t\t\t\t<\/a>\t\t\t\t\t\t\t<\/h6>\n\n\t\t\t\t\t\t\t\n\t\t\t\t\t\t\t\n\t\t\t\t\t\t\t\n\t\t\t\t\t\t\t\n\t\t\t\t\t\t<\/div>\n\n\t\t\t\t\t<\/div>\n\n\t\t\t\t\t\n\t\t\t\t\n\t\t\t\t\t<div class=\"iw-so-article iw-so-no-thumb iw-so-blog-one-column iw-so-last-col\">\n\n\t\t\t\t\t\t<div class=\"iw-so-article-content\">\n\n\t\t\t\t\t\t\t\n\t\t\t\t\t\t\t\n\t\t\t\t\t\t\t<h6 class=\"iw-so-article-title iw-text-left\">\n\t\t\t\t\t\t\t\t<a href=\"https:\/\/asvpnf.com\/index.php\/2025\/11\/09\/en-hommage-a-marguerite-bodin\/\">\t\t\t\t\t\t\t\t\tEn hommage \u00e0 Marguerite  Bodin\t\t\t\t\t\t\t\t<\/a>\t\t\t\t\t\t\t<\/h6>\n\n\t\t\t\t\t\t\t\n\t\t\t\t\t\t\t\n\t\t\t\t\t\t\t\n\t\t\t\t\t\t\t\n\t\t\t\t\t\t<\/div>\n\n\t\t\t\t\t<\/div>\n\n\t\t\t\t\t\n\t\t\t\t\n\t\t\t\t\t<div class=\"iw-so-article iw-so-no-thumb iw-so-blog-one-column iw-so-last-col\">\n\n\t\t\t\t\t\t<div class=\"iw-so-article-content\">\n\n\t\t\t\t\t\t\t\n\t\t\t\t\t\t\t\n\t\t\t\t\t\t\t<h6 class=\"iw-so-article-title iw-text-left\">\n\t\t\t\t\t\t\t\t<a href=\"https:\/\/asvpnf.com\/index.php\/2025\/11\/08\/pour-une-nouvelle-laicite-appliquee-a-lintelligence-artificielle-ia\/\">\t\t\t\t\t\t\t\t\tPour une \u00ab nouvelle la\u00efcit\u00e9 \u00bb appliqu\u00e9e \u00e0 l&rsquo;intelligence artificielle (IA)\t\t\t\t\t\t\t\t<\/a>\t\t\t\t\t\t\t<\/h6>\n\n\t\t\t\t\t\t\t\n\t\t\t\t\t\t\t\n\t\t\t\t\t\t\t\n\t\t\t\t\t\t\t\n\t\t\t\t\t\t<\/div>\n\n\t\t\t\t\t<\/div>\n\n\t\t\t\t\t\n\t\t\t\t\n\t\t\t\t\t<div class=\"iw-so-article iw-so-no-thumb iw-so-blog-one-column iw-so-last-col\">\n\n\t\t\t\t\t\t<div class=\"iw-so-article-content\">\n\n\t\t\t\t\t\t\t\n\t\t\t\t\t\t\t\n\t\t\t\t\t\t\t<h6 class=\"iw-so-article-title iw-text-left\">\n\t\t\t\t\t\t\t\t<a href=\"https:\/\/asvpnf.com\/index.php\/2025\/11\/04\/aimer-lecole-publique-republicaine-gratuite-obligatoire-laique-et-liberee-des-contraintes-de-la-loi-debre\/\">\t\t\t\t\t\t\t\t\tAimer l\u2019Ecole publique r\u00e9publicaine, gratuite, obligatoire,  la\u00efque  et  lib\u00e9r\u00e9e des contraintes de la loi Debr\u00e9\t\t\t\t\t\t\t\t<\/a>\t\t\t\t\t\t\t<\/h6>\n\n\t\t\t\t\t\t\t\n\t\t\t\t\t\t\t\n\t\t\t\t\t\t\t\n\t\t\t\t\t\t\t\n\t\t\t\t\t\t<\/div>\n\n\t\t\t\t\t<\/div>\n\n\t\t\t\t\t\n\t\t\t\t\n\t\t\t\t\t<div class=\"iw-so-article iw-so-no-thumb iw-so-blog-one-column iw-so-last-col\">\n\n\t\t\t\t\t\t<div class=\"iw-so-article-content\">\n\n\t\t\t\t\t\t\t\n\t\t\t\t\t\t\t\n\t\t\t\t\t\t\t<h6 class=\"iw-so-article-title iw-text-left\">\n\t\t\t\t\t\t\t\t<a href=\"https:\/\/asvpnf.com\/index.php\/2025\/11\/04\/une-mise-au-point-salutaire-a-mediter\/\">\t\t\t\t\t\t\t\t\tUne mise au point salutaire \u00e0 m\u00e9diter !\t\t\t\t\t\t\t\t<\/a>\t\t\t\t\t\t\t<\/h6>\n\n\t\t\t\t\t\t\t\n\t\t\t\t\t\t\t\n\t\t\t\t\t\t\t\n\t\t\t\t\t\t\t\n\t\t\t\t\t\t<\/div>\n\n\t\t\t\t\t<\/div>\n\n\t\t\t\t\t\n\t\t\t\t\n\t\t\t\t\t<div class=\"iw-so-article iw-so-no-thumb iw-so-blog-one-column iw-so-last-col\">\n\n\t\t\t\t\t\t<div class=\"iw-so-article-content\">\n\n\t\t\t\t\t\t\t\n\t\t\t\t\t\t\t\n\t\t\t\t\t\t\t<h6 class=\"iw-so-article-title iw-text-left\">\n\t\t\t\t\t\t\t\t<a href=\"https:\/\/asvpnf.com\/index.php\/2025\/10\/19\/petite-chronique-dapres-ciase-et-betharram-1\/\">\t\t\t\t\t\t\t\t\tPetite chronique d\u2019apr\u00e8s Ciase et Betharram (1)\t\t\t\t\t\t\t\t<\/a>\t\t\t\t\t\t\t<\/h6>\n\n\t\t\t\t\t\t\t\n\t\t\t\t\t\t\t\n\t\t\t\t\t\t\t\n\t\t\t\t\t\t\t\n\t\t\t\t\t\t<\/div>\n\n\t\t\t\t\t<\/div>\n\n\t\t\t\t\t\n\t\t\t\t\n\t\t\t\t\t<div class=\"iw-so-article iw-so-no-thumb iw-so-blog-one-column iw-so-last-col\">\n\n\t\t\t\t\t\t<div class=\"iw-so-article-content\">\n\n\t\t\t\t\t\t\t\n\t\t\t\t\t\t\t\n\t\t\t\t\t\t\t<h6 class=\"iw-so-article-title iw-text-left\">\n\t\t\t\t\t\t\t\t<a href=\"https:\/\/asvpnf.com\/index.php\/2025\/10\/19\/protester-denoncer-condamner\/\">\t\t\t\t\t\t\t\t\tProtester, d\u00e9noncer, condamner\t\t\t\t\t\t\t\t<\/a>\t\t\t\t\t\t\t<\/h6>\n\n\t\t\t\t\t\t\t\n\t\t\t\t\t\t\t\n\t\t\t\t\t\t\t\n\t\t\t\t\t\t\t\n\t\t\t\t\t\t<\/div>\n\n\t\t\t\t\t<\/div>\n\n\t\t\t\t\t\n\t\t\t\t\n\t\t\t\t\t<div class=\"iw-so-article iw-so-no-thumb iw-so-blog-one-column iw-so-last-col\">\n\n\t\t\t\t\t\t<div class=\"iw-so-article-content\">\n\n\t\t\t\t\t\t\t\n\t\t\t\t\t\t\t\n\t\t\t\t\t\t\t<h6 class=\"iw-so-article-title iw-text-left\">\n\t\t\t\t\t\t\t\t<a href=\"https:\/\/asvpnf.com\/index.php\/2025\/10\/19\/hommage-de-lasvpnf\/\">\t\t\t\t\t\t\t\t\tHommage de l\u2019ASVPNF\t\t\t\t\t\t\t\t<\/a>\t\t\t\t\t\t\t<\/h6>\n\n\t\t\t\t\t\t\t\n\t\t\t\t\t\t\t\n\t\t\t\t\t\t\t\n\t\t\t\t\t\t\t\n\t\t\t\t\t\t<\/div>\n\n\t\t\t\t\t<\/div>\n\n\t\t\t\t\t\n\t\t\t\t\n\t\t\t\t\t<div class=\"iw-so-article iw-so-no-thumb iw-so-blog-one-column iw-so-last-col\">\n\n\t\t\t\t\t\t<div class=\"iw-so-article-content\">\n\n\t\t\t\t\t\t\t\n\t\t\t\t\t\t\t\n\t\t\t\t\t\t\t<h6 class=\"iw-so-article-title iw-text-left\">\n\t\t\t\t\t\t\t\t<a href=\"https:\/\/asvpnf.com\/index.php\/2025\/10\/12\/les-80-ans-de-la-securite-sociale\/\">\t\t\t\t\t\t\t\t\tLes 80 ans de la SECURITE SOCIALE\t\t\t\t\t\t\t\t<\/a>\t\t\t\t\t\t\t<\/h6>\n\n\t\t\t\t\t\t\t\n\t\t\t\t\t\t\t\n\t\t\t\t\t\t\t\n\t\t\t\t\t\t\t\n\t\t\t\t\t\t<\/div>\n\n\t\t\t\t\t<\/div>\n\n\t\t\t\t\t\n\t\t\t\t\n\t\t\t\t\t<div class=\"iw-so-article iw-so-no-thumb iw-so-blog-one-column iw-so-last-col\">\n\n\t\t\t\t\t\t<div class=\"iw-so-article-content\">\n\n\t\t\t\t\t\t\t\n\t\t\t\t\t\t\t\n\t\t\t\t\t\t\t<h6 class=\"iw-so-article-title iw-text-left\">\n\t\t\t\t\t\t\t\t<a href=\"https:\/\/asvpnf.com\/index.php\/2025\/10\/12\/addendum-robert-badinter-au-pantheon\/\">\t\t\t\t\t\t\t\t\tAddendum :      Robert Badinter au Panth\u00e9on\t\t\t\t\t\t\t\t<\/a>\t\t\t\t\t\t\t<\/h6>\n\n\t\t\t\t\t\t\t\n\t\t\t\t\t\t\t\n\t\t\t\t\t\t\t\n\t\t\t\t\t\t\t\n\t\t\t\t\t\t<\/div>\n\n\t\t\t\t\t<\/div>\n\n\t\t\t\t\t\n\t\t\t\t\n\t\t\t\t\t<div class=\"iw-so-article iw-so-no-thumb iw-so-blog-one-column iw-so-last-col\">\n\n\t\t\t\t\t\t<div class=\"iw-so-article-content\">\n\n\t\t\t\t\t\t\t\n\t\t\t\t\t\t\t\n\t\t\t\t\t\t\t<h6 class=\"iw-so-article-title iw-text-left\">\n\t\t\t\t\t\t\t\t<a href=\"https:\/\/asvpnf.com\/index.php\/2025\/10\/08\/robert-badinter-au-pantheon\/\">\t\t\t\t\t\t\t\t\tRobert BADINTER\u00a0 au PANTHEON\t\t\t\t\t\t\t\t<\/a>\t\t\t\t\t\t\t<\/h6>\n\n\t\t\t\t\t\t\t\n\t\t\t\t\t\t\t\n\t\t\t\t\t\t\t\n\t\t\t\t\t\t\t\n\t\t\t\t\t\t<\/div>\n\n\t\t\t\t\t<\/div>\n\n\t\t\t\t\t\n\t\t\t\t\n\t\t\t\t\t<div class=\"iw-so-article iw-so-no-thumb iw-so-blog-one-column iw-so-last-col\">\n\n\t\t\t\t\t\t<div class=\"iw-so-article-content\">\n\n\t\t\t\t\t\t\t\n\t\t\t\t\t\t\t\n\t\t\t\t\t\t\t<h6 class=\"iw-so-article-title iw-text-left\">\n\t\t\t\t\t\t\t\t<a href=\"https:\/\/asvpnf.com\/index.php\/2025\/10\/08\/la-republique-laique-et-les-cultes\/\">\t\t\t\t\t\t\t\t\tLa R\u00e9publique la\u00efque et les cultes\t\t\t\t\t\t\t\t<\/a>\t\t\t\t\t\t\t<\/h6>\n\n\t\t\t\t\t\t\t\n\t\t\t\t\t\t\t\n\t\t\t\t\t\t\t\n\t\t\t\t\t\t\t\n\t\t\t\t\t\t<\/div>\n\n\t\t\t\t\t<\/div>\n\n\t\t\t\t\t\n\t\t\t\t\n\t\t\t\t\t<div class=\"iw-so-article iw-so-no-thumb iw-so-blog-one-column iw-so-last-col\">\n\n\t\t\t\t\t\t<div class=\"iw-so-article-content\">\n\n\t\t\t\t\t\t\t\n\t\t\t\t\t\t\t\n\t\t\t\t\t\t\t<h6 class=\"iw-so-article-title iw-text-left\">\n\t\t\t\t\t\t\t\t<a href=\"https:\/\/asvpnf.com\/index.php\/2025\/10\/04\/fermeture-de-linspe-de-vannes-au-profit-de-luniversite-catholique-de-louest\/\">\t\t\t\t\t\t\t\t\tFermeture de l\u2019INSPE de Vannes au profit de l\u2019Universit\u00e9 Catholique de l\u2019Ouest\t\t\t\t\t\t\t\t<\/a>\t\t\t\t\t\t\t<\/h6>\n\n\t\t\t\t\t\t\t\n\t\t\t\t\t\t\t\n\t\t\t\t\t\t\t\n\t\t\t\t\t\t\t\n\t\t\t\t\t\t<\/div>\n\n\t\t\t\t\t<\/div>\n\n\t\t\t\t\t\n\t\t\t\t\n\t\t\t\t\t<div class=\"iw-so-article iw-so-no-thumb iw-so-blog-one-column iw-so-last-col\">\n\n\t\t\t\t\t\t<div class=\"iw-so-article-content\">\n\n\t\t\t\t\t\t\t\n\t\t\t\t\t\t\t\n\t\t\t\t\t\t\t<h6 class=\"iw-so-article-title iw-text-left\">\n\t\t\t\t\t\t\t\t<a href=\"https:\/\/asvpnf.com\/index.php\/2025\/10\/02\/a-la-veille-du-120e-anniversaire-de-la-loi-de-1905\/\">\t\t\t\t\t\t\t\t\tA la veille du 120\u00e8 anniversaire de la loi\u00a0 de\u00a0 1905\t\t\t\t\t\t\t\t<\/a>\t\t\t\t\t\t\t<\/h6>\n\n\t\t\t\t\t\t\t\n\t\t\t\t\t\t\t\n\t\t\t\t\t\t\t\n\t\t\t\t\t\t\t\n\t\t\t\t\t\t<\/div>\n\n\t\t\t\t\t<\/div>\n\n\t\t\t\t\t\n\t\t\t\t\n\t\t\t\t\t<div class=\"iw-so-article iw-so-no-thumb iw-so-blog-one-column iw-so-last-col\">\n\n\t\t\t\t\t\t<div class=\"iw-so-article-content\">\n\n\t\t\t\t\t\t\t\n\t\t\t\t\t\t\t\n\t\t\t\t\t\t\t<h6 class=\"iw-so-article-title iw-text-left\">\n\t\t\t\t\t\t\t\t<a href=\"https:\/\/asvpnf.com\/index.php\/2025\/09\/27\/le-sgec-et-lenseignement-catholique-sous-contrat\/\">\t\t\t\t\t\t\t\t\tLe SGEC et l&rsquo;enseignement catholique sous contrat\t\t\t\t\t\t\t\t<\/a>\t\t\t\t\t\t\t<\/h6>\n\n\t\t\t\t\t\t\t\n\t\t\t\t\t\t\t\n\t\t\t\t\t\t\t\n\t\t\t\t\t\t\t\n\t\t\t\t\t\t<\/div>\n\n\t\t\t\t\t<\/div>\n\n\t\t\t\t\t\n\t\t\t\t\n\t\t\t\t\t<div class=\"iw-so-article iw-so-no-thumb iw-so-blog-one-column iw-so-last-col\">\n\n\t\t\t\t\t\t<div class=\"iw-so-article-content\">\n\n\t\t\t\t\t\t\t\n\t\t\t\t\t\t\t\n\t\t\t\t\t\t\t<h6 class=\"iw-so-article-title iw-text-left\">\n\t\t\t\t\t\t\t\t<a href=\"https:\/\/asvpnf.com\/index.php\/2025\/09\/22\/la-laicite-de-combat-ne-peut-etre-ni-discriminatoire-ni-liberticide\/\">\t\t\t\t\t\t\t\t\tLa la\u00efcit\u00e9 de combat ne peut \u00eatre  ni  discriminatoire ni  liberticide:\t\t\t\t\t\t\t\t<\/a>\t\t\t\t\t\t\t<\/h6>\n\n\t\t\t\t\t\t\t\n\t\t\t\t\t\t\t\n\t\t\t\t\t\t\t\n\t\t\t\t\t\t\t\n\t\t\t\t\t\t<\/div>\n\n\t\t\t\t\t<\/div>\n\n\t\t\t\t\t\n\t\t\t\t\n\t\t\t\t\t<div class=\"iw-so-article iw-so-no-thumb iw-so-blog-one-column iw-so-last-col\">\n\n\t\t\t\t\t\t<div class=\"iw-so-article-content\">\n\n\t\t\t\t\t\t\t\n\t\t\t\t\t\t\t\n\t\t\t\t\t\t\t<h6 class=\"iw-so-article-title iw-text-left\">\n\t\t\t\t\t\t\t\t<a href=\"https:\/\/asvpnf.com\/index.php\/2025\/09\/17\/lirruption-de-lintelligence-artificielle\/\">\t\t\t\t\t\t\t\t\tL\u2019irruption de l\u2019intelligence  artificielle\t\t\t\t\t\t\t\t<\/a>\t\t\t\t\t\t\t<\/h6>\n\n\t\t\t\t\t\t\t\n\t\t\t\t\t\t\t\n\t\t\t\t\t\t\t\n\t\t\t\t\t\t\t\n\t\t\t\t\t\t<\/div>\n\n\t\t\t\t\t<\/div>\n\n\t\t\t\t\t\n\t\t\t\t\n\t\t\t\t\t<div class=\"iw-so-article iw-so-no-thumb iw-so-blog-one-column iw-so-last-col\">\n\n\t\t\t\t\t\t<div class=\"iw-so-article-content\">\n\n\t\t\t\t\t\t\t\n\t\t\t\t\t\t\t\n\t\t\t\t\t\t\t<h6 class=\"iw-so-article-title iw-text-left\">\n\t\t\t\t\t\t\t\t<a href=\"https:\/\/asvpnf.com\/index.php\/2025\/09\/16\/se-souvenir-afin-de-mieux-combattre\/\">\t\t\t\t\t\t\t\t\tSe souvenir afin de mieux combattre\t\t\t\t\t\t\t\t<\/a>\t\t\t\t\t\t\t<\/h6>\n\n\t\t\t\t\t\t\t\n\t\t\t\t\t\t\t\n\t\t\t\t\t\t\t\n\t\t\t\t\t\t\t\n\t\t\t\t\t\t<\/div>\n\n\t\t\t\t\t<\/div>\n\n\t\t\t\t\t\n\t\t\t\t\n\t\t\t\t\t<div class=\"iw-so-article iw-so-no-thumb iw-so-blog-one-column iw-so-last-col\">\n\n\t\t\t\t\t\t<div class=\"iw-so-article-content\">\n\n\t\t\t\t\t\t\t\n\t\t\t\t\t\t\t\n\t\t\t\t\t\t\t<h6 class=\"iw-so-article-title iw-text-left\">\n\t\t\t\t\t\t\t\t<a href=\"https:\/\/asvpnf.com\/index.php\/2025\/09\/10\/le-wokisme-lindifferenciation-et-la-logique-inversee-de-la-victime-expiatoire\/\">\t\t\t\t\t\t\t\t\tLe wokisme, l\u2019indiff\u00e9renciation et la logique invers\u00e9e de la victime expiatoire\u00a0\t\t\t\t\t\t\t\t<\/a>\t\t\t\t\t\t\t<\/h6>\n\n\t\t\t\t\t\t\t\n\t\t\t\t\t\t\t\n\t\t\t\t\t\t\t\n\t\t\t\t\t\t\t\n\t\t\t\t\t\t<\/div>\n\n\t\t\t\t\t<\/div>\n\n\t\t\t\t\t\n\t\t\t\t\n\t\t\t\t\t<div class=\"iw-so-article iw-so-no-thumb iw-so-blog-one-column iw-so-last-col\">\n\n\t\t\t\t\t\t<div class=\"iw-so-article-content\">\n\n\t\t\t\t\t\t\t\n\t\t\t\t\t\t\t\n\t\t\t\t\t\t\t<h6 class=\"iw-so-article-title iw-text-left\">\n\t\t\t\t\t\t\t\t<a href=\"https:\/\/asvpnf.com\/index.php\/2025\/09\/05\/enseignement-et-mathematiques\/\">\t\t\t\t\t\t\t\t\tEnseignement et math\u00e9matiques\t\t\t\t\t\t\t\t<\/a>\t\t\t\t\t\t\t<\/h6>\n\n\t\t\t\t\t\t\t\n\t\t\t\t\t\t\t\n\t\t\t\t\t\t\t\n\t\t\t\t\t\t\t\n\t\t\t\t\t\t<\/div>\n\n\t\t\t\t\t<\/div>\n\n\t\t\t\t\t\n\t\t\t\t\n\t\t\t\t\t<div class=\"iw-so-article iw-so-no-thumb iw-so-blog-one-column iw-so-last-col\">\n\n\t\t\t\t\t\t<div class=\"iw-so-article-content\">\n\n\t\t\t\t\t\t\t\n\t\t\t\t\t\t\t\n\t\t\t\t\t\t\t<h6 class=\"iw-so-article-title iw-text-left\">\n\t\t\t\t\t\t\t\t<a href=\"https:\/\/asvpnf.com\/index.php\/2025\/09\/05\/quest-il-arrive-a-la-laicite\/\">\t\t\t\t\t\t\t\t\tQu&rsquo;est-il arriv\u00e9 \u00e0 la la\u00efcit\u00e9 ?\t\t\t\t\t\t\t\t<\/a>\t\t\t\t\t\t\t<\/h6>\n\n\t\t\t\t\t\t\t\n\t\t\t\t\t\t\t\n\t\t\t\t\t\t\t\n\t\t\t\t\t\t\t\n\t\t\t\t\t\t<\/div>\n\n\t\t\t\t\t<\/div>\n\n\t\t\t\t\t\n\t\t\t\t\n\t\t\t\t\t<div class=\"iw-so-article iw-so-no-thumb iw-so-blog-one-column iw-so-last-col\">\n\n\t\t\t\t\t\t<div class=\"iw-so-article-content\">\n\n\t\t\t\t\t\t\t\n\t\t\t\t\t\t\t\n\t\t\t\t\t\t\t<h6 class=\"iw-so-article-title iw-text-left\">\n\t\t\t\t\t\t\t\t<a href=\"https:\/\/asvpnf.com\/index.php\/2025\/07\/30\/contre-la-volonte-de-ne-pas-savoir-demystifier-lacetamipride-et-sa-biotoxicite\/\">\t\t\t\t\t\t\t\t\tContre la volont\u00e9 de ne pas savoir  D\u00e9mystifier l\u2019ac\u00e9tamipride et  sa biotoxicit\u00e9\t\t\t\t\t\t\t\t<\/a>\t\t\t\t\t\t\t<\/h6>\n\n\t\t\t\t\t\t\t\n\t\t\t\t\t\t\t\n\t\t\t\t\t\t\t\n\t\t\t\t\t\t\t\n\t\t\t\t\t\t<\/div>\n\n\t\t\t\t\t<\/div>\n\n\t\t\t\t\t\n\t\t\t\t\n\t\t\t\t\t<div class=\"iw-so-article iw-so-no-thumb iw-so-blog-one-column iw-so-last-col\">\n\n\t\t\t\t\t\t<div class=\"iw-so-article-content\">\n\n\t\t\t\t\t\t\t\n\t\t\t\t\t\t\t\n\t\t\t\t\t\t\t<h6 class=\"iw-so-article-title iw-text-left\">\n\t\t\t\t\t\t\t\t<a href=\"https:\/\/asvpnf.com\/index.php\/2025\/07\/06\/turpitudes-et-contre-turpitudes-clericales-et-ecclesiales-6\/\">\t\t\t\t\t\t\t\t\tTurpitudes et contre-turpitudes cl\u00e9ricales et eccl\u00e9siales\t\t\t\t\t\t\t\t<\/a>\t\t\t\t\t\t\t<\/h6>\n\n\t\t\t\t\t\t\t\n\t\t\t\t\t\t\t\n\t\t\t\t\t\t\t\n\t\t\t\t\t\t\t\n\t\t\t\t\t\t<\/div>\n\n\t\t\t\t\t<\/div>\n\n\t\t\t\t\t\n\t\t\t\t\n\t\t\t\t\t<div class=\"iw-so-article iw-so-no-thumb iw-so-blog-one-column iw-so-last-col\">\n\n\t\t\t\t\t\t<div class=\"iw-so-article-content\">\n\n\t\t\t\t\t\t\t\n\t\t\t\t\t\t\t\n\t\t\t\t\t\t\t<h6 class=\"iw-so-article-title iw-text-left\">\n\t\t\t\t\t\t\t\t<a href=\"https:\/\/asvpnf.com\/index.php\/2025\/07\/04\/charles-peguy\/\">\t\t\t\t\t\t\t\t\tCHARLES P\u00c9GUY\u00a0; L\u2019Ecole r\u00e9publicaine et la la\u00efcit\u00e9, un silence \u00e9clairant\t\t\t\t\t\t\t\t<\/a>\t\t\t\t\t\t\t<\/h6>\n\n\t\t\t\t\t\t\t\n\t\t\t\t\t\t\t\n\t\t\t\t\t\t\t\n\t\t\t\t\t\t\t\n\t\t\t\t\t\t<\/div>\n\n\t\t\t\t\t<\/div>\n\n\t\t\t\t\t\n\t\t\t\t\n\t\t\t\t\t<div class=\"iw-so-article iw-so-no-thumb iw-so-blog-one-column iw-so-last-col\">\n\n\t\t\t\t\t\t<div class=\"iw-so-article-content\">\n\n\t\t\t\t\t\t\t\n\t\t\t\t\t\t\t\n\t\t\t\t\t\t\t<h6 class=\"iw-so-article-title iw-text-left\">\n\t\t\t\t\t\t\t\t<a href=\"https:\/\/asvpnf.com\/index.php\/2025\/07\/02\/penser-contre-son-camp\/\">\t\t\t\t\t\t\t\t\tPenser contre son camp\u00a0!\t\t\t\t\t\t\t\t<\/a>\t\t\t\t\t\t\t<\/h6>\n\n\t\t\t\t\t\t\t\n\t\t\t\t\t\t\t\n\t\t\t\t\t\t\t\n\t\t\t\t\t\t\t\n\t\t\t\t\t\t<\/div>\n\n\t\t\t\t\t<\/div>\n\n\t\t\t\t\t\n\t\t\t\t\n\t\t\t\t\t<div class=\"iw-so-article iw-so-no-thumb iw-so-blog-one-column iw-so-last-col\">\n\n\t\t\t\t\t\t<div class=\"iw-so-article-content\">\n\n\t\t\t\t\t\t\t\n\t\t\t\t\t\t\t\n\t\t\t\t\t\t\t<h6 class=\"iw-so-article-title iw-text-left\">\n\t\t\t\t\t\t\t\t<a href=\"https:\/\/asvpnf.com\/index.php\/2025\/07\/02\/la-disparition-du-professeur-guy-desbiens\/\">\t\t\t\t\t\t\t\t\tLa disparition du Professeur Guy DESBIENS\t\t\t\t\t\t\t\t<\/a>\t\t\t\t\t\t\t<\/h6>\n\n\t\t\t\t\t\t\t\n\t\t\t\t\t\t\t\n\t\t\t\t\t\t\t\n\t\t\t\t\t\t\t\n\t\t\t\t\t\t<\/div>\n\n\t\t\t\t\t<\/div>\n\n\t\t\t\t\t\n\t\t\t\t\n\t\t\t\t\t<div class=\"iw-so-article iw-so-no-thumb iw-so-blog-one-column iw-so-last-col\">\n\n\t\t\t\t\t\t<div class=\"iw-so-article-content\">\n\n\t\t\t\t\t\t\t\n\t\t\t\t\t\t\t\n\t\t\t\t\t\t\t<h6 class=\"iw-so-article-title iw-text-left\">\n\t\t\t\t\t\t\t\t<a href=\"https:\/\/asvpnf.com\/index.php\/2025\/06\/10\/a-propos-de-la-mise-en-berne-du-drapeau-national-sur-les-batiments-publics-pour-les-obseques-du-pape-francois\/\">\t\t\t\t\t\t\t\t\tA propos de la mise  en berne du drapeau national sur les b\u00e2timents publics  pour les obs\u00e8ques du pape Fran\u00e7ois.\t\t\t\t\t\t\t\t<\/a>\t\t\t\t\t\t\t<\/h6>\n\n\t\t\t\t\t\t\t\n\t\t\t\t\t\t\t\n\t\t\t\t\t\t\t\n\t\t\t\t\t\t\t\n\t\t\t\t\t\t<\/div>\n\n\t\t\t\t\t<\/div>\n\n\t\t\t\t\t\n\t\t\t\t\n\t\t\t\t\t<div class=\"iw-so-article iw-so-no-thumb iw-so-blog-one-column iw-so-last-col\">\n\n\t\t\t\t\t\t<div class=\"iw-so-article-content\">\n\n\t\t\t\t\t\t\t\n\t\t\t\t\t\t\t\n\t\t\t\t\t\t\t<h6 class=\"iw-so-article-title iw-text-left\">\n\t\t\t\t\t\t\t\t<a href=\"https:\/\/asvpnf.com\/index.php\/2025\/06\/04\/a-propos-du-respect-de-laicite-dans-le-sport\/\">\t\t\t\t\t\t\t\t\tA propos du respect de la\u00efcit\u00e9 dans le sport\t\t\t\t\t\t\t\t<\/a>\t\t\t\t\t\t\t<\/h6>\n\n\t\t\t\t\t\t\t\n\t\t\t\t\t\t\t\n\t\t\t\t\t\t\t\n\t\t\t\t\t\t\t\n\t\t\t\t\t\t<\/div>\n\n\t\t\t\t\t<\/div>\n\n\t\t\t\t\t\n\t\t\t\t\n\t\t\t\t\t<div class=\"iw-so-article iw-so-no-thumb iw-so-blog-one-column iw-so-last-col\">\n\n\t\t\t\t\t\t<div class=\"iw-so-article-content\">\n\n\t\t\t\t\t\t\t\n\t\t\t\t\t\t\t\n\t\t\t\t\t\t\t<h6 class=\"iw-so-article-title iw-text-left\">\n\t\t\t\t\t\t\t\t<a href=\"https:\/\/asvpnf.com\/index.php\/2025\/06\/04\/lecole-francaise-un-systeme-formate-pour-les-gagnants-davance\/\">\t\t\t\t\t\t\t\t\tL\u2019\u00e9cole fran\u00e7aise : un syst\u00e8me format\u00e9 pour les gagnants d\u2019avance\t\t\t\t\t\t\t\t<\/a>\t\t\t\t\t\t\t<\/h6>\n\n\t\t\t\t\t\t\t\n\t\t\t\t\t\t\t\n\t\t\t\t\t\t\t\n\t\t\t\t\t\t\t\n\t\t\t\t\t\t<\/div>\n\n\t\t\t\t\t<\/div>\n\n\t\t\t\t\t\n\t\t\t\t\n\t\t\t\t\t<div class=\"iw-so-article iw-so-no-thumb iw-so-blog-one-column iw-so-last-col\">\n\n\t\t\t\t\t\t<div class=\"iw-so-article-content\">\n\n\t\t\t\t\t\t\t\n\t\t\t\t\t\t\t\n\t\t\t\t\t\t\t<h6 class=\"iw-so-article-title iw-text-left\">\n\t\t\t\t\t\t\t\t<a href=\"https:\/\/asvpnf.com\/index.php\/2025\/06\/02\/le-gag-contreproductif-du-modele-de-lecole-belge-privatisee\/\">\t\t\t\t\t\t\t\t\tLe gag contreproductif du mod\u00e8le  de  l\u2019Ecole  belge privatis\u00e9e\t\t\t\t\t\t\t\t<\/a>\t\t\t\t\t\t\t<\/h6>\n\n\t\t\t\t\t\t\t\n\t\t\t\t\t\t\t\n\t\t\t\t\t\t\t\n\t\t\t\t\t\t\t\n\t\t\t\t\t\t<\/div>\n\n\t\t\t\t\t<\/div>\n\n\t\t\t\t\t\n\t\t\t\t\n\t\t\t\t\t<div class=\"iw-so-article iw-so-no-thumb iw-so-blog-one-column iw-so-last-col\">\n\n\t\t\t\t\t\t<div class=\"iw-so-article-content\">\n\n\t\t\t\t\t\t\t\n\t\t\t\t\t\t\t\n\t\t\t\t\t\t\t<h6 class=\"iw-so-article-title iw-text-left\">\n\t\t\t\t\t\t\t\t<a href=\"https:\/\/asvpnf.com\/index.php\/2025\/05\/07\/jean-michel-muglioni-est-mort\/\">\t\t\t\t\t\t\t\t\tJean-Michel Muglioni est mort\t\t\t\t\t\t\t\t<\/a>\t\t\t\t\t\t\t<\/h6>\n\n\t\t\t\t\t\t\t\n\t\t\t\t\t\t\t\n\t\t\t\t\t\t\t\n\t\t\t\t\t\t\t\n\t\t\t\t\t\t<\/div>\n\n\t\t\t\t\t<\/div>\n\n\t\t\t\t\t\n\t\t\t\t\n\t\t\t\t\t<div class=\"iw-so-article iw-so-no-thumb iw-so-blog-one-column iw-so-last-col\">\n\n\t\t\t\t\t\t<div class=\"iw-so-article-content\">\n\n\t\t\t\t\t\t\t\n\t\t\t\t\t\t\t\n\t\t\t\t\t\t\t<h6 class=\"iw-so-article-title iw-text-left\">\n\t\t\t\t\t\t\t\t<a href=\"https:\/\/asvpnf.com\/index.php\/2025\/05\/07\/le-droit-de-vote-des-femmes-en-france\/\">\t\t\t\t\t\t\t\t\tLe droit de vote des femmes en France\t\t\t\t\t\t\t\t<\/a>\t\t\t\t\t\t\t<\/h6>\n\n\t\t\t\t\t\t\t\n\t\t\t\t\t\t\t\n\t\t\t\t\t\t\t\n\t\t\t\t\t\t\t\n\t\t\t\t\t\t<\/div>\n\n\t\t\t\t\t<\/div>\n\n\t\t\t\t\t\n\t\t\t\t\n\t\t\t\t\t<div class=\"iw-so-article iw-so-no-thumb iw-so-blog-one-column iw-so-last-col\">\n\n\t\t\t\t\t\t<div class=\"iw-so-article-content\">\n\n\t\t\t\t\t\t\t\n\t\t\t\t\t\t\t\n\t\t\t\t\t\t\t<h6 class=\"iw-so-article-title iw-text-left\">\n\t\t\t\t\t\t\t\t<a href=\"https:\/\/asvpnf.com\/index.php\/2025\/04\/27\/temoigner-de-la-durabilite-de-la-complicite-et-de-lhumour-normaliens\/\">\t\t\t\t\t\t\t\t\tT\u00e9moigner de la durabilit\u00e9 de la complicit\u00e9 et de l\u2019humour normaliens\t\t\t\t\t\t\t\t<\/a>\t\t\t\t\t\t\t<\/h6>\n\n\t\t\t\t\t\t\t\n\t\t\t\t\t\t\t\n\t\t\t\t\t\t\t\n\t\t\t\t\t\t\t\n\t\t\t\t\t\t<\/div>\n\n\t\t\t\t\t<\/div>\n\n\t\t\t\t\t\n\t\t\t\t\n\t\t\t\t\t<div class=\"iw-so-article iw-so-no-thumb iw-so-blog-one-column iw-so-last-col\">\n\n\t\t\t\t\t\t<div class=\"iw-so-article-content\">\n\n\t\t\t\t\t\t\t\n\t\t\t\t\t\t\t\n\t\t\t\t\t\t\t<h6 class=\"iw-so-article-title iw-text-left\">\n\t\t\t\t\t\t\t\t<a href=\"https:\/\/asvpnf.com\/index.php\/2025\/04\/23\/lecole-laique-sanctuaire-de-respiration-demancipation-et-dapprentissage-de-la-republique-des-savoirs\/\">\t\t\t\t\t\t\t\t\tL&rsquo;Ecole la\u00efque ; sanctuaire de respiration, d&rsquo;\u00e9mancipation et d&rsquo;apprentissage de la R\u00e9publique\u00a0 des savoirs.\u00a0\t\t\t\t\t\t\t\t<\/a>\t\t\t\t\t\t\t<\/h6>\n\n\t\t\t\t\t\t\t\n\t\t\t\t\t\t\t\n\t\t\t\t\t\t\t\n\t\t\t\t\t\t\t\n\t\t\t\t\t\t<\/div>\n\n\t\t\t\t\t<\/div>\n\n\t\t\t\t\t\n\t\t\t\t\n\t\t\t\t\t<div class=\"iw-so-article iw-so-no-thumb iw-so-blog-one-column iw-so-last-col\">\n\n\t\t\t\t\t\t<div class=\"iw-so-article-content\">\n\n\t\t\t\t\t\t\t\n\t\t\t\t\t\t\t\n\t\t\t\t\t\t\t<h6 class=\"iw-so-article-title iw-text-left\">\n\t\t\t\t\t\t\t\t<a href=\"https:\/\/asvpnf.com\/index.php\/2025\/04\/03\/controle-des-etablissements-prives-les-services-du-ministere-de-leducation-nationale-auditionnes-par-la-commission-denquete-parlementaire\/\">\t\t\t\t\t\t\t\t\tContr\u00f4le des \u00e9tablissements priv\u00e9s   les services du minist\u00e8re de l&rsquo;Education nationale   auditionn\u00e9s par  la commission d&rsquo;enqu\u00eate parlementaire\t\t\t\t\t\t\t\t<\/a>\t\t\t\t\t\t\t<\/h6>\n\n\t\t\t\t\t\t\t\n\t\t\t\t\t\t\t\n\t\t\t\t\t\t\t\n\t\t\t\t\t\t\t\n\t\t\t\t\t\t<\/div>\n\n\t\t\t\t\t<\/div>\n\n\t\t\t\t\t\n\t\t\t\t\n\t\t\t\t\t<div class=\"iw-so-article iw-so-no-thumb iw-so-blog-one-column iw-so-last-col\">\n\n\t\t\t\t\t\t<div class=\"iw-so-article-content\">\n\n\t\t\t\t\t\t\t\n\t\t\t\t\t\t\t\n\t\t\t\t\t\t\t<h6 class=\"iw-so-article-title iw-text-left\">\n\t\t\t\t\t\t\t\t<a href=\"https:\/\/asvpnf.com\/index.php\/2025\/03\/30\/intelligence-humaine-et-intelligence-artificielle\/\">\t\t\t\t\t\t\t\t\tIntelligence Humaine  et  Intelligence Artificielle\t\t\t\t\t\t\t\t<\/a>\t\t\t\t\t\t\t<\/h6>\n\n\t\t\t\t\t\t\t\n\t\t\t\t\t\t\t\n\t\t\t\t\t\t\t\n\t\t\t\t\t\t\t\n\t\t\t\t\t\t<\/div>\n\n\t\t\t\t\t<\/div>\n\n\t\t\t\t\t\n\t\t\t\t\n\t\t\t\t\t<div class=\"iw-so-article iw-so-no-thumb iw-so-blog-one-column iw-so-last-col\">\n\n\t\t\t\t\t\t<div class=\"iw-so-article-content\">\n\n\t\t\t\t\t\t\t\n\t\t\t\t\t\t\t\n\t\t\t\t\t\t\t<h6 class=\"iw-so-article-title iw-text-left\">\n\t\t\t\t\t\t\t\t<a href=\"https:\/\/asvpnf.com\/index.php\/2025\/03\/16\/lelephant-au-caractere-propre-introduit-subrepticement-dans-la-loi-en-1959-est-toujours-dans-la-place\/\">\t\t\t\t\t\t\t\t\tL\u2019\u00e9l\u00e9phant au caract\u00e8re propre  introduit subrepticement dans la Loi en 1959  est toujours dans la place.\t\t\t\t\t\t\t\t<\/a>\t\t\t\t\t\t\t<\/h6>\n\n\t\t\t\t\t\t\t\n\t\t\t\t\t\t\t\n\t\t\t\t\t\t\t\n\t\t\t\t\t\t\t\n\t\t\t\t\t\t<\/div>\n\n\t\t\t\t\t<\/div>\n\n\t\t\t\t\t\n\t\t\t\t\n\t\t\t\t\t<div class=\"iw-so-article iw-so-no-thumb iw-so-blog-one-column iw-so-last-col\">\n\n\t\t\t\t\t\t<div class=\"iw-so-article-content\">\n\n\t\t\t\t\t\t\t\n\t\t\t\t\t\t\t\n\t\t\t\t\t\t\t<h6 class=\"iw-so-article-title iw-text-left\">\n\t\t\t\t\t\t\t\t<a href=\"https:\/\/asvpnf.com\/index.php\/2025\/03\/12\/turpitudes-a-betharram-des-realites-inqualifiables\/\">\t\t\t\t\t\t\t\t\tTurpitudes \u00e0\u00a0\u00a0Betharram\u00a0; des \u00ab\u00a0r\u00e9alit\u00e9s inqualifiables\u00a0\u00bb\u00a0!\t\t\t\t\t\t\t\t<\/a>\t\t\t\t\t\t\t<\/h6>\n\n\t\t\t\t\t\t\t\n\t\t\t\t\t\t\t\n\t\t\t\t\t\t\t\n\t\t\t\t\t\t\t\n\t\t\t\t\t\t<\/div>\n\n\t\t\t\t\t<\/div>\n\n\t\t\t\t\t\n\t\t\t\t\n\t\t\t\t\t<div class=\"iw-so-article iw-so-no-thumb iw-so-blog-one-column iw-so-last-col\">\n\n\t\t\t\t\t\t<div class=\"iw-so-article-content\">\n\n\t\t\t\t\t\t\t\n\t\t\t\t\t\t\t\n\t\t\t\t\t\t\t<h6 class=\"iw-so-article-title iw-text-left\">\n\t\t\t\t\t\t\t\t<a href=\"https:\/\/asvpnf.com\/index.php\/2025\/03\/10\/contre-les-atteintes-a-la-recherche-scientifique-et-aux-libertes-academiques\/\">\t\t\t\t\t\t\t\t\tContre les atteintes \u00e0 la recherche scientifique et aux libert\u00e9s acad\u00e9miques\t\t\t\t\t\t\t\t<\/a>\t\t\t\t\t\t\t<\/h6>\n\n\t\t\t\t\t\t\t\n\t\t\t\t\t\t\t\n\t\t\t\t\t\t\t\n\t\t\t\t\t\t\t\n\t\t\t\t\t\t<\/div>\n\n\t\t\t\t\t<\/div>\n\n\t\t\t\t\t\n\t\t\t\t\n\t\t\t\t\t<div class=\"iw-so-article iw-so-no-thumb iw-so-blog-one-column iw-so-last-col\">\n\n\t\t\t\t\t\t<div class=\"iw-so-article-content\">\n\n\t\t\t\t\t\t\t\n\t\t\t\t\t\t\t\n\t\t\t\t\t\t\t<h6 class=\"iw-so-article-title iw-text-left\">\n\t\t\t\t\t\t\t\t<a href=\"https:\/\/asvpnf.com\/index.php\/2025\/03\/02\/quand-deux-anciennes-eleves-maitresses-des-ecoles-normales-de-quimper-rendent-hommage\/\">\t\t\t\t\t\t\t\t\tQuand deux anciennes \u00e9l\u00e8ves-ma\u00eetresses des Ecoles normales de Quimper  rendent hommage\t\t\t\t\t\t\t\t<\/a>\t\t\t\t\t\t\t<\/h6>\n\n\t\t\t\t\t\t\t\n\t\t\t\t\t\t\t\n\t\t\t\t\t\t\t\n\t\t\t\t\t\t\t\n\t\t\t\t\t\t<\/div>\n\n\t\t\t\t\t<\/div>\n\n\t\t\t\t\t\n\t\t\t\t\n\t\t\t\t\t<div class=\"iw-so-article iw-so-no-thumb iw-so-blog-one-column iw-so-last-col\">\n\n\t\t\t\t\t\t<div class=\"iw-so-article-content\">\n\n\t\t\t\t\t\t\t\n\t\t\t\t\t\t\t\n\t\t\t\t\t\t\t<h6 class=\"iw-so-article-title iw-text-left\">\n\t\t\t\t\t\t\t\t<a href=\"https:\/\/asvpnf.com\/index.php\/2025\/02\/12\/lurgence-de-transmettre-des-contresens\/\">\t\t\t\t\t\t\t\t\tL\u2019urgence de transmettre\u2026 des contresens\u00a0?\t\t\t\t\t\t\t\t<\/a>\t\t\t\t\t\t\t<\/h6>\n\n\t\t\t\t\t\t\t\n\t\t\t\t\t\t\t\n\t\t\t\t\t\t\t\n\t\t\t\t\t\t\t\n\t\t\t\t\t\t<\/div>\n\n\t\t\t\t\t<\/div>\n\n\t\t\t\t\t\n\t\t\t\t\n\t\t\t\t\t<div class=\"iw-so-article iw-so-no-thumb iw-so-blog-one-column iw-so-last-col\">\n\n\t\t\t\t\t\t<div class=\"iw-so-article-content\">\n\n\t\t\t\t\t\t\t\n\t\t\t\t\t\t\t\n\t\t\t\t\t\t\t<h6 class=\"iw-so-article-title iw-text-left\">\n\t\t\t\t\t\t\t\t<a href=\"https:\/\/asvpnf.com\/index.php\/2025\/02\/05\/des-paroles-de-reference-sur-la-laicite\/\">\t\t\t\t\t\t\t\t\tDes paroles de r\u00e9f\u00e9rence sur la LA\u00cfCITE .\t\t\t\t\t\t\t\t<\/a>\t\t\t\t\t\t\t<\/h6>\n\n\t\t\t\t\t\t\t\n\t\t\t\t\t\t\t\n\t\t\t\t\t\t\t\n\t\t\t\t\t\t\t\n\t\t\t\t\t\t<\/div>\n\n\t\t\t\t\t<\/div>\n\n\t\t\t\t\t\n\t\t\t\t\n\t\t\t\t\t<div class=\"iw-so-article iw-so-no-thumb iw-so-blog-one-column iw-so-last-col\">\n\n\t\t\t\t\t\t<div class=\"iw-so-article-content\">\n\n\t\t\t\t\t\t\t\n\t\t\t\t\t\t\t\n\t\t\t\t\t\t\t<h6 class=\"iw-so-article-title iw-text-left\">\n\t\t\t\t\t\t\t\t<a href=\"https:\/\/asvpnf.com\/index.php\/2025\/01\/23\/turbulences-et-agitations-diverses-autour-de-la-laicitefondement-de-notre-republique\/\">\t\t\t\t\t\t\t\t\tTurbulences et agitations diverses autour de la la\u00efcit\u00e9,fondement de notre R\u00e9publique\t\t\t\t\t\t\t\t<\/a>\t\t\t\t\t\t\t<\/h6>\n\n\t\t\t\t\t\t\t\n\t\t\t\t\t\t\t\n\t\t\t\t\t\t\t\n\t\t\t\t\t\t\t\n\t\t\t\t\t\t<\/div>\n\n\t\t\t\t\t<\/div>\n\n\t\t\t\t\t\n\t\t\t\t\n\t\t\t\t\t<div class=\"iw-so-article iw-so-no-thumb iw-so-blog-one-column iw-so-last-col\">\n\n\t\t\t\t\t\t<div class=\"iw-so-article-content\">\n\n\t\t\t\t\t\t\t\n\t\t\t\t\t\t\t\n\t\t\t\t\t\t\t<h6 class=\"iw-so-article-title iw-text-left\">\n\t\t\t\t\t\t\t\t<a href=\"https:\/\/asvpnf.com\/index.php\/2025\/01\/19\/propos-dapres-inauguration\/\">\t\t\t\t\t\t\t\t\tPropos d&rsquo;apr\u00e8s inauguration\t\t\t\t\t\t\t\t<\/a>\t\t\t\t\t\t\t<\/h6>\n\n\t\t\t\t\t\t\t\n\t\t\t\t\t\t\t\n\t\t\t\t\t\t\t\n\t\t\t\t\t\t\t\n\t\t\t\t\t\t<\/div>\n\n\t\t\t\t\t<\/div>\n\n\t\t\t\t\t\n\t\t\t\t\n\t\t\t<\/div>\n\n\t\t\t\n\t\t\t\t\t<h3 class=\"screen-reader-text\">Posts Navigation<\/h3>\n\t\t\t<nav id='iw-so-blog-pagination' class=\"iw-so-blog-pagination iw-so-blog-prev-next iw-so-navi-btn iw-so-navi-btn-hover iw-so-navi-btn-click\" role=\"navigation\">\n\t\t\t\t<ul>\n\t\t\t\t\t<li class=\"iw-so-blog-previous\"><\/li>\n\t\t\t\t\t<li class=\"iw-so-blog-next\"><a href=\"https:\/\/asvpnf.com\/index.php\/wp-json\/wp\/v2\/pages\/75\/page\/2\/\" >plus ancien <span class=\"sow-icon-fontawesome sow-fas\" data-sow-icon=\"&#xf105;\"\n\t\t ><\/span><\/a><\/li>\n\t\t\t\t<\/ul>\n\t\t\t<\/nav>\n\t\t\n\t\t\n\t\n\t\t<\/div>\n\n\t<\/div>\n\n\n<\/div><\/div><\/div><\/div><\/div><div id=\"pgc-75-0-3\"  class=\"panel-grid-cell panel-grid-cell-empty\" ><\/div><\/div><\/div><\/div>","protected":false},"excerpt":{"rendered":"","protected":false},"author":4,"featured_media":0,"parent":0,"menu_order":0,"comment_status":"closed","ping_status":"closed","template":"","meta":{"spay_email":""},"_links":{"self":[{"href":"https:\/\/asvpnf.com\/index.php\/wp-json\/wp\/v2\/pages\/75"}],"collection":[{"href":"https:\/\/asvpnf.com\/index.php\/wp-json\/wp\/v2\/pages"}],"about":[{"href":"https:\/\/asvpnf.com\/index.php\/wp-json\/wp\/v2\/types\/page"}],"author":[{"embeddable":true,"href":"https:\/\/asvpnf.com\/index.php\/wp-json\/wp\/v2\/users\/4"}],"replies":[{"embeddable":true,"href":"https:\/\/asvpnf.com\/index.php\/wp-json\/wp\/v2\/comments?post=75"}],"version-history":[{"count":78,"href":"https:\/\/asvpnf.com\/index.php\/wp-json\/wp\/v2\/pages\/75\/revisions"}],"predecessor-version":[{"id":3200,"href":"https:\/\/asvpnf.com\/index.php\/wp-json\/wp\/v2\/pages\/75\/revisions\/3200"}],"wp:attachment":[{"href":"https:\/\/asvpnf.com\/index.php\/wp-json\/wp\/v2\/media?parent=75"}],"curies":[{"name":"wp","href":"https:\/\/api.w.org\/{rel}","templated":true}]}}